{"id":1790,"date":"2022-10-07T14:44:05","date_gmt":"2022-10-07T12:44:05","guid":{"rendered":"https:\/\/www.sprache-verbindet.net\/sprachfoerderung-fuer-ihr-kind\/"},"modified":"2022-11-09T11:00:56","modified_gmt":"2022-11-09T10:00:56","slug":"sprachfoerderung-fuer-ihr-kind","status":"publish","type":"page","link":"https:\/\/www.sprache-verbindet.net\/fr\/sprachfoerderung-fuer-ihr-kind\/","title":{"rendered":"Sprachf\u00f6rderung f\u00fcr Ihr Kind"},"content":{"rendered":"<h2>Anmeldung f\u00fcr Kinder<\/h2>\n<p><strong>Ja, mein Kind soll f\u00fcr 4 Euro pro Stunde Sprachf\u00f6rderung bekommen!<\/strong><\/p>\n\n<div class=\"wpcf7 no-js\" id=\"wpcf7-f1485-o1\" lang=\"fr-FR\" dir=\"ltr\" data-wpcf7-id=\"1485\">\n<div class=\"screen-reader-response\"><p role=\"status\" aria-live=\"polite\" aria-atomic=\"true\"><\/p> <ul><\/ul><\/div>\n<form action=\"\/fr\/wp-json\/wp\/v2\/pages\/1790#wpcf7-f1485-o1\" method=\"post\" class=\"wpcf7-form init\" aria-label=\"Formulaire de contact\" novalidate=\"novalidate\" data-status=\"init\">\n<fieldset class=\"hidden-fields-container\"><input type=\"hidden\" name=\"_wpcf7\" value=\"1485\" \/><input type=\"hidden\" name=\"_wpcf7_version\" value=\"6.1.5\" \/><input type=\"hidden\" name=\"_wpcf7_locale\" value=\"fr_FR\" \/><input type=\"hidden\" name=\"_wpcf7_unit_tag\" value=\"wpcf7-f1485-o1\" \/><input type=\"hidden\" name=\"_wpcf7_container_post\" value=\"0\" \/><input type=\"hidden\" name=\"_wpcf7_posted_data_hash\" value=\"\" \/><input type=\"hidden\" name=\"_wpcf7cf_hidden_group_fields\" value=\"[]\" \/><input type=\"hidden\" name=\"_wpcf7cf_hidden_groups\" value=\"[]\" \/><input type=\"hidden\" name=\"_wpcf7cf_visible_groups\" value=\"[]\" \/><input type=\"hidden\" name=\"_wpcf7cf_repeaters\" value=\"[]\" \/><input type=\"hidden\" name=\"_wpcf7cf_steps\" value=\"{}\" \/><input type=\"hidden\" name=\"_wpcf7cf_options\" value=\"{&quot;form_id&quot;:1485,&quot;conditions&quot;:[],&quot;settings&quot;:{&quot;animation&quot;:&quot;yes&quot;,&quot;animation_intime&quot;:200,&quot;animation_outtime&quot;:200,&quot;conditions_ui&quot;:&quot;normal&quot;,&quot;notice_dismissed&quot;:false,&quot;notice_dismissed_update-cf7-5.8.7&quot;:true}}\" \/><input type=\"hidden\" name=\"_wpcf7dtx_version\" value=\"5.0.5\" \/>\n<\/fieldset>\n<div class=\"row\">\n\t<div class=\"col-md-6 wrap_down\">\n\t\t<p><div class=\"col-md-6 wrap_down\"><label>Projekt:* <\/label><span class=\"wpcf7-form-control-wrap empfaenger\"><select name=\"empfaenger\" class=\"wpcf7-form-control wpcf7-select rcsv-empfaenger rcsv-needs-choice\" required=\"required\"><option value=\"\">Bitte w\u00e4hlen<\/option><option value=\"alt&#101;&#110;&#97;&#x40;&#x73;&#x70;&#x72;&#x61;&#x63;he-&#118;&#101;&#114;&#98;&#x69;&#x6e;&#x64;&#x65;&#x74;&#x2e;net\">Altena<\/option><option value=\"&#107;&#x61;&#114;&#x6c;s&#x74;a&#100;&#x74;&#45;&#x61;&#114;&#x6e;s&#x74;e&#105;&#x6e;&#64;&#x73;p&#x72;a&#x63;&#x68;&#101;&#x2d;&#118;&#x65;r&#x62;i&#110;&#x64;&#101;&#x74;&#46;&#x6e;e&#x74;\">Arnstein<\/option><option value=\"&#x62;&#x69;&#x65;&#x6c;&#x65;&#x66;&#x65;&#x6c;&#x64;&#x40;&#x73;&#x70;&#x72;&#x61;&#99;&#104;&#101;&#45;&#118;&#101;&#114;&#98;&#105;&#110;&#100;et&#46;net\">Bielefeld<\/option><option value=\"&#x62;o&#x63;&#104;u&#x6d;&#64;&#x73;&#112;r&#x61;&#99;&#x68;&#101;-&#x76;&#101;&#x72;&#x62;i&#x6e;&#100;e&#x74;&#46;&#x6e;&#101;t\">Bochum<\/option><option value=\"&#x73;&#x70;&#x72;&#x61;&#x63;&#x68;&#x65;&#x2d;&#x76;&#x65;&#x72;&#x62;&#x69;&#x6e;&#x64;&#x65;&#x74;&#x40;&#x72;&#x6f;&#x74;&#x61;&#x72;&#x79;&#x31;&#x39;&#x30;&#x30;&#x2e;&#x64;&#x65;\">Distrikt 1900<\/option><option value=\"dor&#116;&#109;&#117;&#x6e;&#x64;&#x40;&#x73;&#x70;&#x72;ach&#101;&#45;&#118;&#101;&#x72;&#x62;&#x69;&#x6e;&#x64;&#x65;t&#46;n&#101;&#116;\">Dortmund<\/option><option value=\"g&#114;&#x6f;&#x6e;a&#117;&#45;&#x65;&#x75;r&#101;&#x67;&#x69;o&#64;&#115;&#x70;&#x72;a&#99;&#x68;&#x65;-&#118;&#101;&#x72;&#x62;i&#110;&#x64;&#x65;t&#46;&#110;&#x65;&#x74;\">Gronau\/Euregio<\/option><option value=\"&#x67;u&#x65;&#116;&#x65;&#114;s&#x6c;o&#x68;&#64;&#x73;&#112;r&#x61;&#99;&#x68;&#101;-&#x76;e&#x72;&#98;&#x69;&#110;d&#x65;t&#x2e;&#110;&#x65;&#x74;\">G\u00fctersloh<\/option><option value=\"&#x68;a&#x67;&#101;&#x6e;&#x40;s&#x70;&#114;&#x61;&#x63;h&#x65;&#45;&#x76;&#x65;r&#x62;&#105;&#x6e;&#x64;e&#x74;&#46;&#x6e;&#x65;t\">Hagen<\/option><option value=\"h&#97;&#109;&#x6d;&#x40;sp&#114;&#97;&#x63;&#x68;e-&#118;&#101;&#x72;&#x62;in&#100;&#x65;&#x74;&#x2e;n&#101;&#116;\">Hamm<\/option><option value=\"&#104;&#101;&#x6d;e&#114;&#x40;&#x73;p&#114;&#x61;&#x63;h&#101;&#x2d;&#x76;e&#114;&#x62;&#x69;n&#100;&#x65;&#x74;&#46;&#110;&#x65;t\">Hemer<\/option><option value=\"h&#101;&#114;&#x66;&#x6f;&#x72;d&#45;&#98;&#x75;&#x65;&#x6e;de&#64;&#x73;&#x70;&#x72;ac&#104;&#101;&#x2d;&#x76;&#x65;r&#98;&#105;&#x6e;&#x64;&#x65;t&#46;&#110;&#x65;&#x74;\">Herford\/B\u00fcnde<\/option><option value=\"rec&#107;&#108;&#105;&#110;&#x67;&#x68;&#x61;&#x75;&#x73;&#x65;&#x6e;&#64;sp&#114;&#97;&#99;&#104;&#101;&#x2d;&#x76;&#x65;&#x72;&#x62;&#x69;ndet&#46;&#110;&#101;&#116;\">Herten<\/option><option value=\"&#114;h&#x65;d&#x61;_&#x77;i&#x65;&#100;&#x65;&#110;&#x62;&#114;&#x75;&#101;c&#107;&#64;&#x73;p&#x72;a&#x63;&#104;&#x65;&#45;&#x76;&#101;&#x72;&#98;&#x69;&#110;d&#101;t&#x2e;n&#x65;t\">Herzbrock-Clarholz<\/option><option value=\"ho&#104;&#101;&#110;&#x6c;&#x69;&#x6d;&#x62;&#x75;rg&#108;&#101;&#116;&#x6d;&#x61;&#x74;&#x68;&#x65;&#64;s&#112;&#114;&#97;&#x63;&#x68;&#x65;&#x2d;&#x76;er&#98;&#105;&#110;&#x64;&#x65;&#x74;&#x2e;&#x6e;et\">Hohenlimburg-Letmathe<\/option><option value=\"ise&#114;&#108;&#111;&#104;&#x6e;&#x40;&#x73;&#x70;&#x72;&#x61;&#x63;he-&#118;&#101;&#114;&#98;&#105;&#x6e;&#x64;&#x65;&#x74;&#x2e;&#x6e;et\">Iserlohn<\/option><option value=\"&#x6b;&#x61;&#x72;&#x6c;&#x73;&#x74;&#97;&#100;&#116;&#45;arns&#x74;&#x65;&#x69;&#x6e;&#x40;&#x73;&#112;&#114;&#97;&#99;&#104;e-v&#x65;&#x72;&#x62;&#x69;&#x6e;&#x64;&#101;&#116;&#46;&#110;&#101;t\">Karlstadt<\/option><option value=\"&#111;&#x62;e&#114;&#x65;s&#45;&#x76;o&#x6c;&#x6d;&#101;&#x74;a&#108;&#x40;s&#112;&#x72;a&#x63;&#x68;&#101;&#x2d;&#x76;&#101;&#x72;b&#105;&#x6e;d&#101;&#x74;&#46;&#x6e;&#x65;&#116;\">Kierspe<\/option><option value=\"&#107;&#x72;&#x65;&#105;&#x73;&#x2d;h&#x65;&#x69;n&#115;&#x62;e&#114;&#x67;&#64;&#115;&#x70;r&#97;&#x63;h&#101;&#x2d;&#x76;&#101;&#x72;&#x62;&#105;&#x6e;&#x64;e&#x74;&#x2e;n&#101;&#x74;\">Kreis Heinsberg<\/option><option value=\"rh&#101;&#100;&#97;&#45;&#x77;&#x69;&#x65;&#x64;&#x65;nb&#114;&#117;&#101;&#99;&#x6b;&#x40;&#x73;&#x70;&#x72;ac&#104;&#101;&#45;&#118;&#x65;&#x72;&#x62;&#x69;&#x6e;det&#46;&#110;&#101;&#x74;\">Langenberg<\/option><option value=\"li&#112;&#112;&#115;&#x74;&#x61;&#x64;&#x74;&#x40;sp&#114;&#97;&#99;&#x68;&#x65;&#x2d;&#x76;&#x65;rb&#105;&#110;&#100;&#x65;&#x74;&#x2e;&#x6e;&#x65;t\">Lippstadt<\/option><option value=\"&#x6c;u&#x65;&#100;e&#x6e;&#115;&#x63;&#x68;e&#x69;&#100;&#64;&#x73;&#112;&#x72;&#97;c&#x68;&#101;-&#x76;&#101;&#x72;&#98;i&#x6e;&#100;&#x65;&#x74;&#46;&#x6e;&#101;t\">L\u00fcdenscheid<\/option><option value=\"&#114;&#x65;c&#107;&#x6c;i&#110;&#x67;h&#x61;&#x75;&#115;&#x65;n&#64;&#x73;p&#114;&#x61;c&#x68;&#x65;&#45;&#x76;&#x65;&#114;&#x62;i&#110;&#x64;e&#116;&#x2e;n&#x65;&#x74;\">Marl<\/option><option value=\"&#111;&#x62;&#101;&#x72;e&#x73;-&#118;&#x6f;&#108;&#x6d;&#101;&#x74;a&#x6c;&#64;&#115;&#x70;&#114;&#x61;c&#x68;e&#x2d;&#x76;&#101;&#x72;&#98;&#x69;n&#x64;e&#116;&#x2e;&#110;&#x65;&#116;\">Meinerzhagen<\/option><option value=\"m&#117;&#x65;&#x6e;s&#116;&#x65;&#x72;&#64;&#115;&#112;&#x72;&#x61;c&#104;&#x65;&#x2d;v&#101;&#x72;&#x62;i&#110;&#100;&#x65;&#x74;&#46;&#110;&#x65;&#x74;\">M\u00fcnster<\/option><option value=\"&#x61;&#x6c;&#x74;&#x65;&#x6e;&#x61;&#x40;&#x73;&#x70;&#x72;&#x61;&#x63;&#x68;&#x65;&#x2d;&#x76;&#x65;&#x72;&#x62;&#x69;&#x6e;&#x64;&#x65;&#x74;&#x2e;&#x6e;&#x65;&#x74;\">Neuenrade<\/option><option value=\"&#x72;&#x65;&#x63;&#107;&#108;&#105;ng&#x68;&#x61;&#x75;&#x73;&#101;&#110;&#64;s&#x70;&#x72;&#x61;&#x63;&#104;&#101;-v&#x65;&#x72;&#x62;&#x69;&#110;&#100;&#101;t&#46;&#x6e;&#x65;&#x74;\">Oer-Erkenschwick<\/option><option value=\"o&#101;&#x72;&#x6c;i&#110;&#103;&#x68;&#x61;u&#115;&#x65;&#x6e;&#64;&#115;&#112;&#x72;&#x61;c&#104;&#x65;&#x2d;v&#101;&#114;&#x62;&#x69;n&#100;&#x65;&#x74;&#46;&#110;&#101;&#x74;\">Oerlinghausen<\/option><option value=\"pade&#114;&#98;&#111;&#114;&#110;&#45;&#98;&#x75;&#x65;&#x72;&#x65;&#x6e;&#x40;&#x73;&#x70;&#x72;ache&#45;&#118;&#101;&#114;&#98;&#105;&#110;&#x64;&#x65;&#x74;&#x2e;&#x6e;&#x65;&#x74;\">Paderborn\/B\u00fcren<\/option><option value=\"&#97;&#x6c;t&#101;&#x6e;a&#64;&#x73;p&#114;&#x61;c&#104;&#x65;&#45;&#x76;&#x65;&#114;&#x62;&#x69;&#110;&#x64;e&#116;&#x2e;n&#101;&#x74;\">Plettenberg<\/option><option value=\"&#112;&#x75;&#x6c;&#104;&#x65;&#x69;&#109;&#x40;&#x73;&#112;&#x72;&#x61;&#99;&#x68;&#x65;&#45;&#x76;&#x65;&#114;&#x62;&#x69;&#110;&#x64;&#x65;&#116;&#x2e;&#x6e;e&#x74;\">Pulheim<\/option><option value=\"&#x72;&#104;e&#x64;&#97;_&#x77;&#105;e&#x64;&#101;n&#x62;&#114;u&#x65;&#x63;k&#x40;&#x73;&#112;&#x72;&#x61;&#99;&#x68;&#x65;&#45;v&#x65;&#114;b&#x69;&#110;d&#x65;&#116;&#46;&#x6e;&#101;t\">Rheda-Wiedenbr\u00fcck<\/option><option value=\"r&#104;&#x65;&#x64;&#x61;-&#119;&#105;&#x65;&#x64;e&#110;&#98;&#x72;&#x75;ec&#107;&#x40;&#x73;&#x70;r&#97;&#x63;&#x68;&#x65;-&#118;&#101;&#x72;&#x62;i&#110;&#100;&#x65;&#x74;&#46;n&#101;&#x74;\">Rietberg<\/option><option value=\"&#x73;&#x63;&#x68;&#x77;&#x65;&#x72;&#x74;&#101;&#64;&#115;&#112;&#114;ache&#x2d;&#x76;&#x65;&#x72;&#x62;&#x69;&#x6e;&#x64;&#101;&#116;&#46;&#110;&#101;t\">Schwerte<\/option><option value=\"&#x72;&#x65;&#x63;&#x6b;&#x6c;&#x69;&#x6e;&#x67;&#x68;&#x61;&#x75;&#x73;&#x65;&#x6e;&#x40;&#x73;&#x70;&#x72;&#x61;&#x63;&#x68;&#x65;&#x2d;&#x76;&#x65;&#x72;&#x62;&#x69;&#x6e;&#x64;&#x65;&#x74;&#x2e;&#x6e;&#x65;&#x74;\">Vest Recklinghausen<\/option><option value=\"re&#99;&#107;&#108;&#x69;&#x6e;&#x67;&#x68;&#x61;us&#101;&#110;&#64;&#x73;&#x70;&#x72;&#x61;&#x63;he&#45;&#118;&#101;&#x72;&#x62;&#x69;&#x6e;&#x64;et&#46;&#110;&#101;&#x74;\">Waltrop<\/option><option value=\"&#97;&#x6c;&#116;&#x65;&#110;&#x61;&#64;&#x73;&#112;&#x72;&#97;&#x63;h&#x65;-&#x76;e&#x72;b&#x69;n&#x64;e&#116;&#x2e;&#110;&#x65;&#116;\">Werdohl<\/option><option value=\"&#x77;&#105;t&#x74;&#x65;&#110;&#64;&#x73;&#x70;&#114;a&#x63;&#x68;&#101;-&#x76;&#x65;&#114;b&#x69;&#110;&#100;e&#x74;&#46;n&#x65;&#x74;\">Witten<\/option><\/select><\/span><\/div>\n\t\t<\/p>\n\t<\/div>\n<\/div>\n<div class=\"row\">\n\t<div class=\"col-md-12\">\n\t\t<h4>Daten des Kindes \/ Donn\u00e9es de l'enfant:\n\t\t<\/h4>\n\t<\/div>\n\t<div class=\"col-md-6\">\n\t\t<p><span id=\"wpcf7-69f33259a1983-wrapper\" class=\"wpcf7-form-control-wrap name-kind-wrap\" ><input type=\"hidden\" name=\"name-kind-time-start\" value=\"1777545817\"><input type=\"hidden\" name=\"name-kind-time-check\" value=\"4\"><label for=\"wpcf7-69f33259a1983-field\" class=\"hp-message\">Veuillez laisser ce champ vide.<\/label><input id=\"wpcf7-69f33259a1983-field\"  class=\"wpcf7-form-control wpcf7-text\" type=\"text\" name=\"name-kind\" value=\"\" size=\"40\" tabindex=\"-1\" autocomplete=\"new-password\" \/><\/span><label>Name \/ Nom* <span class=\"wpcf7-form-control-wrap\" data-name=\"nachname\"><input size=\"40\" maxlength=\"400\" class=\"wpcf7-form-control wpcf7-text wpcf7-validates-as-required\" aria-required=\"true\" aria-invalid=\"false\" value=\"\" type=\"text\" name=\"nachname\" \/><\/span><\/label>\n\t\t<\/p>\n\t<\/div>\n\t<div class=\"col-md-6\">\n\t\t<p><label>Vorname \/ Pr\u00e9nom* <span class=\"wpcf7-form-control-wrap\" data-name=\"vorname\"><input size=\"40\" maxlength=\"400\" class=\"wpcf7-form-control wpcf7-text wpcf7-validates-as-required\" aria-required=\"true\" aria-invalid=\"false\" value=\"\" type=\"text\" name=\"vorname\" \/><\/span> <\/label>\n\t\t<\/p>\n\t<\/div>\n\t<div class=\"col-md-6\">\n\t\t<p><label>Geschlecht \/ Genre* <span class=\"wpcf7-form-control-wrap\" data-name=\"geschlecht\"><select class=\"wpcf7-form-control wpcf7-select wpcf7-validates-as-required\" aria-required=\"true\" aria-invalid=\"false\" name=\"geschlecht\"><option value=\"\">&#8212;Veuillez choisir une option&#8212;<\/option><option value=\"weiblich \/ femme\">weiblich \/ femme<\/option><option value=\"m\u00e4nnlich \/ homme\">m\u00e4nnlich \/ homme<\/option><\/select><\/span><\/label>\n\t\t<\/p>\n\t<\/div>\n\t<div class=\"col-md-6\">\n\t\t<p><label>Geburtstag \/ Anniversaire* <span class=\"wpcf7-form-control-wrap\" data-name=\"geburtstag\"><input class=\"wpcf7-form-control wpcf7-date wpcf7-validates-as-required wpcf7-validates-as-date\" aria-required=\"true\" aria-invalid=\"false\" value=\"\" type=\"date\" name=\"geburtstag\" \/><\/span><\/label>\n\t\t<\/p>\n\t<\/div>\n\t<div class=\"col-md-6\">\n\t\t<p><label>Geburtsort\/-Land \/ Lieu\/pays de naissance*<span class=\"wpcf7-form-control-wrap\" data-name=\"geburtsort\"><input size=\"40\" maxlength=\"400\" class=\"wpcf7-form-control wpcf7-text wpcf7-validates-as-required\" aria-required=\"true\" aria-invalid=\"false\" value=\"\" type=\"text\" name=\"geburtsort\" \/><\/span> <\/label>\n\t\t<\/p>\n\t<\/div>\n\t<div class=\"col-md-6\">\n\t\t<p><label>Stra\u00dfe \/ Rue*<span class=\"wpcf7-form-control-wrap\" data-name=\"strasse\"><input size=\"40\" maxlength=\"400\" class=\"wpcf7-form-control wpcf7-text wpcf7-validates-as-required\" aria-required=\"true\" aria-invalid=\"false\" value=\"\" type=\"text\" name=\"strasse\" \/><\/span> <\/label>\n\t\t<\/p>\n\t<\/div>\n\t<div class=\"col-md-6\">\n\t\t<p><label>PLZ \/ Postcode*<span class=\"wpcf7-form-control-wrap\" data-name=\"plz\"><input class=\"wpcf7-form-control wpcf7-number wpcf7-validates-as-required wpcf7-validates-as-number\" aria-required=\"true\" aria-invalid=\"false\" value=\"\" type=\"number\" name=\"plz\" \/><\/span> <\/label>\n\t\t<\/p>\n\t<\/div>\n\t<div class=\"col-md-6\">\n\t\t<p><label>Wohnort \/ Lieu de r\u00e9sidence*<span class=\"wpcf7-form-control-wrap\" data-name=\"ort\"><input size=\"40\" maxlength=\"400\" class=\"wpcf7-form-control wpcf7-text wpcf7-validates-as-required\" aria-required=\"true\" aria-invalid=\"false\" value=\"\" type=\"text\" name=\"ort\" \/><\/span> <\/label>\n\t\t<\/p>\n\t<\/div>\n\t<div class=\"col-md-6\">\n\t\t<p><label>Telefon\/Mobil \/ T\u00e9l\u00e9fone\/Mobile<span class=\"wpcf7-form-control-wrap\" data-name=\"telefon\"><input size=\"40\" maxlength=\"400\" class=\"wpcf7-form-control wpcf7-tel wpcf7-text wpcf7-validates-as-tel\" aria-invalid=\"false\" value=\"\" type=\"tel\" name=\"telefon\" \/><\/span><\/label><span id=\"wpcf7-69f33259a1c3c-wrapper\" class=\"wpcf7-form-control-wrap mobil-wrap\" ><input type=\"hidden\" name=\"mobil-time-start\" value=\"1777545817\"><input type=\"hidden\" name=\"mobil-time-check\" value=\"4\"><label for=\"wpcf7-69f33259a1c3c-field\" class=\"hp-message\">Veuillez laisser ce champ vide.<\/label><input id=\"wpcf7-69f33259a1c3c-field\"  class=\"wpcf7-form-control wpcf7-text\" type=\"text\" name=\"mobil\" value=\"\" size=\"40\" tabindex=\"-1\" autocomplete=\"new-password\" \/><\/span>\n\t\t<\/p>\n\t<\/div>\n\t<div class=\"col-md-6\">\n\t\t<p><label>Sprache\/Nationalit\u00e4t \/ Langue\/Nationalit\u00e9*<span class=\"wpcf7-form-control-wrap\" data-name=\"nationalitaet\"><input size=\"40\" maxlength=\"400\" class=\"wpcf7-form-control wpcf7-text wpcf7-validates-as-required\" aria-required=\"true\" aria-invalid=\"false\" value=\"\" type=\"text\" name=\"nationalitaet\" \/><\/span><\/label>\n\t\t<\/p>\n\t<\/div>\n\t<div class=\"col-md-6\">\n\t\t<p><label>Schule und Klasse\/Kindergarten \/ \u00c9cole et classe\/jardin d'enfants<span class=\"wpcf7-form-control-wrap\" data-name=\"schule\"><input size=\"40\" maxlength=\"400\" class=\"wpcf7-form-control wpcf7-text\" aria-invalid=\"false\" value=\"\" type=\"text\" name=\"schule\" \/><\/span><\/label>\n\t\t<\/p>\n\t<\/div>\n\t<div class=\"col-md-6\">\n\t\t<p><label>Lehrer\/in \/ Erzieher\/in \/ Lenseignant ou \u00e9ducateur<span class=\"wpcf7-form-control-wrap\" data-name=\"lehrer\"><input size=\"40\" maxlength=\"400\" class=\"wpcf7-form-control wpcf7-text\" aria-invalid=\"false\" value=\"\" type=\"text\" name=\"lehrer\" \/><\/span><\/label>\n\t\t<\/p>\n\t<\/div>\n\t<div class=\"col-md-6\">\n\t\t<p><label>Bemerkung \/ Commentaire<span class=\"wpcf7-form-control-wrap\" data-name=\"bemerkung-f-m\"><input size=\"40\" maxlength=\"400\" class=\"wpcf7-form-control wpcf7-text\" aria-invalid=\"false\" value=\"\" type=\"text\" name=\"bemerkung-f-m\" \/><\/span><\/label>\n\t\t<\/p>\n\t<\/div>\n<\/div>\n<div class=\"row\">\n\t<div class=\"col-md-12\">\n\t\t<p>M\u00f6chten Sie f\u00fcr die Sprachf\u00f6rderung Ihres Kindes einen weiblichen oder m\u00e4nnlichen Scout? \/ Souhaitez-vous un \u00e9claireur f\u00e9minin ou masculin pour le d\u00e9veloppement du langage de votre enfant?\n\t\t<\/p>\n\t<\/div>\n\t<div class=\"col-md-12\">\n\t\t<p><span class=\"wpcf7-form-control-wrap\" data-name=\"radio-971\"><span class=\"wpcf7-form-control wpcf7-radio\"><span class=\"wpcf7-list-item first\"><input type=\"radio\" name=\"radio-971\" value=\"weiblich \/ femme\" \/><span class=\"wpcf7-list-item-label\">weiblich \/ femme<\/span><\/span><span class=\"wpcf7-list-item\"><input type=\"radio\" name=\"radio-971\" value=\"m\u00e4nnlich \/ homme\" \/><span class=\"wpcf7-list-item-label\">m\u00e4nnlich \/ homme<\/span><\/span><span class=\"wpcf7-list-item last\"><input type=\"radio\" name=\"radio-971\" value=\"keine Angabe \/ aucune sp\u00e9cification\" \/><span class=\"wpcf7-list-item-label\">keine Angabe \/ aucune sp\u00e9cification<\/span><\/span><\/span><\/span>\n\t\t<\/p>\n\t<\/div>\n<\/div>\n<div class=\"row\">\n\t<div class=\"col-md-12\">\n\t\t<h4>Daten der Eltern \/ Donn\u00e9es sur les parents:\n\t\t<\/h4>\n\t<\/div>\n\t<div class=\"col-md-6\">\n\t\t<p><label>Anrede \/ Titre* <span class=\"wpcf7-form-control-wrap\" data-name=\"anrede\"><select class=\"wpcf7-form-control wpcf7-select wpcf7-validates-as-required\" aria-required=\"true\" aria-invalid=\"false\" name=\"anrede\"><option value=\"\">&#8212;Veuillez choisir une option&#8212;<\/option><option value=\"Herr \/ Monsieur\">Herr \/ Monsieur<\/option><option value=\"Frau \/ Madame\">Frau \/ Madame<\/option><\/select><\/span><\/label>\n\t\t<\/p>\n\t<\/div>\n\t<div class=\"col-md-6\">\n\t\t<p><label>Name \/ Nom* <span class=\"wpcf7-form-control-wrap\" data-name=\"name2\"><input size=\"40\" maxlength=\"400\" class=\"wpcf7-form-control wpcf7-text wpcf7-validates-as-required\" aria-required=\"true\" aria-invalid=\"false\" value=\"\" type=\"text\" name=\"name2\" \/><\/span> <\/label>\n\t\t<\/p>\n\t<\/div>\n\t<div class=\"col-md-6\">\n\t\t<p><label>Vorname \/ Pr\u00e9nom* <span class=\"wpcf7-form-control-wrap\" data-name=\"vorname2\"><input size=\"40\" maxlength=\"400\" class=\"wpcf7-form-control wpcf7-text wpcf7-validates-as-required\" aria-required=\"true\" aria-invalid=\"false\" value=\"\" type=\"text\" name=\"vorname2\" \/><\/span> <\/label>\n\t\t<\/p>\n\t<\/div>\n\t<div class=\"col-md-6\">\n\t\t<p><label>Geburtsort\/-Land \/ Lieu\/pays de naissance* <span class=\"wpcf7-form-control-wrap\" data-name=\"geburtsort-eltern\"><input size=\"40\" maxlength=\"400\" class=\"wpcf7-form-control wpcf7-text wpcf7-validates-as-required\" aria-required=\"true\" aria-invalid=\"false\" value=\"\" type=\"text\" name=\"geburtsort-eltern\" \/><\/span><\/label>\n\t\t<\/p>\n\t<\/div>\n\t<div class=\"col-md-6\">\n\t\t<p><label>Telefon\/Mobil \/ T\u00e9l\u00e9phone\/Mobile<span class=\"wpcf7-form-control-wrap\" data-name=\"telefon-eltern\"><input size=\"40\" maxlength=\"400\" class=\"wpcf7-form-control wpcf7-tel wpcf7-text wpcf7-validates-as-tel\" aria-invalid=\"false\" value=\"\" type=\"tel\" name=\"telefon-eltern\" \/><\/span> <\/label>\n\t\t<\/p>\n\t<\/div>\n\t<div class=\"col-md-6\">\n\t\t<p><label>E-Mail* <span class=\"wpcf7-form-control-wrap\" data-name=\"e-mail-eltern\"><input size=\"40\" maxlength=\"400\" class=\"wpcf7-form-control wpcf7-email wpcf7-validates-as-required wpcf7-text wpcf7-validates-as-email\" aria-required=\"true\" aria-invalid=\"false\" value=\"\" type=\"email\" name=\"e-mail-eltern\" \/><\/span> <\/label>\n\t\t<\/p>\n\t<\/div>\n\t<div class=\"col-md-6\">\n\t\t<p><label>Bemerkung \/ Commentaire <span class=\"wpcf7-form-control-wrap\" data-name=\"bemerkung\"><textarea cols=\"40\" rows=\"10\" maxlength=\"2000\" class=\"wpcf7-form-control wpcf7-textarea\" aria-invalid=\"false\" name=\"bemerkung\"><\/textarea><\/span> <\/label>\n\t\t<\/p>\n\t<\/div>\n<\/div>\n<div class=\"row\">\n\t<div class=\"col-md-12\">\n\t\t<p><span class=\"wpcf7-form-control-wrap\" data-name=\"datenschutz\"><span class=\"wpcf7-form-control wpcf7-acceptance\"><span class=\"wpcf7-list-item\"><label><input type=\"checkbox\" name=\"datenschutz\" value=\"1\" aria-invalid=\"false\" \/><span class=\"wpcf7-list-item-label\">Ich habe die Datenschutzerkl\u00e4rung gelesen. \/ J'ai lu la politique de confidentialit\u00e9.<\/span><\/label><\/span><\/span><\/span>\n\t\t<\/p>\n\t<\/div>\n\t<div class=\"col-md-12\">\n\t\t<p><span class=\"wpcf7-form-control-wrap\" data-name=\"kontaktdaten\"><span class=\"wpcf7-form-control wpcf7-acceptance\"><span class=\"wpcf7-list-item\"><label><input type=\"checkbox\" name=\"kontaktdaten\" value=\"1\" aria-invalid=\"false\" \/><span class=\"wpcf7-list-item-label\">Ich bin damit einverstanden, dass diese Kontaktdaten zur Betreuung meines Kindes an einen Scout und Paten weitergeben werden. Deshalb stimme ich der Speicherung meiner Daten zu. \/ J'accepte que ces coordonn\u00e9es soient transmises \u00e0 un scout et \u00e0 des parrains pour la prise en charge de mon enfant. Par cons\u00e9quent, j'accepte que mes donn\u00e9es soient conserv\u00e9es.<\/span><\/label><\/span><\/span><\/span>\n\t\t<\/p>\n\t<\/div>\n\t<div class=\"col-md-12\">\n\t\t<p><input class=\"wpcf7-form-control wpcf7-submit has-spinner\" type=\"submit\" value=\"Senden\" \/>\n\t\t<\/p>\n\t<\/div>\n<\/div><div class=\"wpcf7-response-output\" aria-hidden=\"true\"><\/div>\n<\/form>\n<\/div>\n\n","protected":false},"excerpt":{"rendered":"<p>Anmeldung f\u00fcr Kinder Ja, mein Kind soll f\u00fcr 4 Euro pro Stunde Sprachf\u00f6rderung bekommen!<\/p>\n","protected":false},"author":1,"featured_media":315,"parent":0,"menu_order":0,"comment_status":"closed","ping_status":"closed","template":"","meta":{"_acf_changed":false,"inline_featured_image":false,"footnotes":""},"class_list":["post-1790","page","type-page","status-publish","has-post-thumbnail","hentry"],"acf":[],"yoast_head":"<!-- This site is optimized with the Yoast SEO plugin v27.3 - https:\/\/yoast.com\/product\/yoast-seo-wordpress\/ -->\n<title>Sprachf\u00f6rderung f\u00fcr Ihr Kind - La langue cr\u00e9e des liens<\/title>\n<meta name=\"description\" content=\"Anmeldung f\u00fcr Kinder Ja, mein Kind soll f\u00fcr 4 Euro pro Stunde Sprachf\u00f6rderung bekommen!\" \/>\n<meta name=\"robots\" content=\"index, follow, max-snippet:-1, max-image-preview:large, max-video-preview:-1\" \/>\n<link rel=\"canonical\" href=\"https:\/\/www.sprache-verbindet.net\/fr\/sprachfoerderung-fuer-ihr-kind\/\" \/>\n<meta property=\"og:locale\" content=\"fr_FR\" \/>\n<meta property=\"og:type\" content=\"article\" \/>\n<meta property=\"og:title\" content=\"Sprachf\u00f6rderung f\u00fcr Ihr Kind - La langue cr\u00e9e des liens\" \/>\n<meta property=\"og:description\" content=\"Anmeldung f\u00fcr Kinder Ja, mein Kind soll f\u00fcr 4 Euro pro Stunde Sprachf\u00f6rderung bekommen!\" \/>\n<meta property=\"og:url\" content=\"https:\/\/www.sprache-verbindet.net\/fr\/sprachfoerderung-fuer-ihr-kind\/\" \/>\n<meta property=\"og:site_name\" content=\"La langue cr\u00e9e des liens\" \/>\n<meta property=\"article:modified_time\" content=\"2022-11-09T10:00:56+00:00\" \/>\n<meta property=\"og:image\" content=\"https:\/\/www.sprache-verbindet.net\/wp-content\/uploads\/iStock-487521249.jpg\" \/>\n\t<meta property=\"og:image:width\" content=\"1922\" \/>\n\t<meta property=\"og:image:height\" content=\"938\" \/>\n\t<meta property=\"og:image:type\" content=\"image\/jpeg\" \/>\n<meta name=\"twitter:card\" content=\"summary_large_image\" \/>\n<script type=\"application\/ld+json\" class=\"yoast-schema-graph\">{\"@context\":\"https:\\\/\\\/schema.org\",\"@graph\":[{\"@type\":\"WebPage\",\"@id\":\"https:\\\/\\\/www.sprache-verbindet.net\\\/fr\\\/sprachfoerderung-fuer-ihr-kind\\\/\",\"url\":\"https:\\\/\\\/www.sprache-verbindet.net\\\/fr\\\/sprachfoerderung-fuer-ihr-kind\\\/\",\"name\":\"Sprachf\u00f6rderung f\u00fcr Ihr Kind - La langue cr\u00e9e des liens\",\"isPartOf\":{\"@id\":\"https:\\\/\\\/www.sprache-verbindet.net\\\/#website\"},\"primaryImageOfPage\":{\"@id\":\"https:\\\/\\\/www.sprache-verbindet.net\\\/fr\\\/sprachfoerderung-fuer-ihr-kind\\\/#primaryimage\"},\"image\":{\"@id\":\"https:\\\/\\\/www.sprache-verbindet.net\\\/fr\\\/sprachfoerderung-fuer-ihr-kind\\\/#primaryimage\"},\"thumbnailUrl\":\"https:\\\/\\\/www.sprache-verbindet.net\\\/wp-content\\\/uploads\\\/Leadmotiv-Kinder-1.jpg\",\"datePublished\":\"2022-10-07T12:44:05+00:00\",\"dateModified\":\"2022-11-09T10:00:56+00:00\",\"description\":\"Anmeldung f\u00fcr Kinder Ja, mein Kind soll f\u00fcr 4 Euro pro Stunde Sprachf\u00f6rderung bekommen!\",\"breadcrumb\":{\"@id\":\"https:\\\/\\\/www.sprache-verbindet.net\\\/fr\\\/sprachfoerderung-fuer-ihr-kind\\\/#breadcrumb\"},\"inLanguage\":\"fr-FR\",\"potentialAction\":[{\"@type\":\"ReadAction\",\"target\":[\"https:\\\/\\\/www.sprache-verbindet.net\\\/fr\\\/sprachfoerderung-fuer-ihr-kind\\\/\"]}]},{\"@type\":\"ImageObject\",\"inLanguage\":\"fr-FR\",\"@id\":\"https:\\\/\\\/www.sprache-verbindet.net\\\/fr\\\/sprachfoerderung-fuer-ihr-kind\\\/#primaryimage\",\"url\":\"https:\\\/\\\/www.sprache-verbindet.net\\\/wp-content\\\/uploads\\\/Leadmotiv-Kinder-1.jpg\",\"contentUrl\":\"https:\\\/\\\/www.sprache-verbindet.net\\\/wp-content\\\/uploads\\\/Leadmotiv-Kinder-1.jpg\",\"width\":2400,\"height\":1242,\"caption\":\"Foto: iStock\\\/svetikd\"},{\"@type\":\"BreadcrumbList\",\"@id\":\"https:\\\/\\\/www.sprache-verbindet.net\\\/fr\\\/sprachfoerderung-fuer-ihr-kind\\\/#breadcrumb\",\"itemListElement\":[{\"@type\":\"ListItem\",\"position\":1,\"name\":\"Startseite\",\"item\":\"https:\\\/\\\/www.sprache-verbindet.net\\\/fr\\\/\"},{\"@type\":\"ListItem\",\"position\":2,\"name\":\"Sprachf\u00f6rderung f\u00fcr Ihr Kind\"}]},{\"@type\":\"WebSite\",\"@id\":\"https:\\\/\\\/www.sprache-verbindet.net\\\/#website\",\"url\":\"https:\\\/\\\/www.sprache-verbindet.net\\\/\",\"name\":\"La langue cr\u00e9e des liens\",\"description\":\"\",\"publisher\":{\"@id\":\"https:\\\/\\\/www.sprache-verbindet.net\\\/#organization\"},\"potentialAction\":[{\"@type\":\"SearchAction\",\"target\":{\"@type\":\"EntryPoint\",\"urlTemplate\":\"https:\\\/\\\/www.sprache-verbindet.net\\\/?s={search_term_string}\"},\"query-input\":{\"@type\":\"PropertyValueSpecification\",\"valueRequired\":true,\"valueName\":\"search_term_string\"}}],\"inLanguage\":\"fr-FR\"},{\"@type\":\"Organization\",\"@id\":\"https:\\\/\\\/www.sprache-verbindet.net\\\/#organization\",\"name\":\"Sprache verbindet\",\"url\":\"https:\\\/\\\/www.sprache-verbindet.net\\\/\",\"logo\":{\"@type\":\"ImageObject\",\"inLanguage\":\"fr-FR\",\"@id\":\"https:\\\/\\\/www.sprache-verbindet.net\\\/#\\\/schema\\\/logo\\\/image\\\/\",\"url\":\"https:\\\/\\\/www.sprache-verbindet.net\\\/wp-content\\\/uploads\\\/sprache-verbindet-logo.svg\",\"contentUrl\":\"https:\\\/\\\/www.sprache-verbindet.net\\\/wp-content\\\/uploads\\\/sprache-verbindet-logo.svg\",\"width\":1094,\"height\":297,\"caption\":\"Sprache verbindet\"},\"image\":{\"@id\":\"https:\\\/\\\/www.sprache-verbindet.net\\\/#\\\/schema\\\/logo\\\/image\\\/\"}}]}<\/script>\n<!-- \/ Yoast SEO plugin. -->","yoast_head_json":{"title":"Sprachf\u00f6rderung f\u00fcr Ihr Kind - La langue cr\u00e9e des liens","description":"Anmeldung f\u00fcr Kinder Ja, mein Kind soll f\u00fcr 4 Euro pro Stunde Sprachf\u00f6rderung bekommen!","robots":{"index":"index","follow":"follow","max-snippet":"max-snippet:-1","max-image-preview":"max-image-preview:large","max-video-preview":"max-video-preview:-1"},"canonical":"https:\/\/www.sprache-verbindet.net\/fr\/sprachfoerderung-fuer-ihr-kind\/","og_locale":"fr_FR","og_type":"article","og_title":"Sprachf\u00f6rderung f\u00fcr Ihr Kind - La langue cr\u00e9e des liens","og_description":"Anmeldung f\u00fcr Kinder Ja, mein Kind soll f\u00fcr 4 Euro pro Stunde Sprachf\u00f6rderung bekommen!","og_url":"https:\/\/www.sprache-verbindet.net\/fr\/sprachfoerderung-fuer-ihr-kind\/","og_site_name":"La langue cr\u00e9e des liens","article_modified_time":"2022-11-09T10:00:56+00:00","og_image":[{"width":1922,"height":938,"url":"https:\/\/www.sprache-verbindet.net\/wp-content\/uploads\/iStock-487521249.jpg","type":"image\/jpeg"}],"twitter_card":"summary_large_image","schema":{"@context":"https:\/\/schema.org","@graph":[{"@type":"WebPage","@id":"https:\/\/www.sprache-verbindet.net\/fr\/sprachfoerderung-fuer-ihr-kind\/","url":"https:\/\/www.sprache-verbindet.net\/fr\/sprachfoerderung-fuer-ihr-kind\/","name":"Sprachf\u00f6rderung f\u00fcr Ihr Kind - La langue cr\u00e9e des liens","isPartOf":{"@id":"https:\/\/www.sprache-verbindet.net\/#website"},"primaryImageOfPage":{"@id":"https:\/\/www.sprache-verbindet.net\/fr\/sprachfoerderung-fuer-ihr-kind\/#primaryimage"},"image":{"@id":"https:\/\/www.sprache-verbindet.net\/fr\/sprachfoerderung-fuer-ihr-kind\/#primaryimage"},"thumbnailUrl":"https:\/\/www.sprache-verbindet.net\/wp-content\/uploads\/Leadmotiv-Kinder-1.jpg","datePublished":"2022-10-07T12:44:05+00:00","dateModified":"2022-11-09T10:00:56+00:00","description":"Anmeldung f\u00fcr Kinder Ja, mein Kind soll f\u00fcr 4 Euro pro Stunde Sprachf\u00f6rderung bekommen!","breadcrumb":{"@id":"https:\/\/www.sprache-verbindet.net\/fr\/sprachfoerderung-fuer-ihr-kind\/#breadcrumb"},"inLanguage":"fr-FR","potentialAction":[{"@type":"ReadAction","target":["https:\/\/www.sprache-verbindet.net\/fr\/sprachfoerderung-fuer-ihr-kind\/"]}]},{"@type":"ImageObject","inLanguage":"fr-FR","@id":"https:\/\/www.sprache-verbindet.net\/fr\/sprachfoerderung-fuer-ihr-kind\/#primaryimage","url":"https:\/\/www.sprache-verbindet.net\/wp-content\/uploads\/Leadmotiv-Kinder-1.jpg","contentUrl":"https:\/\/www.sprache-verbindet.net\/wp-content\/uploads\/Leadmotiv-Kinder-1.jpg","width":2400,"height":1242,"caption":"Foto: iStock\/svetikd"},{"@type":"BreadcrumbList","@id":"https:\/\/www.sprache-verbindet.net\/fr\/sprachfoerderung-fuer-ihr-kind\/#breadcrumb","itemListElement":[{"@type":"ListItem","position":1,"name":"Startseite","item":"https:\/\/www.sprache-verbindet.net\/fr\/"},{"@type":"ListItem","position":2,"name":"Sprachf\u00f6rderung f\u00fcr Ihr Kind"}]},{"@type":"WebSite","@id":"https:\/\/www.sprache-verbindet.net\/#website","url":"https:\/\/www.sprache-verbindet.net\/","name":"La langue cr\u00e9e des liens","description":"","publisher":{"@id":"https:\/\/www.sprache-verbindet.net\/#organization"},"potentialAction":[{"@type":"SearchAction","target":{"@type":"EntryPoint","urlTemplate":"https:\/\/www.sprache-verbindet.net\/?s={search_term_string}"},"query-input":{"@type":"PropertyValueSpecification","valueRequired":true,"valueName":"search_term_string"}}],"inLanguage":"fr-FR"},{"@type":"Organization","@id":"https:\/\/www.sprache-verbindet.net\/#organization","name":"Sprache verbindet","url":"https:\/\/www.sprache-verbindet.net\/","logo":{"@type":"ImageObject","inLanguage":"fr-FR","@id":"https:\/\/www.sprache-verbindet.net\/#\/schema\/logo\/image\/","url":"https:\/\/www.sprache-verbindet.net\/wp-content\/uploads\/sprache-verbindet-logo.svg","contentUrl":"https:\/\/www.sprache-verbindet.net\/wp-content\/uploads\/sprache-verbindet-logo.svg","width":1094,"height":297,"caption":"Sprache verbindet"},"image":{"@id":"https:\/\/www.sprache-verbindet.net\/#\/schema\/logo\/image\/"}}]}},"_links":{"self":[{"href":"https:\/\/www.sprache-verbindet.net\/fr\/wp-json\/wp\/v2\/pages\/1790","targetHints":{"allow":["GET"]}}],"collection":[{"href":"https:\/\/www.sprache-verbindet.net\/fr\/wp-json\/wp\/v2\/pages"}],"about":[{"href":"https:\/\/www.sprache-verbindet.net\/fr\/wp-json\/wp\/v2\/types\/page"}],"author":[{"embeddable":true,"href":"https:\/\/www.sprache-verbindet.net\/fr\/wp-json\/wp\/v2\/users\/1"}],"replies":[{"embeddable":true,"href":"https:\/\/www.sprache-verbindet.net\/fr\/wp-json\/wp\/v2\/comments?post=1790"}],"version-history":[{"count":1,"href":"https:\/\/www.sprache-verbindet.net\/fr\/wp-json\/wp\/v2\/pages\/1790\/revisions"}],"predecessor-version":[{"id":1801,"href":"https:\/\/www.sprache-verbindet.net\/fr\/wp-json\/wp\/v2\/pages\/1790\/revisions\/1801"}],"wp:featuredmedia":[{"embeddable":true,"href":"https:\/\/www.sprache-verbindet.net\/fr\/wp-json\/wp\/v2\/media\/315"}],"wp:attachment":[{"href":"https:\/\/www.sprache-verbindet.net\/fr\/wp-json\/wp\/v2\/media?parent=1790"}],"curies":[{"name":"wp","href":"https:\/\/api.w.org\/{rel}","templated":true}]}}