{"id":1794,"date":"2022-10-07T14:44:05","date_gmt":"2022-10-07T12:44:05","guid":{"rendered":"https:\/\/www.sprache-verbindet.net\/sprachfoerderung-fuer-ihr-kind\/"},"modified":"2022-11-09T11:00:57","modified_gmt":"2022-11-09T10:00:57","slug":"sprachfoerderung-fuer-ihr-kind","status":"publish","type":"page","link":"https:\/\/www.sprache-verbindet.net\/pl\/sprachfoerderung-fuer-ihr-kind\/","title":{"rendered":"Sprachf\u00f6rderung f\u00fcr Ihr Kind"},"content":{"rendered":"<h2>Anmeldung f\u00fcr Kinder<\/h2>\n<p><strong>Ja, mein Kind soll f\u00fcr 4 Euro pro Stunde Sprachf\u00f6rderung bekommen!<\/strong><\/p>\n\n<div class=\"wpcf7 no-js\" id=\"wpcf7-f1489-o1\" lang=\"pl-PL\" dir=\"ltr\" data-wpcf7-id=\"1489\">\n<div class=\"screen-reader-response\"><p role=\"status\" aria-live=\"polite\" aria-atomic=\"true\"><\/p> <ul><\/ul><\/div>\n<form action=\"\/pl\/wp-json\/wp\/v2\/pages\/1794#wpcf7-f1489-o1\" method=\"post\" class=\"wpcf7-form init\" aria-label=\"Formularz kontaktowy\" novalidate=\"novalidate\" data-status=\"init\">\n<fieldset class=\"hidden-fields-container\"><input type=\"hidden\" name=\"_wpcf7\" value=\"1489\" \/><input type=\"hidden\" name=\"_wpcf7_version\" value=\"6.1.5\" \/><input type=\"hidden\" name=\"_wpcf7_locale\" value=\"pl_PL\" \/><input type=\"hidden\" name=\"_wpcf7_unit_tag\" value=\"wpcf7-f1489-o1\" \/><input type=\"hidden\" name=\"_wpcf7_container_post\" value=\"0\" \/><input type=\"hidden\" name=\"_wpcf7_posted_data_hash\" value=\"\" \/><input type=\"hidden\" name=\"_wpcf7cf_hidden_group_fields\" value=\"[]\" \/><input type=\"hidden\" name=\"_wpcf7cf_hidden_groups\" value=\"[]\" \/><input type=\"hidden\" name=\"_wpcf7cf_visible_groups\" value=\"[]\" \/><input type=\"hidden\" name=\"_wpcf7cf_repeaters\" value=\"[]\" \/><input type=\"hidden\" name=\"_wpcf7cf_steps\" value=\"{}\" \/><input type=\"hidden\" name=\"_wpcf7cf_options\" value=\"{&quot;form_id&quot;:1489,&quot;conditions&quot;:[],&quot;settings&quot;:{&quot;animation&quot;:&quot;yes&quot;,&quot;animation_intime&quot;:200,&quot;animation_outtime&quot;:200,&quot;conditions_ui&quot;:&quot;normal&quot;,&quot;notice_dismissed&quot;:false,&quot;notice_dismissed_update-cf7-5.8.7&quot;:true}}\" \/><input type=\"hidden\" name=\"_wpcf7dtx_version\" value=\"5.0.5\" \/>\n<\/fieldset>\n<div class=\"row\">\n\t<div class=\"col-md-6 wrap_down\">\n\t\t<p><div class=\"col-md-6 wrap_down\"><label>Projekt:* <\/label><span class=\"wpcf7-form-control-wrap empfaenger\"><select name=\"empfaenger\" class=\"wpcf7-form-control wpcf7-select rcsv-empfaenger rcsv-needs-choice\" required=\"required\"><option value=\"\">Bitte w\u00e4hlen<\/option><option value=\"&#97;l&#116;e&#110;a&#x40;s&#x70;r&#x61;c&#x68;e&#x2d;v&#x65;r&#x62;i&#x6e;d&#x65;t&#x2e;&#110;&#x65;&#116;\">Altena<\/option><option value=\"&#x6b;&#x61;&#x72;&#x6c;&#x73;&#x74;&#97;&#100;&#116;&#45;arns&#x74;&#x65;&#x69;&#x6e;&#x40;&#x73;&#112;&#114;&#97;&#99;&#104;e-v&#x65;&#x72;&#x62;&#x69;&#x6e;&#x64;&#101;&#116;&#46;&#110;&#101;t\">Arnstein<\/option><option value=\"&#x62;&#105;&#x65;&#108;e&#x66;&#101;l&#x64;&#64;&#x73;&#x70;r&#x61;&#99;h&#x65;&#45;&#x76;&#x65;r&#x62;&#105;n&#x64;&#101;t&#x2e;&#110;&#x65;&#116;\">Bielefeld<\/option><option value=\"&#98;&#x6f;&#x63;&#104;&#x75;&#x6d;&#64;&#x73;&#x70;&#114;&#x61;&#x63;&#104;&#x65;&#x2d;&#118;&#x65;&#x72;&#98;&#x69;&#x6e;&#100;&#x65;&#x74;&#46;&#x6e;&#x65;t\">Bochum<\/option><option value=\"&#x73;&#x70;&#x72;&#x61;&#99;&#104;&#101;&#45;ver&#x62;&#x69;&#x6e;&#x64;&#x65;&#116;&#64;&#114;ota&#x72;&#x79;&#x31;&#x39;&#x30;&#48;&#46;&#100;e\">Distrikt 1900<\/option><option value=\"dortmu&#110;&#100;&#64;&#115;&#112;&#114;&#97;&#x63;&#x68;&#x65;&#x2d;&#x76;&#x65;&#x72;&#x62;&#x69;&#x6e;&#x64;&#x65;t&#46;net\">Dortmund<\/option><option value=\"&#x67;r&#x6f;&#110;&#x61;&#117;-&#x65;&#117;&#x72;&#101;g&#x69;&#111;&#x40;&#115;p&#x72;a&#x63;&#104;&#x65;&#x2d;v&#x65;&#114;&#x62;&#105;n&#x64;&#101;&#x74;&#46;n&#x65;t\">Gronau\/Euregio<\/option><option value=\"gue&#116;&#101;&#114;&#x73;&#x6c;&#x6f;&#x68;&#x40;&#x73;pra&#99;&#104;&#101;&#45;&#x76;&#x65;&#x72;&#x62;&#x69;&#x6e;det&#46;&#110;&#101;&#x74;\">G\u00fctersloh<\/option><option value=\"&#x68;&#x61;&#103;e&#x6e;&#x40;&#115;&#112;r&#x61;&#x63;&#104;&#101;-&#x76;&#x65;&#114;bi&#x6e;&#x64;&#101;t&#x2e;&#x6e;&#101;&#116;\">Hagen<\/option><option value=\"&#x68;a&#x6d;&#109;&#64;&#x73;&#112;&#x72;&#x61;c&#x68;&#101;-&#x76;&#101;&#x72;&#98;i&#x6e;&#100;e&#x74;&#46;&#x6e;&#101;t\">Hamm<\/option><option value=\"&#x68;&#x65;&#x6d;&#x65;&#x72;&#x40;&#x73;&#112;&#114;&#97;&#99;&#104;e-ve&#x72;&#x62;&#x69;&#x6e;&#x64;&#x65;&#x74;&#x2e;&#110;&#101;&#116;\">Hemer<\/option><option value=\"&#104;e&#x72;f&#x6f;&#114;&#x64;&#45;&#x62;&#117;e&#x6e;d&#x65;&#64;&#x73;&#112;&#x72;&#97;&#x63;&#104;e&#x2d;v&#x65;&#114;&#x62;&#105;&#x6e;&#100;e&#x74;&#46;&#x6e;&#101;&#x74;\">Herford\/B\u00fcnde<\/option><option value=\"&#114;&#x65;&#99;&#x6b;l&#105;&#x6e;&#103;&#x68;a&#x75;s&#101;&#x6e;&#64;&#x73;p&#x72;&#x61;&#99;&#x68;e&#x2d;v&#101;&#x72;&#98;&#x69;n&#x64;e&#116;&#x2e;&#110;&#x65;t\">Herten<\/option><option value=\"rheda_&#119;&#105;&#101;&#100;&#101;&#110;&#98;&#x72;&#x75;&#x65;&#x63;&#x6b;&#x40;&#x73;&#x70;&#x72;&#x61;&#x63;&#x68;e-verb&#105;&#110;&#100;&#101;&#116;&#46;&#110;&#x65;&#x74;\">Herzbrock-Clarholz<\/option><option value=\"&#104;&#x6f;&#104;&#x65;n&#108;&#x69;&#109;&#x62;u&#x72;g&#108;&#x65;&#116;&#x6d;a&#x74;&#x68;&#101;&#x40;s&#x70;r&#97;&#x63;&#104;&#x65;-&#x76;e&#114;&#x62;&#105;&#x6e;d&#101;&#x74;&#46;&#x6e;e&#x74;\">Hohenlimburg-Letmathe<\/option><option value=\"&#105;&#x73;e&#114;&#x6c;&#111;&#x68;n&#64;&#x73;p&#x72;&#x61;&#99;&#x68;e&#45;&#x76;e&#x72;&#x62;&#105;&#x6e;d&#101;&#x74;&#46;&#x6e;e&#116;\">Iserlohn<\/option><option value=\"ka&#114;&#108;&#x73;&#x74;&#x61;&#x64;t-&#97;&#114;&#x6e;&#x73;&#x74;&#x65;in&#64;&#115;&#112;&#x72;&#x61;&#x63;&#x68;e-&#118;&#101;&#x72;&#x62;&#x69;&#x6e;de&#116;&#46;&#x6e;&#x65;&#x74;\">Karlstadt<\/option><option value=\"&#111;&#x62;e&#114;&#x65;s&#45;&#x76;o&#x6c;&#x6d;&#101;&#x74;a&#108;&#x40;s&#112;&#x72;a&#x63;&#x68;&#101;&#x2d;&#x76;&#101;&#x72;b&#105;&#x6e;d&#101;&#x74;&#46;&#x6e;&#x65;&#116;\">Kierspe<\/option><option value=\"&#x6b;&#x72;&#101;i&#x73;&#x2d;&#104;ei&#x6e;&#x73;&#98;e&#x72;&#x67;&#64;&#115;p&#x72;&#x61;&#99;h&#x65;&#x2d;&#118;&#101;r&#x62;&#x69;&#110;d&#x65;&#x74;&#46;&#110;e&#x74;\">Kreis Heinsberg<\/option><option value=\"r&#104;&#x65;&#x64;a&#45;&#119;&#x69;&#x65;d&#101;&#x6e;&#x62;r&#117;&#101;&#x63;&#x6b;&#64;&#115;&#x70;&#x72;a&#99;&#104;&#x65;&#x2d;v&#101;&#x72;&#x62;i&#110;&#100;&#x65;&#x74;&#46;&#110;&#x65;&#x74;\">Langenberg<\/option><option value=\"l&#105;&#112;&#x70;&#x73;&#x74;&#x61;d&#116;&#64;&#115;&#x70;&#x72;&#x61;ch&#101;&#45;&#x76;&#x65;&#x72;bi&#110;&#100;&#x65;&#x74;&#x2e;ne&#116;\">Lippstadt<\/option><option value=\"&#108;u&#x65;d&#x65;n&#x73;c&#x68;&#101;&#x69;&#100;&#x40;&#115;&#x70;&#114;a&#99;h&#x65;-&#x76;e&#x72;&#98;&#x69;&#110;&#x64;&#101;&#x74;&#46;&#x6e;&#101;t\">L\u00fcdenscheid<\/option><option value=\"reck&#108;&#105;&#110;&#103;&#104;&#x61;&#x75;&#x73;&#x65;&#x6e;&#x40;&#x73;prac&#104;&#101;&#45;&#118;&#101;&#x72;&#x62;&#x69;&#x6e;&#x64;&#x65;&#x74;&#x2e;net\">Marl<\/option><option value=\"&#111;&#x62;&#101;&#x72;&#101;&#x73;-&#x76;o&#x6c;m&#101;&#x74;&#97;&#x6c;&#64;&#x73;&#112;&#x72;a&#x63;h&#x65;-&#118;&#x65;&#114;&#x62;&#105;&#x6e;&#100;&#x65;t&#x2e;n&#x65;t\">Meinerzhagen<\/option><option value=\"&#109;u&#x65;n&#x73;t&#x65;r&#x40;&#115;&#x70;&#114;&#x61;&#99;&#x68;&#101;-&#118;e&#x72;b&#x69;n&#x64;&#101;&#x74;&#46;&#x6e;&#101;&#x74;\">M\u00fcnster<\/option><option value=\"&#x61;l&#x74;&#101;&#x6e;&#97;&#64;&#x73;p&#x72;&#97;&#x63;&#104;e&#x2d;&#118;&#x65;&#114;b&#x69;n&#x64;&#101;&#x74;&#46;n&#x65;t\">Neuenrade<\/option><option value=\"&#x72;&#x65;&#x63;&#x6b;&#x6c;&#x69;&#x6e;&#103;&#104;&#97;&#117;&#115;en&#64;s&#x70;&#x72;&#x61;&#x63;&#x68;&#x65;&#x2d;&#x76;&#101;&#114;&#98;&#105;&#110;det&#46;&#x6e;&#x65;&#x74;\">Oer-Erkenschwick<\/option><option value=\"&#x6f;&#x65;&#114;l&#x69;&#x6e;&#103;ha&#x75;&#x73;&#101;n&#x40;&#x73;&#112;&#114;a&#x63;&#x68;&#101;-&#x76;&#x65;&#114;&#98;i&#x6e;&#x64;&#101;t&#x2e;&#x6e;&#101;&#116;\">Oerlinghausen<\/option><option value=\"&#x70;&#97;d&#x65;&#x72;&#98;o&#x72;&#x6e;&#45;b&#x75;&#x65;&#114;e&#x6e;&#x40;&#115;p&#x72;&#97;&#99;h&#x65;&#45;v&#x65;&#x72;&#98;i&#x6e;&#x64;&#101;t&#x2e;&#x6e;&#101;t\">Paderborn\/B\u00fcren<\/option><option value=\"a&#108;&#x74;&#x65;n&#97;&#64;&#x73;&#x70;r&#97;&#99;&#x68;&#x65;-&#118;&#x65;&#x72;&#x62;i&#110;&#x64;&#x65;t&#46;&#110;&#x65;&#x74;\">Plettenberg<\/option><option value=\"&#x70;&#117;l&#x68;&#101;i&#x6d;&#64;s&#x70;&#114;a&#x63;&#104;e&#x2d;&#118;e&#x72;&#98;i&#x6e;&#100;e&#x74;&#46;n&#x65;&#116;\">Pulheim<\/option><option value=\"r&#104;&#x65;&#x64;&#x61;_&#119;&#x69;&#x65;&#x64;e&#110;&#x62;&#x72;&#x75;e&#99;&#x6b;&#x40;&#x73;p&#114;&#x61;&#x63;&#x68;e&#45;&#x76;&#x65;&#x72;b&#105;&#x6e;&#x64;&#x65;t&#46;&#x6e;&#x65;&#x74;\">Rheda-Wiedenbr\u00fcck<\/option><option value=\"&#x72;&#x68;&#101;&#100;a&#x2d;&#x77;&#x69;&#101;de&#x6e;&#x62;&#114;&#117;e&#x63;&#x6b;&#x40;&#115;pr&#x61;&#x63;&#104;&#101;-&#x76;&#x65;&#x72;&#98;in&#x64;&#x65;&#116;&#46;n&#x65;&#x74;\">Rietberg<\/option><option value=\"&#x73;c&#x68;w&#x65;&#114;&#x74;&#101;&#64;&#x73;p&#x72;&#97;&#x63;&#104;&#x65;&#45;v&#x65;r&#x62;&#105;&#x6e;&#100;&#x65;&#x74;&#46;&#x6e;e&#x74;\">Schwerte<\/option><option value=\"&#114;&#x65;&#99;&#x6b;l&#105;&#x6e;&#103;&#x68;a&#x75;s&#101;&#x6e;&#64;&#x73;p&#x72;&#x61;&#99;&#x68;e&#x2d;v&#101;&#x72;&#98;&#x69;n&#x64;e&#116;&#x2e;&#110;&#x65;t\">Vest Recklinghausen<\/option><option value=\"&#x72;e&#x63;&#107;&#x6c;&#105;n&#x67;h&#x61;&#117;&#x73;&#101;n&#x40;&#115;&#x70;&#114;a&#x63;h&#x65;&#45;&#x76;&#101;r&#x62;i&#x6e;&#100;&#x65;&#x74;&#46;&#x6e;&#101;&#x74;\">Waltrop<\/option><option value=\"&#97;&#x6c;&#x74;&#101;&#x6e;&#x61;&#64;&#x73;&#x70;r&#97;&#x63;h&#101;&#x2d;v&#101;&#x72;b&#105;&#x6e;d&#101;&#x74;&#x2e;&#110;&#x65;&#x74;\">Werdohl<\/option><option value=\"&#x77;&#105;&#x74;&#x74;&#101;&#x6e;&#64;s&#x70;&#114;a&#x63;&#104;e&#x2d;&#118;e&#x72;&#98;&#x69;&#x6e;&#100;&#x65;&#x74;&#46;&#x6e;&#101;t\">Witten<\/option><\/select><\/span><\/div>\n\t\t<\/p>\n\t<\/div>\n<\/div>\n<div class=\"row\">\n\t<div class=\"col-md-12\">\n\t\t<h4>Daten des Kindes \/ Dane dziecka:\n\t\t<\/h4>\n\t<\/div>\n\t<div class=\"col-md-6\">\n\t\t<p><span id=\"wpcf7-69f56ac22a169-wrapper\" class=\"wpcf7-form-control-wrap name-kind-wrap\" ><input type=\"hidden\" name=\"name-kind-time-start\" value=\"1777691330\"><input type=\"hidden\" name=\"name-kind-time-check\" value=\"4\"><label for=\"wpcf7-69f56ac22a169-field\" class=\"hp-message\">Please leave this field empty.<\/label><input id=\"wpcf7-69f56ac22a169-field\"  class=\"wpcf7-form-control wpcf7-text\" type=\"text\" name=\"name-kind\" value=\"\" size=\"40\" tabindex=\"-1\" autocomplete=\"new-password\" \/><\/span><label>Name \/ Nazwisko* <span class=\"wpcf7-form-control-wrap\" data-name=\"nachname\"><input size=\"40\" maxlength=\"400\" class=\"wpcf7-form-control wpcf7-text wpcf7-validates-as-required\" aria-required=\"true\" aria-invalid=\"false\" value=\"\" type=\"text\" name=\"nachname\" \/><\/span><\/label>\n\t\t<\/p>\n\t<\/div>\n\t<div class=\"col-md-6\">\n\t\t<p><label>Vorname \/ Imie* <span class=\"wpcf7-form-control-wrap\" data-name=\"vorname\"><input size=\"40\" maxlength=\"400\" class=\"wpcf7-form-control wpcf7-text wpcf7-validates-as-required\" aria-required=\"true\" aria-invalid=\"false\" value=\"\" type=\"text\" name=\"vorname\" \/><\/span> <\/label>\n\t\t<\/p>\n\t<\/div>\n\t<div class=\"col-md-6\">\n\t\t<p><label>Geschlecht \/ Plec* <span class=\"wpcf7-form-control-wrap\" data-name=\"geschlecht\"><select class=\"wpcf7-form-control wpcf7-select wpcf7-validates-as-required\" aria-required=\"true\" aria-invalid=\"false\" name=\"geschlecht\"><option value=\"\">&#8212;Prosz\u0119 wybra\u0107 opcj\u0119&#8212;<\/option><option value=\"weiblich\/Zenski\">weiblich\/Zenski<\/option><option value=\"m\u00e4nnlich\/Meski\">m\u00e4nnlich\/Meski<\/option><\/select><\/span><\/label>\n\t\t<\/p>\n\t<\/div>\n\t<div class=\"col-md-6\">\n\t\t<p><label>Geburtstag \/ Data urodzenia* <span class=\"wpcf7-form-control-wrap\" data-name=\"geburtstag\"><input class=\"wpcf7-form-control wpcf7-date wpcf7-validates-as-required wpcf7-validates-as-date\" aria-required=\"true\" aria-invalid=\"false\" value=\"\" type=\"date\" name=\"geburtstag\" \/><\/span><\/label>\n\t\t<\/p>\n\t<\/div>\n\t<div class=\"col-md-6\">\n\t\t<p><label>Geburtsort\/-Land \/ Welat\u00ea jidayikb\u00fbn\u00ea*<span class=\"wpcf7-form-control-wrap\" data-name=\"geburtsort\"><input size=\"40\" maxlength=\"400\" class=\"wpcf7-form-control wpcf7-text wpcf7-validates-as-required\" aria-required=\"true\" aria-invalid=\"false\" value=\"\" type=\"text\" name=\"geburtsort\" \/><\/span> <\/label>\n\t\t<\/p>\n\t<\/div>\n\t<div class=\"col-md-6\">\n\t\t<p><label>Stra\u00dfe \/ Ulica*<span class=\"wpcf7-form-control-wrap\" data-name=\"strasse\"><input size=\"40\" maxlength=\"400\" class=\"wpcf7-form-control wpcf7-text wpcf7-validates-as-required\" aria-required=\"true\" aria-invalid=\"false\" value=\"\" type=\"text\" name=\"strasse\" \/><\/span> <\/label>\n\t\t<\/p>\n\t<\/div>\n\t<div class=\"col-md-6\">\n\t\t<p><label>PLZ \/ Kod*<span class=\"wpcf7-form-control-wrap\" data-name=\"plz\"><input class=\"wpcf7-form-control wpcf7-number wpcf7-validates-as-required wpcf7-validates-as-number\" aria-required=\"true\" aria-invalid=\"false\" value=\"\" type=\"number\" name=\"plz\" \/><\/span> <\/label>\n\t\t<\/p>\n\t<\/div>\n\t<div class=\"col-md-6\">\n\t\t<p><label>Wohnort \/ Miejscowosc*<span class=\"wpcf7-form-control-wrap\" data-name=\"ort\"><input size=\"40\" maxlength=\"400\" class=\"wpcf7-form-control wpcf7-text wpcf7-validates-as-required\" aria-required=\"true\" aria-invalid=\"false\" value=\"\" type=\"text\" name=\"ort\" \/><\/span> <\/label>\n\t\t<\/p>\n\t<\/div>\n\t<div class=\"col-md-6\">\n\t\t<p><label>Telefon\/Mobil<span class=\"wpcf7-form-control-wrap\" data-name=\"telefon\"><input size=\"40\" maxlength=\"400\" class=\"wpcf7-form-control wpcf7-tel wpcf7-text wpcf7-validates-as-tel\" aria-invalid=\"false\" value=\"\" type=\"tel\" name=\"telefon\" \/><\/span><\/label><span id=\"wpcf7-69f56ac22a42c-wrapper\" class=\"wpcf7-form-control-wrap mobil-wrap\" ><input type=\"hidden\" name=\"mobil-time-start\" value=\"1777691330\"><input type=\"hidden\" name=\"mobil-time-check\" value=\"4\"><label for=\"wpcf7-69f56ac22a42c-field\" class=\"hp-message\">Please leave this field empty.<\/label><input id=\"wpcf7-69f56ac22a42c-field\"  class=\"wpcf7-form-control wpcf7-text\" type=\"text\" name=\"mobil\" value=\"\" size=\"40\" tabindex=\"-1\" autocomplete=\"new-password\" \/><\/span>\n\t\t<\/p>\n\t<\/div>\n\t<div class=\"col-md-6\">\n\t\t<p><label>Sprache\/Nationalit\u00e4t \/ Narodowosc*<span class=\"wpcf7-form-control-wrap\" data-name=\"nationalitaet\"><input size=\"40\" maxlength=\"400\" class=\"wpcf7-form-control wpcf7-text wpcf7-validates-as-required\" aria-required=\"true\" aria-invalid=\"false\" value=\"\" type=\"text\" name=\"nationalitaet\" \/><\/span><\/label>\n\t\t<\/p>\n\t<\/div>\n\t<div class=\"col-md-6\">\n\t\t<p><label>Schule und Klasse\/Kindergarten \/ Szkola i klasa\/przedszkole<span class=\"wpcf7-form-control-wrap\" data-name=\"schule\"><input size=\"40\" maxlength=\"400\" class=\"wpcf7-form-control wpcf7-text\" aria-invalid=\"false\" value=\"\" type=\"text\" name=\"schule\" \/><\/span><\/label>\n\t\t<\/p>\n\t<\/div>\n\t<div class=\"col-md-6\">\n\t\t<p><label>Lehrer\/-in \/ Erzieher\/-in \/ Nauczyciel\/pedagog<span class=\"wpcf7-form-control-wrap\" data-name=\"lehrer\"><input size=\"40\" maxlength=\"400\" class=\"wpcf7-form-control wpcf7-text\" aria-invalid=\"false\" value=\"\" type=\"text\" name=\"lehrer\" \/><\/span><\/label>\n\t\t<\/p>\n\t<\/div>\n\t<div class=\"col-md-6\">\n\t\t<p><label>Bemerkung \/ Uwaga<span class=\"wpcf7-form-control-wrap\" data-name=\"bemerkung-f-m\"><input size=\"40\" maxlength=\"400\" class=\"wpcf7-form-control wpcf7-text\" aria-invalid=\"false\" value=\"\" type=\"text\" name=\"bemerkung-f-m\" \/><\/span><\/label>\n\t\t<\/p>\n\t<\/div>\n<\/div>\n<div class=\"row\">\n\t<div class=\"col-md-12\">\n\t\t<p>M\u00f6chten Sie f\u00fcr die Sprachf\u00f6rderung Ihres Kindes einen weiblichen oder m\u00e4nnlichen Scout? \/ Prosze zakreslic czy nauczyciel zenski albo meski ma ten kurs z panstwa dzieckiem prowadzic?\n\t\t<\/p>\n\t<\/div>\n\t<div class=\"col-md-12\">\n\t\t<p><span class=\"wpcf7-form-control-wrap\" data-name=\"radio-971\"><span class=\"wpcf7-form-control wpcf7-radio\"><span class=\"wpcf7-list-item first\"><input type=\"radio\" name=\"radio-971\" value=\"weiblich\/Zenski\" \/><span class=\"wpcf7-list-item-label\">weiblich\/Zenski<\/span><\/span><span class=\"wpcf7-list-item\"><input type=\"radio\" name=\"radio-971\" value=\"m\u00e4nnlich\/Meski\" \/><span class=\"wpcf7-list-item-label\">m\u00e4nnlich\/Meski<\/span><\/span><span class=\"wpcf7-list-item last\"><input type=\"radio\" name=\"radio-971\" value=\"keine Angabe\/brak informacji\" \/><span class=\"wpcf7-list-item-label\">keine Angabe\/brak informacji<\/span><\/span><\/span><\/span>\n\t\t<\/p>\n\t<\/div>\n<\/div>\n<div class=\"row\">\n\t<div class=\"col-md-12\">\n\t\t<h4>Daten der Eltern \/ Dane rodzicow:\n\t\t<\/h4>\n\t<\/div>\n\t<div class=\"col-md-6\">\n\t\t<p><label>Anrede \/ pozdrowienie* <span class=\"wpcf7-form-control-wrap\" data-name=\"anrede\"><select class=\"wpcf7-form-control wpcf7-select wpcf7-validates-as-required\" aria-required=\"true\" aria-invalid=\"false\" name=\"anrede\"><option value=\"\">&#8212;Prosz\u0119 wybra\u0107 opcj\u0119&#8212;<\/option><option value=\"Herr \/ Pan\">Herr \/ Pan<\/option><option value=\"Frau \/ Pani\">Frau \/ Pani<\/option><\/select><\/span><\/label>\n\t\t<\/p>\n\t<\/div>\n\t<div class=\"col-md-6\">\n\t\t<p><label>Name \/ Nazwisko* <span class=\"wpcf7-form-control-wrap\" data-name=\"name2\"><input size=\"40\" maxlength=\"400\" class=\"wpcf7-form-control wpcf7-text wpcf7-validates-as-required\" aria-required=\"true\" aria-invalid=\"false\" value=\"\" type=\"text\" name=\"name2\" \/><\/span> <\/label>\n\t\t<\/p>\n\t<\/div>\n\t<div class=\"col-md-6\">\n\t\t<p><label>Vorname \/ Imie* <span class=\"wpcf7-form-control-wrap\" data-name=\"vorname2\"><input size=\"40\" maxlength=\"400\" class=\"wpcf7-form-control wpcf7-text wpcf7-validates-as-required\" aria-required=\"true\" aria-invalid=\"false\" value=\"\" type=\"text\" name=\"vorname2\" \/><\/span> <\/label>\n\t\t<\/p>\n\t<\/div>\n\t<div class=\"col-md-6\">\n\t\t<p><label>Geburtsort\/-Land \/ Welat\u00ea jidayikb\u00fbn\u00ea* <span class=\"wpcf7-form-control-wrap\" data-name=\"geburtsort-eltern\"><input size=\"40\" maxlength=\"400\" class=\"wpcf7-form-control wpcf7-text wpcf7-validates-as-required\" aria-required=\"true\" aria-invalid=\"false\" value=\"\" type=\"text\" name=\"geburtsort-eltern\" \/><\/span><\/label>\n\t\t<\/p>\n\t<\/div>\n\t<div class=\"col-md-6\">\n\t\t<p><label>Telefon\/Mobil<span class=\"wpcf7-form-control-wrap\" data-name=\"telefon-eltern\"><input size=\"40\" maxlength=\"400\" class=\"wpcf7-form-control wpcf7-tel wpcf7-text wpcf7-validates-as-tel\" aria-invalid=\"false\" value=\"\" type=\"tel\" name=\"telefon-eltern\" \/><\/span> <\/label>\n\t\t<\/p>\n\t<\/div>\n\t<div class=\"col-md-6\">\n\t\t<p><label>E-Mail* <span class=\"wpcf7-form-control-wrap\" data-name=\"e-mail-eltern\"><input size=\"40\" maxlength=\"400\" class=\"wpcf7-form-control wpcf7-email wpcf7-validates-as-required wpcf7-text wpcf7-validates-as-email\" aria-required=\"true\" aria-invalid=\"false\" value=\"\" type=\"email\" name=\"e-mail-eltern\" \/><\/span> <\/label>\n\t\t<\/p>\n\t<\/div>\n\t<div class=\"col-md-6\">\n\t\t<p><label>Bemerkung \/ Uwaga <span class=\"wpcf7-form-control-wrap\" data-name=\"bemerkung\"><textarea cols=\"40\" rows=\"10\" maxlength=\"2000\" class=\"wpcf7-form-control wpcf7-textarea\" aria-invalid=\"false\" name=\"bemerkung\"><\/textarea><\/span> <\/label>\n\t\t<\/p>\n\t<\/div>\n<\/div>\n<div class=\"row\">\n\t<div class=\"col-md-12\">\n\t\t<p><span class=\"wpcf7-form-control-wrap\" data-name=\"datenschutz\"><span class=\"wpcf7-form-control wpcf7-acceptance\"><span class=\"wpcf7-list-item\"><label><input type=\"checkbox\" name=\"datenschutz\" value=\"1\" aria-invalid=\"false\" \/><span class=\"wpcf7-list-item-label\">Ich habe die Datenschutzerkl\u00e4rung gelesen. \/ Zapozna\u0142em si\u0119 z polityk\u0105 prywatno\u015bci.<\/span><\/label><\/span><\/span><\/span>\n\t\t<\/p>\n\t<\/div>\n\t<div class=\"col-md-12\">\n\t\t<p><span class=\"wpcf7-form-control-wrap\" data-name=\"kontaktdaten\"><span class=\"wpcf7-form-control wpcf7-acceptance\"><span class=\"wpcf7-list-item\"><label><input type=\"checkbox\" name=\"kontaktdaten\" value=\"1\" aria-invalid=\"false\" \/><span class=\"wpcf7-list-item-label\">Ich bin damit einverstanden, dass diese Kontaktdaten zur Betreuung meines Kindes an einen Scout und Paten weitergeben werden. Deshalb stimme ich der Speicherung meiner Daten zu. \/ Wyra\u017cam zgod\u0119 na udost\u0119pnienie tych danych kontaktowych harcerzom i sponsorom w celu opieki nad moim dzieckiem. W zwi\u0105zku z tym wyra\u017cam zgod\u0119 na przechowywanie moich danych.<\/span><\/label><\/span><\/span><\/span>\n\t\t<\/p>\n\t<\/div>\n\t<div class=\"col-md-12\">\n\t\t<p><input class=\"wpcf7-form-control wpcf7-submit has-spinner\" type=\"submit\" value=\"Senden\" \/>\n\t\t<\/p>\n\t<\/div>\n<\/div><div class=\"wpcf7-response-output\" aria-hidden=\"true\"><\/div>\n<\/form>\n<\/div>\n\n","protected":false},"excerpt":{"rendered":"<p>Anmeldung f\u00fcr Kinder Ja, mein Kind soll f\u00fcr 4 Euro pro Stunde Sprachf\u00f6rderung bekommen!<\/p>\n","protected":false},"author":1,"featured_media":319,"parent":0,"menu_order":0,"comment_status":"closed","ping_status":"closed","template":"","meta":{"_acf_changed":false,"inline_featured_image":false,"footnotes":""},"class_list":["post-1794","page","type-page","status-publish","has-post-thumbnail","hentry"],"acf":[],"yoast_head":"<!-- This site is optimized with the Yoast SEO plugin v27.3 - https:\/\/yoast.com\/product\/yoast-seo-wordpress\/ -->\n<title>Sprachf\u00f6rderung f\u00fcr Ihr Kind - Wsp\u00f3lna mowa \u0142\u0105czy<\/title>\n<meta name=\"description\" content=\"Anmeldung f\u00fcr Kinder Ja, mein Kind soll f\u00fcr 4 Euro pro Stunde Sprachf\u00f6rderung bekommen!\" \/>\n<meta name=\"robots\" content=\"index, follow, max-snippet:-1, max-image-preview:large, max-video-preview:-1\" \/>\n<link rel=\"canonical\" href=\"https:\/\/www.sprache-verbindet.net\/pl\/sprachfoerderung-fuer-ihr-kind\/\" \/>\n<meta property=\"og:locale\" content=\"pl_PL\" \/>\n<meta property=\"og:type\" content=\"article\" \/>\n<meta property=\"og:title\" content=\"Sprachf\u00f6rderung f\u00fcr Ihr Kind - Wsp\u00f3lna mowa \u0142\u0105czy\" \/>\n<meta property=\"og:description\" content=\"Anmeldung f\u00fcr Kinder Ja, mein Kind soll f\u00fcr 4 Euro pro Stunde Sprachf\u00f6rderung bekommen!\" \/>\n<meta property=\"og:url\" content=\"https:\/\/www.sprache-verbindet.net\/pl\/sprachfoerderung-fuer-ihr-kind\/\" \/>\n<meta property=\"og:site_name\" content=\"Wsp\u00f3lna mowa \u0142\u0105czy\" \/>\n<meta property=\"article:modified_time\" content=\"2022-11-09T10:00:57+00:00\" \/>\n<meta property=\"og:image\" content=\"https:\/\/www.sprache-verbindet.net\/wp-content\/uploads\/iStock-487521249.jpg\" \/>\n\t<meta property=\"og:image:width\" content=\"1922\" \/>\n\t<meta property=\"og:image:height\" content=\"938\" \/>\n\t<meta property=\"og:image:type\" content=\"image\/jpeg\" \/>\n<meta name=\"twitter:card\" content=\"summary_large_image\" \/>\n<script type=\"application\/ld+json\" class=\"yoast-schema-graph\">{\"@context\":\"https:\\\/\\\/schema.org\",\"@graph\":[{\"@type\":\"WebPage\",\"@id\":\"https:\\\/\\\/www.sprache-verbindet.net\\\/pl\\\/sprachfoerderung-fuer-ihr-kind\\\/\",\"url\":\"https:\\\/\\\/www.sprache-verbindet.net\\\/pl\\\/sprachfoerderung-fuer-ihr-kind\\\/\",\"name\":\"Sprachf\u00f6rderung f\u00fcr Ihr Kind - Wsp\u00f3lna mowa \u0142\u0105czy\",\"isPartOf\":{\"@id\":\"https:\\\/\\\/www.sprache-verbindet.net\\\/#website\"},\"primaryImageOfPage\":{\"@id\":\"https:\\\/\\\/www.sprache-verbindet.net\\\/pl\\\/sprachfoerderung-fuer-ihr-kind\\\/#primaryimage\"},\"image\":{\"@id\":\"https:\\\/\\\/www.sprache-verbindet.net\\\/pl\\\/sprachfoerderung-fuer-ihr-kind\\\/#primaryimage\"},\"thumbnailUrl\":\"https:\\\/\\\/www.sprache-verbindet.net\\\/wp-content\\\/uploads\\\/Leadmotiv-Kinder-1.jpg\",\"datePublished\":\"2022-10-07T12:44:05+00:00\",\"dateModified\":\"2022-11-09T10:00:57+00:00\",\"description\":\"Anmeldung f\u00fcr Kinder Ja, mein Kind soll f\u00fcr 4 Euro pro Stunde Sprachf\u00f6rderung bekommen!\",\"breadcrumb\":{\"@id\":\"https:\\\/\\\/www.sprache-verbindet.net\\\/pl\\\/sprachfoerderung-fuer-ihr-kind\\\/#breadcrumb\"},\"inLanguage\":\"pl-PL\",\"potentialAction\":[{\"@type\":\"ReadAction\",\"target\":[\"https:\\\/\\\/www.sprache-verbindet.net\\\/pl\\\/sprachfoerderung-fuer-ihr-kind\\\/\"]}]},{\"@type\":\"ImageObject\",\"inLanguage\":\"pl-PL\",\"@id\":\"https:\\\/\\\/www.sprache-verbindet.net\\\/pl\\\/sprachfoerderung-fuer-ihr-kind\\\/#primaryimage\",\"url\":\"https:\\\/\\\/www.sprache-verbindet.net\\\/wp-content\\\/uploads\\\/Leadmotiv-Kinder-1.jpg\",\"contentUrl\":\"https:\\\/\\\/www.sprache-verbindet.net\\\/wp-content\\\/uploads\\\/Leadmotiv-Kinder-1.jpg\",\"width\":2400,\"height\":1242,\"caption\":\"Foto: iStock\\\/svetikd\"},{\"@type\":\"BreadcrumbList\",\"@id\":\"https:\\\/\\\/www.sprache-verbindet.net\\\/pl\\\/sprachfoerderung-fuer-ihr-kind\\\/#breadcrumb\",\"itemListElement\":[{\"@type\":\"ListItem\",\"position\":1,\"name\":\"Startseite\",\"item\":\"https:\\\/\\\/www.sprache-verbindet.net\\\/pl\\\/\"},{\"@type\":\"ListItem\",\"position\":2,\"name\":\"Sprachf\u00f6rderung f\u00fcr Ihr Kind\"}]},{\"@type\":\"WebSite\",\"@id\":\"https:\\\/\\\/www.sprache-verbindet.net\\\/#website\",\"url\":\"https:\\\/\\\/www.sprache-verbindet.net\\\/\",\"name\":\"Wsp\u00f3lna mowa \u0142\u0105czy\",\"description\":\"\",\"publisher\":{\"@id\":\"https:\\\/\\\/www.sprache-verbindet.net\\\/#organization\"},\"potentialAction\":[{\"@type\":\"SearchAction\",\"target\":{\"@type\":\"EntryPoint\",\"urlTemplate\":\"https:\\\/\\\/www.sprache-verbindet.net\\\/?s={search_term_string}\"},\"query-input\":{\"@type\":\"PropertyValueSpecification\",\"valueRequired\":true,\"valueName\":\"search_term_string\"}}],\"inLanguage\":\"pl-PL\"},{\"@type\":\"Organization\",\"@id\":\"https:\\\/\\\/www.sprache-verbindet.net\\\/#organization\",\"name\":\"Sprache verbindet\",\"url\":\"https:\\\/\\\/www.sprache-verbindet.net\\\/\",\"logo\":{\"@type\":\"ImageObject\",\"inLanguage\":\"pl-PL\",\"@id\":\"https:\\\/\\\/www.sprache-verbindet.net\\\/#\\\/schema\\\/logo\\\/image\\\/\",\"url\":\"https:\\\/\\\/www.sprache-verbindet.net\\\/wp-content\\\/uploads\\\/sprache-verbindet-logo.svg\",\"contentUrl\":\"https:\\\/\\\/www.sprache-verbindet.net\\\/wp-content\\\/uploads\\\/sprache-verbindet-logo.svg\",\"width\":1094,\"height\":297,\"caption\":\"Sprache verbindet\"},\"image\":{\"@id\":\"https:\\\/\\\/www.sprache-verbindet.net\\\/#\\\/schema\\\/logo\\\/image\\\/\"}}]}<\/script>\n<!-- \/ Yoast SEO plugin. -->","yoast_head_json":{"title":"Sprachf\u00f6rderung f\u00fcr Ihr Kind - Wsp\u00f3lna mowa \u0142\u0105czy","description":"Anmeldung f\u00fcr Kinder Ja, mein Kind soll f\u00fcr 4 Euro pro Stunde Sprachf\u00f6rderung bekommen!","robots":{"index":"index","follow":"follow","max-snippet":"max-snippet:-1","max-image-preview":"max-image-preview:large","max-video-preview":"max-video-preview:-1"},"canonical":"https:\/\/www.sprache-verbindet.net\/pl\/sprachfoerderung-fuer-ihr-kind\/","og_locale":"pl_PL","og_type":"article","og_title":"Sprachf\u00f6rderung f\u00fcr Ihr Kind - Wsp\u00f3lna mowa \u0142\u0105czy","og_description":"Anmeldung f\u00fcr Kinder Ja, mein Kind soll f\u00fcr 4 Euro pro Stunde Sprachf\u00f6rderung bekommen!","og_url":"https:\/\/www.sprache-verbindet.net\/pl\/sprachfoerderung-fuer-ihr-kind\/","og_site_name":"Wsp\u00f3lna mowa \u0142\u0105czy","article_modified_time":"2022-11-09T10:00:57+00:00","og_image":[{"width":1922,"height":938,"url":"https:\/\/www.sprache-verbindet.net\/wp-content\/uploads\/iStock-487521249.jpg","type":"image\/jpeg"}],"twitter_card":"summary_large_image","schema":{"@context":"https:\/\/schema.org","@graph":[{"@type":"WebPage","@id":"https:\/\/www.sprache-verbindet.net\/pl\/sprachfoerderung-fuer-ihr-kind\/","url":"https:\/\/www.sprache-verbindet.net\/pl\/sprachfoerderung-fuer-ihr-kind\/","name":"Sprachf\u00f6rderung f\u00fcr Ihr Kind - Wsp\u00f3lna mowa \u0142\u0105czy","isPartOf":{"@id":"https:\/\/www.sprache-verbindet.net\/#website"},"primaryImageOfPage":{"@id":"https:\/\/www.sprache-verbindet.net\/pl\/sprachfoerderung-fuer-ihr-kind\/#primaryimage"},"image":{"@id":"https:\/\/www.sprache-verbindet.net\/pl\/sprachfoerderung-fuer-ihr-kind\/#primaryimage"},"thumbnailUrl":"https:\/\/www.sprache-verbindet.net\/wp-content\/uploads\/Leadmotiv-Kinder-1.jpg","datePublished":"2022-10-07T12:44:05+00:00","dateModified":"2022-11-09T10:00:57+00:00","description":"Anmeldung f\u00fcr Kinder Ja, mein Kind soll f\u00fcr 4 Euro pro Stunde Sprachf\u00f6rderung bekommen!","breadcrumb":{"@id":"https:\/\/www.sprache-verbindet.net\/pl\/sprachfoerderung-fuer-ihr-kind\/#breadcrumb"},"inLanguage":"pl-PL","potentialAction":[{"@type":"ReadAction","target":["https:\/\/www.sprache-verbindet.net\/pl\/sprachfoerderung-fuer-ihr-kind\/"]}]},{"@type":"ImageObject","inLanguage":"pl-PL","@id":"https:\/\/www.sprache-verbindet.net\/pl\/sprachfoerderung-fuer-ihr-kind\/#primaryimage","url":"https:\/\/www.sprache-verbindet.net\/wp-content\/uploads\/Leadmotiv-Kinder-1.jpg","contentUrl":"https:\/\/www.sprache-verbindet.net\/wp-content\/uploads\/Leadmotiv-Kinder-1.jpg","width":2400,"height":1242,"caption":"Foto: iStock\/svetikd"},{"@type":"BreadcrumbList","@id":"https:\/\/www.sprache-verbindet.net\/pl\/sprachfoerderung-fuer-ihr-kind\/#breadcrumb","itemListElement":[{"@type":"ListItem","position":1,"name":"Startseite","item":"https:\/\/www.sprache-verbindet.net\/pl\/"},{"@type":"ListItem","position":2,"name":"Sprachf\u00f6rderung f\u00fcr Ihr Kind"}]},{"@type":"WebSite","@id":"https:\/\/www.sprache-verbindet.net\/#website","url":"https:\/\/www.sprache-verbindet.net\/","name":"Wsp\u00f3lna mowa \u0142\u0105czy","description":"","publisher":{"@id":"https:\/\/www.sprache-verbindet.net\/#organization"},"potentialAction":[{"@type":"SearchAction","target":{"@type":"EntryPoint","urlTemplate":"https:\/\/www.sprache-verbindet.net\/?s={search_term_string}"},"query-input":{"@type":"PropertyValueSpecification","valueRequired":true,"valueName":"search_term_string"}}],"inLanguage":"pl-PL"},{"@type":"Organization","@id":"https:\/\/www.sprache-verbindet.net\/#organization","name":"Sprache verbindet","url":"https:\/\/www.sprache-verbindet.net\/","logo":{"@type":"ImageObject","inLanguage":"pl-PL","@id":"https:\/\/www.sprache-verbindet.net\/#\/schema\/logo\/image\/","url":"https:\/\/www.sprache-verbindet.net\/wp-content\/uploads\/sprache-verbindet-logo.svg","contentUrl":"https:\/\/www.sprache-verbindet.net\/wp-content\/uploads\/sprache-verbindet-logo.svg","width":1094,"height":297,"caption":"Sprache verbindet"},"image":{"@id":"https:\/\/www.sprache-verbindet.net\/#\/schema\/logo\/image\/"}}]}},"_links":{"self":[{"href":"https:\/\/www.sprache-verbindet.net\/pl\/wp-json\/wp\/v2\/pages\/1794","targetHints":{"allow":["GET"]}}],"collection":[{"href":"https:\/\/www.sprache-verbindet.net\/pl\/wp-json\/wp\/v2\/pages"}],"about":[{"href":"https:\/\/www.sprache-verbindet.net\/pl\/wp-json\/wp\/v2\/types\/page"}],"author":[{"embeddable":true,"href":"https:\/\/www.sprache-verbindet.net\/pl\/wp-json\/wp\/v2\/users\/1"}],"replies":[{"embeddable":true,"href":"https:\/\/www.sprache-verbindet.net\/pl\/wp-json\/wp\/v2\/comments?post=1794"}],"version-history":[{"count":1,"href":"https:\/\/www.sprache-verbindet.net\/pl\/wp-json\/wp\/v2\/pages\/1794\/revisions"}],"predecessor-version":[{"id":1805,"href":"https:\/\/www.sprache-verbindet.net\/pl\/wp-json\/wp\/v2\/pages\/1794\/revisions\/1805"}],"wp:featuredmedia":[{"embeddable":true,"href":"https:\/\/www.sprache-verbindet.net\/pl\/wp-json\/wp\/v2\/media\/319"}],"wp:attachment":[{"href":"https:\/\/www.sprache-verbindet.net\/pl\/wp-json\/wp\/v2\/media?parent=1794"}],"curies":[{"name":"wp","href":"https:\/\/api.w.org\/{rel}","templated":true}]}}