{"id":1397,"date":"2022-09-12T09:59:42","date_gmt":"2022-09-12T07:59:42","guid":{"rendered":"https:\/\/www.sprache-verbindet.net\/startseite\/"},"modified":"2022-10-26T18:48:03","modified_gmt":"2022-10-26T16:48:03","slug":"startseite","status":"publish","type":"page","link":"https:\/\/www.sprache-verbindet.net\/ro\/","title":{"rendered":"Startseite"},"content":{"rendered":"<p><b>Dragi p\u0103rin\u021bi,<\/b><\/p>\n<p>O component\u0103 de baz\u0103 a succesului, at\u00e2t la \u0219coal\u0103 c\u00e2t \u0219i \u00een carier\u0103, este cunoa\u0219terea limbii germane. Noi ajut\u0103m copiii din familiile de imigran\u021bi s\u0103 \u00eenve\u021be limba german\u0103. O particularitate a metodei noastre este faptul c\u0103 \u00eenv\u0103\u021barea limbii are loc \u00een joac\u0103, \u00een cadrul familiei.<\/p>\n<p>\u201eCerceta\u0219ii no\u0219tri profesori\u201d sunt \u00een principal elevi din ultimele clase de liceu, studen\u021bi, practican\u021bi sau \u00een anul lor de serviciu civil. To\u021bi cerceta\u0219ii au fost preg\u0103ti\u021bi de pedagogi cu experien\u021b\u0103. Ei viziteaz\u0103 copiii \u00eentre 4 \u0219i 10 ani acas\u0103, o dat\u0103 sau de dou\u0103 ori pe s\u0103pt\u0103m\u00e2n\u0103, pentru o or\u0103 de predare. Materialele de \u00eenv\u0103\u021bare adaptate v\u00e2rstei sunt aduse de c\u0103tre ei. Limba german\u0103 se \u00eenva\u021b\u0103 astfel aproape f\u0103r\u0103 s\u0103 se observe, \u00eentr-un mod distractiv.<\/p>\n<p>Elevii care sunt cerceta\u0219i primesc 10 euro pe or\u0103 iar cei care sunt studen\u021bi, practican\u021bi sau \u00een anul de serviciu civil primesc 12 euro pe or\u0103. <b>Avantajul pentru p\u0103rin\u021bi: dumneavoastr\u0103 pl\u0103ti\u021bi doar 4 euro.<\/b> Diferen\u021ba va fi suportat\u0103 de clubul Rotary care sus\u021bine ini\u021biativa. Pute\u021bi renun\u021ba la ore oric\u00e2nd dori\u021bi, la cerere. At\u00e2t familia c\u00e2t \u0219i cerceta\u0219ii au \u00eentotdeauna la dispozi\u021bie o persoan\u0103 de contact implicat\u0103, care va r\u0103spunde la eventualele \u00eentreb\u0103ri, ca un fel de sponsor.<\/p>\n","protected":false},"excerpt":{"rendered":"<p>Dragi p\u0103rin\u021bi, O component\u0103 de baz\u0103 a succesului, at\u00e2t la \u0219coal\u0103 c\u00e2t \u0219i \u00een carier\u0103, este cunoa\u0219terea limbii germane. Noi ajut\u0103m copiii din familiile de imigran\u021bi s\u0103 \u00eenve\u021be limba german\u0103. [weiterlesen \u2026]<\/p>\n","protected":false},"author":1,"featured_media":0,"parent":0,"menu_order":0,"comment_status":"closed","ping_status":"open","template":"startseite.php","meta":{"_acf_changed":false,"inline_featured_image":false,"footnotes":""},"class_list":["post-1397","page","type-page","status-publish","hentry"],"acf":[],"yoast_head":"<!-- This site is optimized with the Yoast SEO plugin v27.3 - https:\/\/yoast.com\/product\/yoast-seo-wordpress\/ -->\n<title>Startseite - Limba vorbit\u0103 ne aduce \u00eempreun\u0103<\/title>\n<meta name=\"description\" content=\"Dragi p\u0103rin\u021bi, O component\u0103 de baz\u0103 a succesului, at\u00e2t la \u0219coal\u0103 c\u00e2t \u0219i \u00een carier\u0103, este cunoa\u0219terea limbii germane. Noi ajut\u0103m copiii din familiile de\" \/>\n<meta name=\"robots\" content=\"index, follow, max-snippet:-1, max-image-preview:large, max-video-preview:-1\" \/>\n<link rel=\"canonical\" href=\"https:\/\/www.sprache-verbindet.net\/ro\/\" \/>\n<meta property=\"og:locale\" content=\"ro_RO\" \/>\n<meta property=\"og:type\" content=\"article\" \/>\n<meta property=\"og:title\" content=\"Startseite - Limba vorbit\u0103 ne aduce \u00eempreun\u0103\" \/>\n<meta property=\"og:description\" content=\"Dragi p\u0103rin\u021bi, O component\u0103 de baz\u0103 a succesului, at\u00e2t la \u0219coal\u0103 c\u00e2t \u0219i \u00een carier\u0103, este cunoa\u0219terea limbii germane. Noi ajut\u0103m copiii din familiile de\" \/>\n<meta property=\"og:url\" content=\"https:\/\/www.sprache-verbindet.net\/ro\/\" \/>\n<meta property=\"og:site_name\" content=\"Limba vorbit\u0103 ne aduce \u00eempreun\u0103\" \/>\n<meta property=\"article:modified_time\" content=\"2022-10-26T16:48:03+00:00\" \/>\n<meta name=\"twitter:card\" content=\"summary_large_image\" \/>\n<script type=\"application\/ld+json\" class=\"yoast-schema-graph\">{\"@context\":\"https:\\\/\\\/schema.org\",\"@graph\":[{\"@type\":\"WebPage\",\"@id\":\"https:\\\/\\\/www.sprache-verbindet.net\\\/ro\\\/\",\"url\":\"https:\\\/\\\/www.sprache-verbindet.net\\\/ro\\\/\",\"name\":\"Startseite - Limba vorbit\u0103 ne aduce \u00eempreun\u0103\",\"isPartOf\":{\"@id\":\"https:\\\/\\\/www.sprache-verbindet.net\\\/#website\"},\"datePublished\":\"2022-09-12T07:59:42+00:00\",\"dateModified\":\"2022-10-26T16:48:03+00:00\",\"description\":\"Dragi p\u0103rin\u021bi, O component\u0103 de baz\u0103 a succesului, at\u00e2t la \u0219coal\u0103 c\u00e2t \u0219i \u00een carier\u0103, este cunoa\u0219terea limbii germane. Noi ajut\u0103m copiii din familiile de\",\"breadcrumb\":{\"@id\":\"https:\\\/\\\/www.sprache-verbindet.net\\\/ro\\\/#breadcrumb\"},\"inLanguage\":\"ro-RO\",\"potentialAction\":[{\"@type\":\"ReadAction\",\"target\":[\"https:\\\/\\\/www.sprache-verbindet.net\\\/ro\\\/\"]}]},{\"@type\":\"BreadcrumbList\",\"@id\":\"https:\\\/\\\/www.sprache-verbindet.net\\\/ro\\\/#breadcrumb\",\"itemListElement\":[{\"@type\":\"ListItem\",\"position\":1,\"name\":\"Startseite\",\"item\":\"https:\\\/\\\/www.sprache-verbindet.net\\\/ro\\\/\"},{\"@type\":\"ListItem\",\"position\":2,\"name\":\"Startseite\"}]},{\"@type\":\"WebSite\",\"@id\":\"https:\\\/\\\/www.sprache-verbindet.net\\\/#website\",\"url\":\"https:\\\/\\\/www.sprache-verbindet.net\\\/\",\"name\":\"Limba vorbit\u0103 ne aduce \u00eempreun\u0103\",\"description\":\"\",\"publisher\":{\"@id\":\"https:\\\/\\\/www.sprache-verbindet.net\\\/#organization\"},\"potentialAction\":[{\"@type\":\"SearchAction\",\"target\":{\"@type\":\"EntryPoint\",\"urlTemplate\":\"https:\\\/\\\/www.sprache-verbindet.net\\\/?s={search_term_string}\"},\"query-input\":{\"@type\":\"PropertyValueSpecification\",\"valueRequired\":true,\"valueName\":\"search_term_string\"}}],\"inLanguage\":\"ro-RO\"},{\"@type\":\"Organization\",\"@id\":\"https:\\\/\\\/www.sprache-verbindet.net\\\/#organization\",\"name\":\"Sprache verbindet\",\"url\":\"https:\\\/\\\/www.sprache-verbindet.net\\\/\",\"logo\":{\"@type\":\"ImageObject\",\"inLanguage\":\"ro-RO\",\"@id\":\"https:\\\/\\\/www.sprache-verbindet.net\\\/#\\\/schema\\\/logo\\\/image\\\/\",\"url\":\"https:\\\/\\\/www.sprache-verbindet.net\\\/wp-content\\\/uploads\\\/sprache-verbindet-logo.svg\",\"contentUrl\":\"https:\\\/\\\/www.sprache-verbindet.net\\\/wp-content\\\/uploads\\\/sprache-verbindet-logo.svg\",\"width\":1094,\"height\":297,\"caption\":\"Sprache verbindet\"},\"image\":{\"@id\":\"https:\\\/\\\/www.sprache-verbindet.net\\\/#\\\/schema\\\/logo\\\/image\\\/\"}}]}<\/script>\n<!-- \/ Yoast SEO plugin. -->","yoast_head_json":{"title":"Startseite - Limba vorbit\u0103 ne aduce \u00eempreun\u0103","description":"Dragi p\u0103rin\u021bi, O component\u0103 de baz\u0103 a succesului, at\u00e2t la \u0219coal\u0103 c\u00e2t \u0219i \u00een carier\u0103, este cunoa\u0219terea limbii germane. Noi ajut\u0103m copiii din familiile de","robots":{"index":"index","follow":"follow","max-snippet":"max-snippet:-1","max-image-preview":"max-image-preview:large","max-video-preview":"max-video-preview:-1"},"canonical":"https:\/\/www.sprache-verbindet.net\/ro\/","og_locale":"ro_RO","og_type":"article","og_title":"Startseite - Limba vorbit\u0103 ne aduce \u00eempreun\u0103","og_description":"Dragi p\u0103rin\u021bi, O component\u0103 de baz\u0103 a succesului, at\u00e2t la \u0219coal\u0103 c\u00e2t \u0219i \u00een carier\u0103, este cunoa\u0219terea limbii germane. Noi ajut\u0103m copiii din familiile de","og_url":"https:\/\/www.sprache-verbindet.net\/ro\/","og_site_name":"Limba vorbit\u0103 ne aduce \u00eempreun\u0103","article_modified_time":"2022-10-26T16:48:03+00:00","twitter_card":"summary_large_image","schema":{"@context":"https:\/\/schema.org","@graph":[{"@type":"WebPage","@id":"https:\/\/www.sprache-verbindet.net\/ro\/","url":"https:\/\/www.sprache-verbindet.net\/ro\/","name":"Startseite - Limba vorbit\u0103 ne aduce \u00eempreun\u0103","isPartOf":{"@id":"https:\/\/www.sprache-verbindet.net\/#website"},"datePublished":"2022-09-12T07:59:42+00:00","dateModified":"2022-10-26T16:48:03+00:00","description":"Dragi p\u0103rin\u021bi, O component\u0103 de baz\u0103 a succesului, at\u00e2t la \u0219coal\u0103 c\u00e2t \u0219i \u00een carier\u0103, este cunoa\u0219terea limbii germane. Noi ajut\u0103m copiii din familiile de","breadcrumb":{"@id":"https:\/\/www.sprache-verbindet.net\/ro\/#breadcrumb"},"inLanguage":"ro-RO","potentialAction":[{"@type":"ReadAction","target":["https:\/\/www.sprache-verbindet.net\/ro\/"]}]},{"@type":"BreadcrumbList","@id":"https:\/\/www.sprache-verbindet.net\/ro\/#breadcrumb","itemListElement":[{"@type":"ListItem","position":1,"name":"Startseite","item":"https:\/\/www.sprache-verbindet.net\/ro\/"},{"@type":"ListItem","position":2,"name":"Startseite"}]},{"@type":"WebSite","@id":"https:\/\/www.sprache-verbindet.net\/#website","url":"https:\/\/www.sprache-verbindet.net\/","name":"Limba vorbit\u0103 ne aduce \u00eempreun\u0103","description":"","publisher":{"@id":"https:\/\/www.sprache-verbindet.net\/#organization"},"potentialAction":[{"@type":"SearchAction","target":{"@type":"EntryPoint","urlTemplate":"https:\/\/www.sprache-verbindet.net\/?s={search_term_string}"},"query-input":{"@type":"PropertyValueSpecification","valueRequired":true,"valueName":"search_term_string"}}],"inLanguage":"ro-RO"},{"@type":"Organization","@id":"https:\/\/www.sprache-verbindet.net\/#organization","name":"Sprache verbindet","url":"https:\/\/www.sprache-verbindet.net\/","logo":{"@type":"ImageObject","inLanguage":"ro-RO","@id":"https:\/\/www.sprache-verbindet.net\/#\/schema\/logo\/image\/","url":"https:\/\/www.sprache-verbindet.net\/wp-content\/uploads\/sprache-verbindet-logo.svg","contentUrl":"https:\/\/www.sprache-verbindet.net\/wp-content\/uploads\/sprache-verbindet-logo.svg","width":1094,"height":297,"caption":"Sprache verbindet"},"image":{"@id":"https:\/\/www.sprache-verbindet.net\/#\/schema\/logo\/image\/"}}]}},"_links":{"self":[{"href":"https:\/\/www.sprache-verbindet.net\/ro\/wp-json\/wp\/v2\/pages\/1397","targetHints":{"allow":["GET"]}}],"collection":[{"href":"https:\/\/www.sprache-verbindet.net\/ro\/wp-json\/wp\/v2\/pages"}],"about":[{"href":"https:\/\/www.sprache-verbindet.net\/ro\/wp-json\/wp\/v2\/types\/page"}],"author":[{"embeddable":true,"href":"https:\/\/www.sprache-verbindet.net\/ro\/wp-json\/wp\/v2\/users\/1"}],"replies":[{"embeddable":true,"href":"https:\/\/www.sprache-verbindet.net\/ro\/wp-json\/wp\/v2\/comments?post=1397"}],"version-history":[{"count":4,"href":"https:\/\/www.sprache-verbindet.net\/ro\/wp-json\/wp\/v2\/pages\/1397\/revisions"}],"predecessor-version":[{"id":1641,"href":"https:\/\/www.sprache-verbindet.net\/ro\/wp-json\/wp\/v2\/pages\/1397\/revisions\/1641"}],"wp:attachment":[{"href":"https:\/\/www.sprache-verbindet.net\/ro\/wp-json\/wp\/v2\/media?parent=1397"}],"curies":[{"name":"wp","href":"https:\/\/api.w.org\/{rel}","templated":true}]}}