{"id":1795,"date":"2022-10-07T14:44:05","date_gmt":"2022-10-07T12:44:05","guid":{"rendered":"https:\/\/www.sprache-verbindet.net\/sprachfoerderung-fuer-ihr-kind\/"},"modified":"2022-11-09T11:00:57","modified_gmt":"2022-11-09T10:00:57","slug":"sprachfoerderung-fuer-ihr-kind","status":"publish","type":"page","link":"https:\/\/www.sprache-verbindet.net\/ro\/sprachfoerderung-fuer-ihr-kind\/","title":{"rendered":"Sprachf\u00f6rderung f\u00fcr Ihr Kind"},"content":{"rendered":"<h2>Anmeldung f\u00fcr Kinder<\/h2>\n<p><strong>Ja, mein Kind soll f\u00fcr 4 Euro pro Stunde Sprachf\u00f6rderung bekommen!<\/strong><\/p>\n\n<div class=\"wpcf7 no-js\" id=\"wpcf7-f1490-o1\" lang=\"ro-RO\" dir=\"ltr\" data-wpcf7-id=\"1490\">\n<div class=\"screen-reader-response\"><p role=\"status\" aria-live=\"polite\" aria-atomic=\"true\"><\/p> <ul><\/ul><\/div>\n<form action=\"\/ro\/wp-json\/wp\/v2\/pages\/1795#wpcf7-f1490-o1\" method=\"post\" class=\"wpcf7-form init\" aria-label=\"Formular de contact\" novalidate=\"novalidate\" data-status=\"init\">\n<fieldset class=\"hidden-fields-container\"><input type=\"hidden\" name=\"_wpcf7\" value=\"1490\" \/><input type=\"hidden\" name=\"_wpcf7_version\" value=\"6.1.5\" \/><input type=\"hidden\" name=\"_wpcf7_locale\" value=\"ro_RO\" \/><input type=\"hidden\" name=\"_wpcf7_unit_tag\" value=\"wpcf7-f1490-o1\" \/><input type=\"hidden\" name=\"_wpcf7_container_post\" value=\"0\" \/><input type=\"hidden\" name=\"_wpcf7_posted_data_hash\" value=\"\" \/><input type=\"hidden\" name=\"_wpcf7cf_hidden_group_fields\" value=\"[]\" \/><input type=\"hidden\" name=\"_wpcf7cf_hidden_groups\" value=\"[]\" \/><input type=\"hidden\" name=\"_wpcf7cf_visible_groups\" value=\"[]\" \/><input type=\"hidden\" name=\"_wpcf7cf_repeaters\" value=\"[]\" \/><input type=\"hidden\" name=\"_wpcf7cf_steps\" value=\"{}\" \/><input type=\"hidden\" name=\"_wpcf7cf_options\" value=\"{&quot;form_id&quot;:1490,&quot;conditions&quot;:[],&quot;settings&quot;:{&quot;animation&quot;:&quot;yes&quot;,&quot;animation_intime&quot;:200,&quot;animation_outtime&quot;:200,&quot;conditions_ui&quot;:&quot;normal&quot;,&quot;notice_dismissed&quot;:false,&quot;notice_dismissed_update-cf7-5.8.7&quot;:true}}\" \/><input type=\"hidden\" name=\"_wpcf7dtx_version\" value=\"5.0.5\" \/>\n<\/fieldset>\n<div class=\"row\">\n\t<div class=\"col-md-6 wrap_down\">\n\t\t<p><div class=\"col-md-6 wrap_down\"><label>Projekt:* <\/label><span class=\"wpcf7-form-control-wrap empfaenger\"><select name=\"empfaenger\" class=\"wpcf7-form-control wpcf7-select rcsv-empfaenger rcsv-needs-choice\" required=\"required\"><option value=\"\">Bitte w\u00e4hlen<\/option><option value=\"&#97;l&#x74;e&#x6e;a&#x40;s&#x70;&#114;&#x61;&#99;&#x68;&#101;&#x2d;&#118;e&#114;b&#x69;n&#x64;e&#x74;&#46;&#x6e;&#101;&#x74;\">Altena<\/option><option value=\"k&#97;&#x72;&#x6c;s&#116;&#x61;&#x64;t&#45;&#x61;&#x72;n&#115;&#x74;&#x65;i&#110;&#x40;&#x73;p&#114;&#97;&#x63;&#x68;e&#45;&#x76;&#x65;r&#98;&#x69;&#x6e;d&#101;&#x74;&#x2e;n&#101;&#x74;\">Arnstein<\/option><option value=\"&#x62;&#105;&#x65;&#x6c;&#101;&#x66;&#x65;&#108;&#x64;&#x40;&#115;&#x70;&#x72;a&#x63;&#x68;e&#x2d;&#118;e&#x72;&#98;i&#x6e;&#100;e&#x74;&#46;n&#x65;&#116;\">Bielefeld<\/option><option value=\"&#98;&#x6f;c&#x68;u&#109;&#x40;&#115;&#x70;r&#97;&#x63;&#104;&#x65;-&#x76;&#x65;&#114;&#x62;i&#x6e;d&#101;&#x74;&#46;&#x6e;e&#116;\">Bochum<\/option><option value=\"&#115;&#x70;r&#97;&#x63;h&#x65;&#x2d;&#118;&#x65;r&#98;&#x69;n&#100;&#x65;&#116;&#x40;r&#111;&#x74;a&#114;&#x79;&#49;&#x39;&#x30;&#48;&#x2e;d&#101;\">Distrikt 1900<\/option><option value=\"&#x64;&#111;&#114;t&#x6d;&#x75;&#110;d&#x40;&#x73;&#112;ra&#x63;&#104;&#101;-&#x76;&#x65;&#114;b&#x69;&#x6e;&#100;&#101;t&#x2e;&#x6e;&#101;t\">Dortmund<\/option><option value=\"&#103;&#x72;&#x6f;n&#97;&#x75;-&#101;&#x75;r&#101;&#x67;i&#111;&#x40;&#x73;&#112;&#x72;&#x61;c&#104;&#x65;-&#118;&#x65;r&#98;&#x69;&#x6e;&#100;&#x65;&#x74;&#46;&#110;&#x65;t\">Gronau\/Euregio<\/option><option value=\"g&#117;&#x65;&#x74;e&#114;&#115;&#x6c;&#x6f;h&#64;&#115;&#x70;&#x72;a&#99;&#x68;&#x65;&#x2d;v&#101;&#x72;&#x62;i&#110;&#100;&#x65;&#x74;&#46;&#110;&#101;&#x74;\">G\u00fctersloh<\/option><option value=\"&#104;a&#x67;e&#x6e;&#64;&#x73;p&#x72;a&#x63;h&#x65;&#45;&#x76;&#101;&#x72;&#98;&#x69;&#110;&#x64;&#101;&#x74;&#46;&#x6e;&#101;t\">Hagen<\/option><option value=\"&#104;&#x61;&#x6d;m&#64;&#x73;p&#114;&#x61;&#x63;h&#101;&#x2d;v&#101;&#x72;&#x62;i&#110;&#x64;e&#116;&#x2e;&#x6e;&#101;&#116;\">Hamm<\/option><option value=\"h&#101;&#109;&#x65;&#x72;&#x40;sp&#114;&#97;&#x63;&#x68;&#x65;-&#118;&#101;&#114;&#x62;&#x69;&#x6e;d&#101;&#116;&#x2e;&#x6e;&#x65;t\">Hemer<\/option><option value=\"&#x68;e&#x72;&#102;&#x6f;&#x72;d&#x2d;&#98;&#x75;&#x65;n&#x64;&#101;&#x40;&#x73;p&#x72;&#97;&#x63;&#x68;e&#x2d;&#118;&#x65;&#x72;b&#x69;&#110;&#x64;&#x65;t&#x2e;&#110;&#x65;&#x74;\">Herford\/B\u00fcnde<\/option><option value=\"&#114;&#x65;c&#x6b;&#x6c;&#105;&#x6e;g&#104;&#x61;&#117;&#x73;e&#110;&#x40;s&#x70;r&#97;&#x63;h&#x65;&#x2d;&#118;&#x65;r&#98;&#x69;&#110;&#x64;e&#116;&#x2e;&#110;&#x65;t\">Herten<\/option><option value=\"rhed&#97;&#95;&#119;&#105;&#101;&#100;&#101;&#x6e;&#x62;&#x72;&#x75;&#x65;&#x63;&#x6b;&#x40;&#x73;prac&#104;&#101;&#45;&#118;&#101;&#114;&#98;&#x69;&#x6e;&#x64;&#x65;&#x74;&#x2e;&#x6e;&#x65;&#x74;\">Herzbrock-Clarholz<\/option><option value=\"hohe&#110;&#108;&#105;&#109;&#98;&#x75;&#x72;&#x67;&#x6c;&#x65;&#x74;&#x6d;athe&#64;&#115;&#112;&#114;&#97;&#x63;&#x68;&#x65;&#x2d;&#x76;&#x65;&#x72;&#x62;inde&#116;&#46;&#110;&#101;&#116;\">Hohenlimburg-Letmathe<\/option><option value=\"iserlohn&#64;&#115;&#112;&#114;&#97;&#99;&#104;&#101;&#45;&#118;&#x65;&#x72;&#x62;&#x69;&#x6e;&#x64;&#x65;&#x74;&#x2e;&#x6e;&#x65;&#x74;\">Iserlohn<\/option><option value=\"&#107;&#x61;&#114;&#x6c;&#115;&#x74;a&#x64;t&#x2d;a&#114;&#x6e;&#115;&#x74;&#101;&#x69;&#110;&#x40;s&#x70;r&#x61;c&#104;&#x65;&#45;&#x76;&#101;&#x72;&#98;&#x69;n&#x64;e&#x74;&#46;&#110;&#x65;&#116;\">Karlstadt<\/option><option value=\"&#111;&#x62;&#x65;&#114;&#x65;&#x73;&#45;&#x76;&#x6f;&#108;&#x6d;&#x65;&#116;&#x61;&#x6c;&#64;&#x73;&#x70;&#114;&#x61;&#x63;&#104;&#x65;&#x2d;&#118;&#x65;&#x72;b&#x69;&#x6e;d&#x65;&#x74;&#46;&#110;&#x65;t\">Kierspe<\/option><option value=\"&#x6b;&#x72;&#x65;&#x69;&#x73;&#x2d;&#x68;&#x65;&#x69;&#x6e;&#x73;&#x62;&#x65;&#x72;&#x67;&#x40;&#x73;&#x70;&#x72;&#x61;&#x63;&#x68;&#x65;&#x2d;&#x76;&#x65;&#x72;&#x62;&#x69;&#x6e;&#x64;&#x65;&#x74;&#x2e;&#x6e;&#x65;&#x74;\">Kreis Heinsberg<\/option><option value=\"&#x72;&#x68;&#x65;&#x64;&#x61;&#x2d;&#x77;&#105;&#101;&#100;&#101;&#110;brue&#x63;&#x6b;&#x40;&#x73;&#x70;&#x72;&#x61;&#x63;&#104;&#101;&#45;&#118;&#101;rbin&#x64;&#x65;&#x74;&#x2e;&#x6e;&#x65;&#x74;\">Langenberg<\/option><option value=\"lippstadt&#64;sprache-verbin&#100;&#101;&#116;&#46;&#110;&#101;&#116;\">Lippstadt<\/option><option value=\"&#108;&#117;&#x65;d&#101;&#x6e;&#x73;c&#104;&#x65;&#x69;d&#64;&#x73;&#x70;r&#97;&#x63;&#x68;e&#45;&#x76;&#x65;r&#98;&#x69;n&#100;&#101;&#x74;&#46;&#110;&#x65;&#x74;\">L\u00fcdenscheid<\/option><option value=\"&#x72;&#x65;&#x63;&#x6b;&#108;&#105;ngh&#x61;&#x75;&#x73;&#x65;&#110;&#64;spr&#x61;&#x63;&#x68;&#x65;&#45;&#118;&#101;rb&#x69;&#x6e;&#x64;&#x65;&#116;&#46;&#110;et\">Marl<\/option><option value=\"&#111;&#x62;e&#114;&#x65;s&#45;&#x76;o&#x6c;&#x6d;&#101;&#x74;a&#108;&#x40;s&#112;&#x72;a&#x63;&#x68;&#101;&#x2d;&#x76;&#101;&#x72;b&#105;&#x6e;d&#101;&#x74;&#46;&#x6e;&#x65;&#116;\">Meinerzhagen<\/option><option value=\"muen&#115;&#116;&#101;&#114;&#64;&#x73;&#x70;&#x72;&#x61;&#x63;&#x68;&#x65;-ver&#98;&#105;&#110;&#100;&#101;&#x74;&#x2e;&#x6e;&#x65;&#x74;\">M\u00fcnster<\/option><option value=\"&#x61;&#x6c;&#x74;&#101;&#110;a&#64;&#x73;&#x70;&#x72;&#x61;&#99;&#104;e-&#x76;&#x65;&#x72;&#98;&#105;&#110;de&#x74;&#x2e;&#x6e;&#101;&#116;\">Neuenrade<\/option><option value=\"&#x72;&#x65;&#99;k&#x6c;&#x69;&#110;gh&#x61;&#x75;&#115;e&#x6e;&#x40;&#115;&#112;r&#x61;&#x63;&#104;e&#x2d;&#x76;&#101;&#114;b&#x69;&#x6e;&#100;e&#x74;&#x2e;&#110;&#101;t\">Oer-Erkenschwick<\/option><option value=\"o&#101;&#114;&#x6c;&#x69;&#x6e;g&#104;&#97;&#x75;&#x73;&#x65;n&#64;&#115;&#x70;&#x72;&#x61;ch&#101;&#45;&#x76;&#x65;&#x72;b&#105;&#110;&#x64;&#x65;&#x74;&#46;&#110;&#101;&#x74;\">Oerlinghausen<\/option><option value=\"&#x70;a&#x64;&#101;r&#x62;&#111;&#x72;&#x6e;-&#x62;&#117;e&#x72;&#101;&#x6e;&#64;s&#x70;&#114;a&#x63;&#104;&#x65;&#45;v&#x65;&#114;&#x62;&#x69;n&#x64;&#101;t&#x2e;&#110;&#x65;&#x74;\">Paderborn\/B\u00fcren<\/option><option value=\"&#x61;&#108;t&#x65;&#x6e;&#97;&#64;&#x73;&#112;r&#x61;&#x63;&#104;e&#x2d;&#118;e&#x72;&#x62;&#105;n&#x64;&#x65;&#116;&#x2e;&#x6e;&#101;t\">Plettenberg<\/option><option value=\"&#x70;&#x75;&#x6c;&#x68;&#101;&#105;&#109;&#64;spr&#x61;&#x63;&#x68;&#x65;&#x2d;&#118;&#101;&#114;bin&#x64;&#x65;&#x74;&#x2e;&#x6e;&#101;&#116;\">Pulheim<\/option><option value=\"&#x72;h&#x65;&#100;a&#x5f;&#119;&#x69;&#x65;d&#x65;&#110;b&#x72;&#117;&#x65;&#99;k&#x40;&#115;p&#x72;&#97;&#x63;&#104;e&#x2d;&#118;&#x65;&#x72;b&#x69;&#110;d&#x65;&#116;&#x2e;&#x6e;e&#x74;\">Rheda-Wiedenbr\u00fcck<\/option><option value=\"&#x72;&#x68;&#x65;&#100;&#97;-w&#x69;&#x65;&#x64;&#x65;&#110;&#98;ru&#x65;&#x63;&#x6b;&#64;&#115;&#112;ra&#x63;&#x68;&#x65;&#45;&#118;er&#x62;&#x69;&#x6e;&#x64;&#101;&#116;&#46;n&#x65;&#x74;\">Rietberg<\/option><option value=\"&#115;&#x63;&#104;&#x77;&#101;&#x72;&#116;&#x65;&#64;&#x73;p&#x72;a&#x63;h&#101;&#x2d;&#118;&#x65;&#114;&#x62;&#105;&#x6e;&#100;&#x65;t&#x2e;n&#x65;t\">Schwerte<\/option><option value=\"rec&#107;&#108;&#105;&#110;&#x67;&#x68;&#x61;&#x75;&#x73;&#x65;&#x6e;&#64;sp&#114;&#97;&#99;&#104;&#101;&#x2d;&#x76;&#x65;&#x72;&#x62;&#x69;ndet&#46;&#110;&#101;&#116;\">Vest Recklinghausen<\/option><option value=\"&#x72;&#101;c&#x6b;&#108;&#105;&#x6e;&#x67;&#104;a&#x75;&#115;e&#x6e;&#x40;&#115;p&#x72;&#97;c&#x68;&#x65;&#45;v&#x65;&#114;b&#x69;&#x6e;&#100;e&#x74;&#46;n&#x65;&#x74;\">Waltrop<\/option><option value=\"&#x61;&#x6c;&#x74;&#x65;&#110;&#97;&#64;sp&#x72;&#x61;&#x63;&#x68;&#101;&#45;ver&#x62;&#x69;&#x6e;&#x64;&#101;&#116;&#46;ne&#x74;\">Werdohl<\/option><option value=\"&#119;&#x69;t&#116;&#x65;n&#x40;&#x73;&#112;&#x72;a&#99;&#x68;e&#45;&#x76;&#101;&#x72;b&#105;&#x6e;d&#101;&#x74;&#46;&#x6e;&#x65;&#116;\">Witten<\/option><\/select><\/span><\/div>\n\t\t<\/p>\n\t<\/div>\n<\/div>\n<div class=\"row\">\n\t<div class=\"col-md-12\">\n\t\t<h4>Daten des Kindes \/ Datele copilului:\n\t\t<\/h4>\n\t<\/div>\n\t<div class=\"col-md-6\">\n\t\t<p><span id=\"wpcf7-69f3a407c443d-wrapper\" class=\"wpcf7-form-control-wrap name-kind-wrap\" ><input type=\"hidden\" name=\"name-kind-time-start\" value=\"1777574919\"><input type=\"hidden\" name=\"name-kind-time-check\" value=\"4\"><label for=\"wpcf7-69f3a407c443d-field\" class=\"hp-message\">Please leave this field empty.<\/label><input id=\"wpcf7-69f3a407c443d-field\"  class=\"wpcf7-form-control wpcf7-text\" type=\"text\" name=\"name-kind\" value=\"\" size=\"40\" tabindex=\"-1\" autocomplete=\"new-password\" \/><\/span><label>Name \/ Nume* <span class=\"wpcf7-form-control-wrap\" data-name=\"nachname\"><input size=\"40\" maxlength=\"400\" class=\"wpcf7-form-control wpcf7-text wpcf7-validates-as-required\" aria-required=\"true\" aria-invalid=\"false\" value=\"\" type=\"text\" name=\"nachname\" \/><\/span><\/label>\n\t\t<\/p>\n\t<\/div>\n\t<div class=\"col-md-6\">\n\t\t<p><label>Vorname \/ Prenume* <span class=\"wpcf7-form-control-wrap\" data-name=\"vorname\"><input size=\"40\" maxlength=\"400\" class=\"wpcf7-form-control wpcf7-text wpcf7-validates-as-required\" aria-required=\"true\" aria-invalid=\"false\" value=\"\" type=\"text\" name=\"vorname\" \/><\/span> <\/label>\n\t\t<\/p>\n\t<\/div>\n\t<div class=\"col-md-6\">\n\t\t<p><label>Geschlecht \/ Sex* <span class=\"wpcf7-form-control-wrap\" data-name=\"geschlecht\"><select class=\"wpcf7-form-control wpcf7-select wpcf7-validates-as-required\" aria-required=\"true\" aria-invalid=\"false\" name=\"geschlecht\"><option value=\"\">- Te rog alege o op\u021biune -<\/option><option value=\"weiblich \/ feminin\">weiblich \/ feminin<\/option><option value=\"m\u00e4nnlich \/ masculin\">m\u00e4nnlich \/ masculin<\/option><\/select><\/span><\/label>\n\t\t<\/p>\n\t<\/div>\n\t<div class=\"col-md-6\">\n\t\t<p><label>Geburtstag \/ Ziua de na\u0219tere* <span class=\"wpcf7-form-control-wrap\" data-name=\"geburtstag\"><input class=\"wpcf7-form-control wpcf7-date wpcf7-validates-as-required wpcf7-validates-as-date\" aria-required=\"true\" aria-invalid=\"false\" value=\"\" type=\"date\" name=\"geburtstag\" \/><\/span><\/label>\n\t\t<\/p>\n\t<\/div>\n\t<div class=\"col-md-6\">\n\t\t<p><label>Geburtsort\/-Land \/ Locul\/\u021bara de na\u0219tere*<span class=\"wpcf7-form-control-wrap\" data-name=\"geburtsort\"><input size=\"40\" maxlength=\"400\" class=\"wpcf7-form-control wpcf7-text wpcf7-validates-as-required\" aria-required=\"true\" aria-invalid=\"false\" value=\"\" type=\"text\" name=\"geburtsort\" \/><\/span> <\/label>\n\t\t<\/p>\n\t<\/div>\n\t<div class=\"col-md-6\">\n\t\t<p><label>Stra\u00dfe \/ Strada*<span class=\"wpcf7-form-control-wrap\" data-name=\"strasse\"><input size=\"40\" maxlength=\"400\" class=\"wpcf7-form-control wpcf7-text wpcf7-validates-as-required\" aria-required=\"true\" aria-invalid=\"false\" value=\"\" type=\"text\" name=\"strasse\" \/><\/span> <\/label>\n\t\t<\/p>\n\t<\/div>\n\t<div class=\"col-md-6\">\n\t\t<p><label>PLZ \/ COD PO\u0218TAL*<span class=\"wpcf7-form-control-wrap\" data-name=\"plz\"><input class=\"wpcf7-form-control wpcf7-number wpcf7-validates-as-required wpcf7-validates-as-number\" aria-required=\"true\" aria-invalid=\"false\" value=\"\" type=\"number\" name=\"plz\" \/><\/span> <\/label>\n\t\t<\/p>\n\t<\/div>\n\t<div class=\"col-md-6\">\n\t\t<p><label>Wohnort \/ Locul de re\u0219edin\u021b\u0103*<span class=\"wpcf7-form-control-wrap\" data-name=\"ort\"><input size=\"40\" maxlength=\"400\" class=\"wpcf7-form-control wpcf7-text wpcf7-validates-as-required\" aria-required=\"true\" aria-invalid=\"false\" value=\"\" type=\"text\" name=\"ort\" \/><\/span> <\/label>\n\t\t<\/p>\n\t<\/div>\n\t<div class=\"col-md-6\">\n\t\t<p><label>Telefon\/Mobil<span class=\"wpcf7-form-control-wrap\" data-name=\"telefon\"><input size=\"40\" maxlength=\"400\" class=\"wpcf7-form-control wpcf7-tel wpcf7-text wpcf7-validates-as-tel\" aria-invalid=\"false\" value=\"\" type=\"tel\" name=\"telefon\" \/><\/span><\/label><span id=\"wpcf7-69f3a407c4698-wrapper\" class=\"wpcf7-form-control-wrap mobil-wrap\" ><input type=\"hidden\" name=\"mobil-time-start\" value=\"1777574919\"><input type=\"hidden\" name=\"mobil-time-check\" value=\"4\"><label for=\"wpcf7-69f3a407c4698-field\" class=\"hp-message\">Please leave this field empty.<\/label><input id=\"wpcf7-69f3a407c4698-field\"  class=\"wpcf7-form-control wpcf7-text\" type=\"text\" name=\"mobil\" value=\"\" size=\"40\" tabindex=\"-1\" autocomplete=\"new-password\" \/><\/span>\n\t\t<\/p>\n\t<\/div>\n\t<div class=\"col-md-6\">\n\t\t<p><label>Sprache\/Nationalit\u00e4t \/ Limb\u0103\/na\u021bionalitate*<span class=\"wpcf7-form-control-wrap\" data-name=\"nationalitaet\"><input size=\"40\" maxlength=\"400\" class=\"wpcf7-form-control wpcf7-text wpcf7-validates-as-required\" aria-required=\"true\" aria-invalid=\"false\" value=\"\" type=\"text\" name=\"nationalitaet\" \/><\/span><\/label>\n\t\t<\/p>\n\t<\/div>\n\t<div class=\"col-md-6\">\n\t\t<p><label>Schule und Klasse\/Kindergarten \/ \u0218coal\u0103 \u0219i clas\u0103\/gr\u0103dini\u021b\u0103<span class=\"wpcf7-form-control-wrap\" data-name=\"schule\"><input size=\"40\" maxlength=\"400\" class=\"wpcf7-form-control wpcf7-text\" aria-invalid=\"false\" value=\"\" type=\"text\" name=\"schule\" \/><\/span><\/label>\n\t\t<\/p>\n\t<\/div>\n\t<div class=\"col-md-6\">\n\t\t<p><label>Lehrer\/-in oder Erzieher\/-in \/ Profesor sau educator<span class=\"wpcf7-form-control-wrap\" data-name=\"lehrer\"><input size=\"40\" maxlength=\"400\" class=\"wpcf7-form-control wpcf7-text\" aria-invalid=\"false\" value=\"\" type=\"text\" name=\"lehrer\" \/><\/span><\/label>\n\t\t<\/p>\n\t<\/div>\n\t<div class=\"col-md-6\">\n\t\t<p><label>Bemerkung \/ Comentariu<span class=\"wpcf7-form-control-wrap\" data-name=\"bemerkung-f-m\"><input size=\"40\" maxlength=\"400\" class=\"wpcf7-form-control wpcf7-text\" aria-invalid=\"false\" value=\"\" type=\"text\" name=\"bemerkung-f-m\" \/><\/span><\/label>\n\t\t<\/p>\n\t<\/div>\n<\/div>\n<div class=\"row\">\n\t<div class=\"col-md-12\">\n\t\t<p>M\u00f6chten Sie f\u00fcr die Sprachf\u00f6rderung Ihres Kindes einen weiblichen oder m\u00e4nnlichen Scout? \/ Dori\u021bi un cerceta\u0219 de sex feminin sau masculin pentru dezvoltarea limbajului copilului dumneavoastr\u0103?\n\t\t<\/p>\n\t<\/div>\n\t<div class=\"col-md-12\">\n\t\t<p><span class=\"wpcf7-form-control-wrap\" data-name=\"radio-971\"><span class=\"wpcf7-form-control wpcf7-radio\"><span class=\"wpcf7-list-item first\"><input type=\"radio\" name=\"radio-971\" value=\"weiblich \/ femeie\" \/><span class=\"wpcf7-list-item-label\">weiblich \/ femeie<\/span><\/span><span class=\"wpcf7-list-item\"><input type=\"radio\" name=\"radio-971\" value=\"m\u00e4nnlich \/ masculin\" \/><span class=\"wpcf7-list-item-label\">m\u00e4nnlich \/ masculin<\/span><\/span><span class=\"wpcf7-list-item last\"><input type=\"radio\" name=\"radio-971\" value=\"keine Angabe \/ niciun raspuns\" \/><span class=\"wpcf7-list-item-label\">keine Angabe \/ niciun raspuns<\/span><\/span><\/span><\/span>\n\t\t<\/p>\n\t<\/div>\n<\/div>\n<div class=\"row\">\n\t<div class=\"col-md-12\">\n\t\t<h4>Daten der Eltern \/ Date despre p\u0103rin\u021bi:\n\t\t<\/h4>\n\t<\/div>\n\t<div class=\"col-md-6\">\n\t\t<p><label>Anrede \/ Titlu* <span class=\"wpcf7-form-control-wrap\" data-name=\"anrede\"><select class=\"wpcf7-form-control wpcf7-select wpcf7-validates-as-required\" aria-required=\"true\" aria-invalid=\"false\" name=\"anrede\"><option value=\"\">- Te rog alege o op\u021biune -<\/option><option value=\"Herr \/ Domnul\">Herr \/ Domnul<\/option><option value=\"Frau \/ Dna\">Frau \/ Dna<\/option><\/select><\/span><\/label>\n\t\t<\/p>\n\t<\/div>\n\t<div class=\"col-md-6\">\n\t\t<p><label>Name \/ Nume* <span class=\"wpcf7-form-control-wrap\" data-name=\"name2\"><input size=\"40\" maxlength=\"400\" class=\"wpcf7-form-control wpcf7-text wpcf7-validates-as-required\" aria-required=\"true\" aria-invalid=\"false\" value=\"\" type=\"text\" name=\"name2\" \/><\/span> <\/label>\n\t\t<\/p>\n\t<\/div>\n\t<div class=\"col-md-6\">\n\t\t<p><label>Vorname \/ prenume* <span class=\"wpcf7-form-control-wrap\" data-name=\"vorname2\"><input size=\"40\" maxlength=\"400\" class=\"wpcf7-form-control wpcf7-text wpcf7-validates-as-required\" aria-required=\"true\" aria-invalid=\"false\" value=\"\" type=\"text\" name=\"vorname2\" \/><\/span> <\/label>\n\t\t<\/p>\n\t<\/div>\n\t<div class=\"col-md-6\">\n\t\t<p><label>Geburtsort\/-Land \/ Locul\/\u021bara de na\u0219tere* <span class=\"wpcf7-form-control-wrap\" data-name=\"geburtsort-eltern\"><input size=\"40\" maxlength=\"400\" class=\"wpcf7-form-control wpcf7-text wpcf7-validates-as-required\" aria-required=\"true\" aria-invalid=\"false\" value=\"\" type=\"text\" name=\"geburtsort-eltern\" \/><\/span><\/label>\n\t\t<\/p>\n\t<\/div>\n\t<div class=\"col-md-6\">\n\t\t<p><label>Telefon\/Mobil<span class=\"wpcf7-form-control-wrap\" data-name=\"telefon-eltern\"><input size=\"40\" maxlength=\"400\" class=\"wpcf7-form-control wpcf7-tel wpcf7-text wpcf7-validates-as-tel\" aria-invalid=\"false\" value=\"\" type=\"tel\" name=\"telefon-eltern\" \/><\/span> <\/label>\n\t\t<\/p>\n\t<\/div>\n\t<div class=\"col-md-6\">\n\t\t<p><label>E-Mail* <span class=\"wpcf7-form-control-wrap\" data-name=\"e-mail-eltern\"><input size=\"40\" maxlength=\"400\" class=\"wpcf7-form-control wpcf7-email wpcf7-validates-as-required wpcf7-text wpcf7-validates-as-email\" aria-required=\"true\" aria-invalid=\"false\" value=\"\" type=\"email\" name=\"e-mail-eltern\" \/><\/span> <\/label>\n\t\t<\/p>\n\t<\/div>\n\t<div class=\"col-md-6\">\n\t\t<p><label>Bemerkung \/ Comentariu <span class=\"wpcf7-form-control-wrap\" data-name=\"bemerkung\"><textarea cols=\"40\" rows=\"10\" maxlength=\"2000\" class=\"wpcf7-form-control wpcf7-textarea\" aria-invalid=\"false\" name=\"bemerkung\"><\/textarea><\/span> <\/label>\n\t\t<\/p>\n\t<\/div>\n<\/div>\n<div class=\"row\">\n\t<div class=\"col-md-12\">\n\t\t<p><span class=\"wpcf7-form-control-wrap\" data-name=\"datenschutz\"><span class=\"wpcf7-form-control wpcf7-acceptance\"><span class=\"wpcf7-list-item\"><label><input type=\"checkbox\" name=\"datenschutz\" value=\"1\" aria-invalid=\"false\" \/><span class=\"wpcf7-list-item-label\">Ich habe die Datenschutzerkl\u00e4rung gelesen. \/ Am citit politica de confiden\u021bialitate.<\/span><\/label><\/span><\/span><\/span>\n\t\t<\/p>\n\t<\/div>\n\t<div class=\"col-md-12\">\n\t\t<p><span class=\"wpcf7-form-control-wrap\" data-name=\"kontaktdaten\"><span class=\"wpcf7-form-control wpcf7-acceptance\"><span class=\"wpcf7-list-item\"><label><input type=\"checkbox\" name=\"kontaktdaten\" value=\"1\" aria-invalid=\"false\" \/><span class=\"wpcf7-list-item-label\">Ich bin damit einverstanden, dass diese Kontaktdaten zur Betreuung meines Kindes an einen Scout und Paten weitergeben werden. Deshalb stimme ich der Speicherung meiner Daten zu. \/ Sunt de acord ca aceste date de contact s\u0103 fie transmise unui cerceta\u0219 \u0219i na\u0219ilor pentru \u00eengrijirea copilului meu. Prin urmare, sunt de acord cu stocarea datelor mele.<\/span><\/label><\/span><\/span><\/span>\n\t\t<\/p>\n\t<\/div>\n\t<div class=\"col-md-12\">\n\t\t<p><input class=\"wpcf7-form-control wpcf7-submit has-spinner\" type=\"submit\" value=\"Senden\" \/>\n\t\t<\/p>\n\t<\/div>\n<\/div><div class=\"wpcf7-response-output\" aria-hidden=\"true\"><\/div>\n<\/form>\n<\/div>\n\n","protected":false},"excerpt":{"rendered":"<p>Anmeldung f\u00fcr Kinder Ja, mein Kind soll f\u00fcr 4 Euro pro Stunde Sprachf\u00f6rderung bekommen!<\/p>\n","protected":false},"author":1,"featured_media":320,"parent":0,"menu_order":0,"comment_status":"closed","ping_status":"closed","template":"","meta":{"_acf_changed":false,"inline_featured_image":false,"footnotes":""},"class_list":["post-1795","page","type-page","status-publish","has-post-thumbnail","hentry"],"acf":[],"yoast_head":"<!-- This site is optimized with the Yoast SEO plugin v27.3 - https:\/\/yoast.com\/product\/yoast-seo-wordpress\/ -->\n<title>Sprachf\u00f6rderung f\u00fcr Ihr Kind - Limba vorbit\u0103 ne aduce \u00eempreun\u0103<\/title>\n<meta name=\"description\" content=\"Anmeldung f\u00fcr Kinder Ja, mein Kind soll f\u00fcr 4 Euro pro Stunde Sprachf\u00f6rderung bekommen!\" \/>\n<meta name=\"robots\" content=\"index, follow, max-snippet:-1, max-image-preview:large, max-video-preview:-1\" \/>\n<link rel=\"canonical\" href=\"https:\/\/www.sprache-verbindet.net\/ro\/sprachfoerderung-fuer-ihr-kind\/\" \/>\n<meta property=\"og:locale\" content=\"ro_RO\" \/>\n<meta property=\"og:type\" content=\"article\" \/>\n<meta property=\"og:title\" content=\"Sprachf\u00f6rderung f\u00fcr Ihr Kind - Limba vorbit\u0103 ne aduce \u00eempreun\u0103\" \/>\n<meta property=\"og:description\" content=\"Anmeldung f\u00fcr Kinder Ja, mein Kind soll f\u00fcr 4 Euro pro Stunde Sprachf\u00f6rderung bekommen!\" \/>\n<meta property=\"og:url\" content=\"https:\/\/www.sprache-verbindet.net\/ro\/sprachfoerderung-fuer-ihr-kind\/\" \/>\n<meta property=\"og:site_name\" content=\"Limba vorbit\u0103 ne aduce \u00eempreun\u0103\" \/>\n<meta property=\"article:modified_time\" content=\"2022-11-09T10:00:57+00:00\" \/>\n<meta property=\"og:image\" content=\"https:\/\/www.sprache-verbindet.net\/wp-content\/uploads\/iStock-487521249.jpg\" \/>\n\t<meta property=\"og:image:width\" content=\"1922\" \/>\n\t<meta property=\"og:image:height\" content=\"938\" \/>\n\t<meta property=\"og:image:type\" content=\"image\/jpeg\" \/>\n<meta name=\"twitter:card\" content=\"summary_large_image\" \/>\n<script type=\"application\/ld+json\" class=\"yoast-schema-graph\">{\"@context\":\"https:\\\/\\\/schema.org\",\"@graph\":[{\"@type\":\"WebPage\",\"@id\":\"https:\\\/\\\/www.sprache-verbindet.net\\\/ro\\\/sprachfoerderung-fuer-ihr-kind\\\/\",\"url\":\"https:\\\/\\\/www.sprache-verbindet.net\\\/ro\\\/sprachfoerderung-fuer-ihr-kind\\\/\",\"name\":\"Sprachf\u00f6rderung f\u00fcr Ihr Kind - Limba vorbit\u0103 ne aduce \u00eempreun\u0103\",\"isPartOf\":{\"@id\":\"https:\\\/\\\/www.sprache-verbindet.net\\\/#website\"},\"primaryImageOfPage\":{\"@id\":\"https:\\\/\\\/www.sprache-verbindet.net\\\/ro\\\/sprachfoerderung-fuer-ihr-kind\\\/#primaryimage\"},\"image\":{\"@id\":\"https:\\\/\\\/www.sprache-verbindet.net\\\/ro\\\/sprachfoerderung-fuer-ihr-kind\\\/#primaryimage\"},\"thumbnailUrl\":\"https:\\\/\\\/www.sprache-verbindet.net\\\/wp-content\\\/uploads\\\/Leadmotiv-Kinder-6.jpg\",\"datePublished\":\"2022-10-07T12:44:05+00:00\",\"dateModified\":\"2022-11-09T10:00:57+00:00\",\"description\":\"Anmeldung f\u00fcr Kinder Ja, mein Kind soll f\u00fcr 4 Euro pro Stunde Sprachf\u00f6rderung bekommen!\",\"breadcrumb\":{\"@id\":\"https:\\\/\\\/www.sprache-verbindet.net\\\/ro\\\/sprachfoerderung-fuer-ihr-kind\\\/#breadcrumb\"},\"inLanguage\":\"ro-RO\",\"potentialAction\":[{\"@type\":\"ReadAction\",\"target\":[\"https:\\\/\\\/www.sprache-verbindet.net\\\/ro\\\/sprachfoerderung-fuer-ihr-kind\\\/\"]}]},{\"@type\":\"ImageObject\",\"inLanguage\":\"ro-RO\",\"@id\":\"https:\\\/\\\/www.sprache-verbindet.net\\\/ro\\\/sprachfoerderung-fuer-ihr-kind\\\/#primaryimage\",\"url\":\"https:\\\/\\\/www.sprache-verbindet.net\\\/wp-content\\\/uploads\\\/Leadmotiv-Kinder-6.jpg\",\"contentUrl\":\"https:\\\/\\\/www.sprache-verbindet.net\\\/wp-content\\\/uploads\\\/Leadmotiv-Kinder-6.jpg\",\"width\":2400,\"height\":1242,\"caption\":\"Foto: iStock\\\/svetikd\"},{\"@type\":\"BreadcrumbList\",\"@id\":\"https:\\\/\\\/www.sprache-verbindet.net\\\/ro\\\/sprachfoerderung-fuer-ihr-kind\\\/#breadcrumb\",\"itemListElement\":[{\"@type\":\"ListItem\",\"position\":1,\"name\":\"Startseite\",\"item\":\"https:\\\/\\\/www.sprache-verbindet.net\\\/ro\\\/\"},{\"@type\":\"ListItem\",\"position\":2,\"name\":\"Sprachf\u00f6rderung f\u00fcr Ihr Kind\"}]},{\"@type\":\"WebSite\",\"@id\":\"https:\\\/\\\/www.sprache-verbindet.net\\\/#website\",\"url\":\"https:\\\/\\\/www.sprache-verbindet.net\\\/\",\"name\":\"Limba vorbit\u0103 ne aduce \u00eempreun\u0103\",\"description\":\"\",\"publisher\":{\"@id\":\"https:\\\/\\\/www.sprache-verbindet.net\\\/#organization\"},\"potentialAction\":[{\"@type\":\"SearchAction\",\"target\":{\"@type\":\"EntryPoint\",\"urlTemplate\":\"https:\\\/\\\/www.sprache-verbindet.net\\\/?s={search_term_string}\"},\"query-input\":{\"@type\":\"PropertyValueSpecification\",\"valueRequired\":true,\"valueName\":\"search_term_string\"}}],\"inLanguage\":\"ro-RO\"},{\"@type\":\"Organization\",\"@id\":\"https:\\\/\\\/www.sprache-verbindet.net\\\/#organization\",\"name\":\"Sprache verbindet\",\"url\":\"https:\\\/\\\/www.sprache-verbindet.net\\\/\",\"logo\":{\"@type\":\"ImageObject\",\"inLanguage\":\"ro-RO\",\"@id\":\"https:\\\/\\\/www.sprache-verbindet.net\\\/#\\\/schema\\\/logo\\\/image\\\/\",\"url\":\"https:\\\/\\\/www.sprache-verbindet.net\\\/wp-content\\\/uploads\\\/sprache-verbindet-logo.svg\",\"contentUrl\":\"https:\\\/\\\/www.sprache-verbindet.net\\\/wp-content\\\/uploads\\\/sprache-verbindet-logo.svg\",\"width\":1094,\"height\":297,\"caption\":\"Sprache verbindet\"},\"image\":{\"@id\":\"https:\\\/\\\/www.sprache-verbindet.net\\\/#\\\/schema\\\/logo\\\/image\\\/\"}}]}<\/script>\n<!-- \/ Yoast SEO plugin. -->","yoast_head_json":{"title":"Sprachf\u00f6rderung f\u00fcr Ihr Kind - Limba vorbit\u0103 ne aduce \u00eempreun\u0103","description":"Anmeldung f\u00fcr Kinder Ja, mein Kind soll f\u00fcr 4 Euro pro Stunde Sprachf\u00f6rderung bekommen!","robots":{"index":"index","follow":"follow","max-snippet":"max-snippet:-1","max-image-preview":"max-image-preview:large","max-video-preview":"max-video-preview:-1"},"canonical":"https:\/\/www.sprache-verbindet.net\/ro\/sprachfoerderung-fuer-ihr-kind\/","og_locale":"ro_RO","og_type":"article","og_title":"Sprachf\u00f6rderung f\u00fcr Ihr Kind - Limba vorbit\u0103 ne aduce \u00eempreun\u0103","og_description":"Anmeldung f\u00fcr Kinder Ja, mein Kind soll f\u00fcr 4 Euro pro Stunde Sprachf\u00f6rderung bekommen!","og_url":"https:\/\/www.sprache-verbindet.net\/ro\/sprachfoerderung-fuer-ihr-kind\/","og_site_name":"Limba vorbit\u0103 ne aduce \u00eempreun\u0103","article_modified_time":"2022-11-09T10:00:57+00:00","og_image":[{"width":1922,"height":938,"url":"https:\/\/www.sprache-verbindet.net\/wp-content\/uploads\/iStock-487521249.jpg","type":"image\/jpeg"}],"twitter_card":"summary_large_image","schema":{"@context":"https:\/\/schema.org","@graph":[{"@type":"WebPage","@id":"https:\/\/www.sprache-verbindet.net\/ro\/sprachfoerderung-fuer-ihr-kind\/","url":"https:\/\/www.sprache-verbindet.net\/ro\/sprachfoerderung-fuer-ihr-kind\/","name":"Sprachf\u00f6rderung f\u00fcr Ihr Kind - Limba vorbit\u0103 ne aduce \u00eempreun\u0103","isPartOf":{"@id":"https:\/\/www.sprache-verbindet.net\/#website"},"primaryImageOfPage":{"@id":"https:\/\/www.sprache-verbindet.net\/ro\/sprachfoerderung-fuer-ihr-kind\/#primaryimage"},"image":{"@id":"https:\/\/www.sprache-verbindet.net\/ro\/sprachfoerderung-fuer-ihr-kind\/#primaryimage"},"thumbnailUrl":"https:\/\/www.sprache-verbindet.net\/wp-content\/uploads\/Leadmotiv-Kinder-6.jpg","datePublished":"2022-10-07T12:44:05+00:00","dateModified":"2022-11-09T10:00:57+00:00","description":"Anmeldung f\u00fcr Kinder Ja, mein Kind soll f\u00fcr 4 Euro pro Stunde Sprachf\u00f6rderung bekommen!","breadcrumb":{"@id":"https:\/\/www.sprache-verbindet.net\/ro\/sprachfoerderung-fuer-ihr-kind\/#breadcrumb"},"inLanguage":"ro-RO","potentialAction":[{"@type":"ReadAction","target":["https:\/\/www.sprache-verbindet.net\/ro\/sprachfoerderung-fuer-ihr-kind\/"]}]},{"@type":"ImageObject","inLanguage":"ro-RO","@id":"https:\/\/www.sprache-verbindet.net\/ro\/sprachfoerderung-fuer-ihr-kind\/#primaryimage","url":"https:\/\/www.sprache-verbindet.net\/wp-content\/uploads\/Leadmotiv-Kinder-6.jpg","contentUrl":"https:\/\/www.sprache-verbindet.net\/wp-content\/uploads\/Leadmotiv-Kinder-6.jpg","width":2400,"height":1242,"caption":"Foto: iStock\/svetikd"},{"@type":"BreadcrumbList","@id":"https:\/\/www.sprache-verbindet.net\/ro\/sprachfoerderung-fuer-ihr-kind\/#breadcrumb","itemListElement":[{"@type":"ListItem","position":1,"name":"Startseite","item":"https:\/\/www.sprache-verbindet.net\/ro\/"},{"@type":"ListItem","position":2,"name":"Sprachf\u00f6rderung f\u00fcr Ihr Kind"}]},{"@type":"WebSite","@id":"https:\/\/www.sprache-verbindet.net\/#website","url":"https:\/\/www.sprache-verbindet.net\/","name":"Limba vorbit\u0103 ne aduce \u00eempreun\u0103","description":"","publisher":{"@id":"https:\/\/www.sprache-verbindet.net\/#organization"},"potentialAction":[{"@type":"SearchAction","target":{"@type":"EntryPoint","urlTemplate":"https:\/\/www.sprache-verbindet.net\/?s={search_term_string}"},"query-input":{"@type":"PropertyValueSpecification","valueRequired":true,"valueName":"search_term_string"}}],"inLanguage":"ro-RO"},{"@type":"Organization","@id":"https:\/\/www.sprache-verbindet.net\/#organization","name":"Sprache verbindet","url":"https:\/\/www.sprache-verbindet.net\/","logo":{"@type":"ImageObject","inLanguage":"ro-RO","@id":"https:\/\/www.sprache-verbindet.net\/#\/schema\/logo\/image\/","url":"https:\/\/www.sprache-verbindet.net\/wp-content\/uploads\/sprache-verbindet-logo.svg","contentUrl":"https:\/\/www.sprache-verbindet.net\/wp-content\/uploads\/sprache-verbindet-logo.svg","width":1094,"height":297,"caption":"Sprache verbindet"},"image":{"@id":"https:\/\/www.sprache-verbindet.net\/#\/schema\/logo\/image\/"}}]}},"_links":{"self":[{"href":"https:\/\/www.sprache-verbindet.net\/ro\/wp-json\/wp\/v2\/pages\/1795","targetHints":{"allow":["GET"]}}],"collection":[{"href":"https:\/\/www.sprache-verbindet.net\/ro\/wp-json\/wp\/v2\/pages"}],"about":[{"href":"https:\/\/www.sprache-verbindet.net\/ro\/wp-json\/wp\/v2\/types\/page"}],"author":[{"embeddable":true,"href":"https:\/\/www.sprache-verbindet.net\/ro\/wp-json\/wp\/v2\/users\/1"}],"replies":[{"embeddable":true,"href":"https:\/\/www.sprache-verbindet.net\/ro\/wp-json\/wp\/v2\/comments?post=1795"}],"version-history":[{"count":1,"href":"https:\/\/www.sprache-verbindet.net\/ro\/wp-json\/wp\/v2\/pages\/1795\/revisions"}],"predecessor-version":[{"id":1806,"href":"https:\/\/www.sprache-verbindet.net\/ro\/wp-json\/wp\/v2\/pages\/1795\/revisions\/1806"}],"wp:featuredmedia":[{"embeddable":true,"href":"https:\/\/www.sprache-verbindet.net\/ro\/wp-json\/wp\/v2\/media\/320"}],"wp:attachment":[{"href":"https:\/\/www.sprache-verbindet.net\/ro\/wp-json\/wp\/v2\/media?parent=1795"}],"curies":[{"name":"wp","href":"https:\/\/api.w.org\/{rel}","templated":true}]}}