{"id":1399,"date":"2022-09-12T09:59:42","date_gmt":"2022-09-12T07:59:42","guid":{"rendered":"https:\/\/www.sprache-verbindet.net\/startseite\/"},"modified":"2022-10-26T18:48:43","modified_gmt":"2022-10-26T16:48:43","slug":"startseite","status":"publish","type":"page","link":"https:\/\/www.sprache-verbindet.net\/tr\/","title":{"rendered":"Startseite"},"content":{"rendered":"<p><b>De\u011ferli veliler,<\/b><\/p>\n<p>Okul ve meslek hayat\u0131nda ba\u015far\u0131l\u0131 olman\u0131n \u00f6nemli bir \u015fart\u0131 Almanca konu\u015fabilmektir. Biz g\u00f6\u00e7men ailelerinin \u00e7ocuklar\u0131na Almancay\u0131 \u00f6\u011frenmelerinde yard\u0131mc\u0131 oluyoruz. Bunun \u00f6zelli\u011fi, \u00e7ocuklar\u0131n\u0131z\u0131n kendi aile ortam\u0131nda oynayarak Almanca \u00f6\u011frenmelerini geli\u015ftirmektir.<\/p>\n<p>Dil rehberlerimiz, tecr\u00fcbeli \u00f6\u011fretmenler taraf\u0131ndan e\u011fitilen genellikle lise \u00fcst s\u0131n\u0131f, \u00fcniversite ya da meslek e\u011fitimi alan \u00f6\u011frencilerdir. Haftada bir veya iki kere 4 ile 10 ya\u015f aras\u0131ndaki \u00e7ocuklar\u0131 evlerinde ziyaret ederler. Rehberler \u00e7ocuklar\u0131n ya\u015flar\u0131na uygun olan oyunlar\u0131 ve okuma kitaplar\u0131n\u0131 beraberinde getirip bir saat boyunca ilgilenirler. Almancay\u0131 \u00f6\u011frenmek kendili\u011finden ger\u00e7ekle\u015fir ve \u00e7ok da e\u011flenceli olur.<span class=\"Apple-converted-space\">\u00a0<\/span><\/p>\n<p>Dil rehberlerine bu \u00e7al\u0131\u015fmalar\u0131 i\u00e7in \u00e7ocuk ba\u015f\u0131 saat \u00fccreti 10 Euro verilir. \u00dcniversiteye giden, meslek e\u011fitimi alan dil rehberlerinin saat \u00fccretleri 12 Euro olarak \u00f6denir. <b>Siz velilerin avantaj\u0131 sadece 4 Euro \u00f6demenizdir.<\/b> \u00dccretin kalan miktar\u0131n\u0131 ise bu projeyi desteklemekte olan Rotary Kul\u00fcpleri kar\u015f\u0131lamaktad\u0131r. Dil destek derslerini istedi\u011finiz zaman sona erdirebilirsiniz. Bu konu ile ilgili ailelerin ve rehberlerin her t\u00fcrl\u00fc sorular\u0131na Rotary Kul\u00fcb\u00fcn\u00fcn bir \u00fcyesi dan\u0131\u015fmanl\u0131k yapmaktad\u0131r.<span class=\"Apple-converted-space\">\u00a0<\/span><\/p>\n","protected":false},"excerpt":{"rendered":"<p>De\u011ferli veliler, Okul ve meslek hayat\u0131nda ba\u015far\u0131l\u0131 olman\u0131n \u00f6nemli bir \u015fart\u0131 Almanca konu\u015fabilmektir. Biz g\u00f6\u00e7men ailelerinin \u00e7ocuklar\u0131na Almancay\u0131 \u00f6\u011frenmelerinde yard\u0131mc\u0131 oluyoruz. Bunun \u00f6zelli\u011fi, \u00e7ocuklar\u0131n\u0131z\u0131n kendi aile ortam\u0131nda oynayarak Almanca \u00f6\u011frenmelerini [weiterlesen \u2026]<\/p>\n","protected":false},"author":1,"featured_media":0,"parent":0,"menu_order":0,"comment_status":"closed","ping_status":"open","template":"startseite.php","meta":{"_acf_changed":false,"inline_featured_image":false,"footnotes":""},"class_list":["post-1399","page","type-page","status-publish","hentry"],"acf":[],"yoast_head":"<!-- This site is optimized with the Yoast SEO plugin v27.3 - https:\/\/yoast.com\/product\/yoast-seo-wordpress\/ -->\n<title>Startseite - Dil birle\u015ftirir<\/title>\n<meta name=\"description\" content=\"De\u011ferli veliler, Okul ve meslek hayat\u0131nda ba\u015far\u0131l\u0131 olman\u0131n \u00f6nemli bir \u015fart\u0131 Almanca konu\u015fabilmektir. Biz g\u00f6\u00e7men ailelerinin \u00e7ocuklar\u0131na Almancay\u0131\" \/>\n<meta name=\"robots\" content=\"index, follow, max-snippet:-1, max-image-preview:large, max-video-preview:-1\" \/>\n<link rel=\"canonical\" href=\"https:\/\/www.sprache-verbindet.net\/tr\/\" \/>\n<meta property=\"og:locale\" content=\"tr_TR\" \/>\n<meta property=\"og:type\" content=\"article\" \/>\n<meta property=\"og:title\" content=\"Startseite - Dil birle\u015ftirir\" \/>\n<meta property=\"og:description\" content=\"De\u011ferli veliler, Okul ve meslek hayat\u0131nda ba\u015far\u0131l\u0131 olman\u0131n \u00f6nemli bir \u015fart\u0131 Almanca konu\u015fabilmektir. Biz g\u00f6\u00e7men ailelerinin \u00e7ocuklar\u0131na Almancay\u0131\" \/>\n<meta property=\"og:url\" content=\"https:\/\/www.sprache-verbindet.net\/tr\/\" \/>\n<meta property=\"og:site_name\" content=\"Dil birle\u015ftirir\" \/>\n<meta property=\"article:modified_time\" content=\"2022-10-26T16:48:43+00:00\" \/>\n<meta name=\"twitter:card\" content=\"summary_large_image\" \/>\n<script type=\"application\/ld+json\" class=\"yoast-schema-graph\">{\"@context\":\"https:\\\/\\\/schema.org\",\"@graph\":[{\"@type\":\"WebPage\",\"@id\":\"https:\\\/\\\/www.sprache-verbindet.net\\\/tr\\\/\",\"url\":\"https:\\\/\\\/www.sprache-verbindet.net\\\/tr\\\/\",\"name\":\"Startseite - Dil birle\u015ftirir\",\"isPartOf\":{\"@id\":\"https:\\\/\\\/www.sprache-verbindet.net\\\/#website\"},\"datePublished\":\"2022-09-12T07:59:42+00:00\",\"dateModified\":\"2022-10-26T16:48:43+00:00\",\"description\":\"De\u011ferli veliler, Okul ve meslek hayat\u0131nda ba\u015far\u0131l\u0131 olman\u0131n \u00f6nemli bir \u015fart\u0131 Almanca konu\u015fabilmektir. Biz g\u00f6\u00e7men ailelerinin \u00e7ocuklar\u0131na Almancay\u0131\",\"breadcrumb\":{\"@id\":\"https:\\\/\\\/www.sprache-verbindet.net\\\/tr\\\/#breadcrumb\"},\"inLanguage\":\"tr\",\"potentialAction\":[{\"@type\":\"ReadAction\",\"target\":[\"https:\\\/\\\/www.sprache-verbindet.net\\\/tr\\\/\"]}]},{\"@type\":\"BreadcrumbList\",\"@id\":\"https:\\\/\\\/www.sprache-verbindet.net\\\/tr\\\/#breadcrumb\",\"itemListElement\":[{\"@type\":\"ListItem\",\"position\":1,\"name\":\"Startseite\",\"item\":\"https:\\\/\\\/www.sprache-verbindet.net\\\/tr\\\/\"},{\"@type\":\"ListItem\",\"position\":2,\"name\":\"Startseite\"}]},{\"@type\":\"WebSite\",\"@id\":\"https:\\\/\\\/www.sprache-verbindet.net\\\/#website\",\"url\":\"https:\\\/\\\/www.sprache-verbindet.net\\\/\",\"name\":\"Dil birle\u015ftirir\",\"description\":\"\",\"publisher\":{\"@id\":\"https:\\\/\\\/www.sprache-verbindet.net\\\/#organization\"},\"potentialAction\":[{\"@type\":\"SearchAction\",\"target\":{\"@type\":\"EntryPoint\",\"urlTemplate\":\"https:\\\/\\\/www.sprache-verbindet.net\\\/?s={search_term_string}\"},\"query-input\":{\"@type\":\"PropertyValueSpecification\",\"valueRequired\":true,\"valueName\":\"search_term_string\"}}],\"inLanguage\":\"tr\"},{\"@type\":\"Organization\",\"@id\":\"https:\\\/\\\/www.sprache-verbindet.net\\\/#organization\",\"name\":\"Sprache verbindet\",\"url\":\"https:\\\/\\\/www.sprache-verbindet.net\\\/\",\"logo\":{\"@type\":\"ImageObject\",\"inLanguage\":\"tr\",\"@id\":\"https:\\\/\\\/www.sprache-verbindet.net\\\/#\\\/schema\\\/logo\\\/image\\\/\",\"url\":\"https:\\\/\\\/www.sprache-verbindet.net\\\/wp-content\\\/uploads\\\/sprache-verbindet-logo.svg\",\"contentUrl\":\"https:\\\/\\\/www.sprache-verbindet.net\\\/wp-content\\\/uploads\\\/sprache-verbindet-logo.svg\",\"width\":1094,\"height\":297,\"caption\":\"Sprache verbindet\"},\"image\":{\"@id\":\"https:\\\/\\\/www.sprache-verbindet.net\\\/#\\\/schema\\\/logo\\\/image\\\/\"}}]}<\/script>\n<!-- \/ Yoast SEO plugin. -->","yoast_head_json":{"title":"Startseite - Dil birle\u015ftirir","description":"De\u011ferli veliler, Okul ve meslek hayat\u0131nda ba\u015far\u0131l\u0131 olman\u0131n \u00f6nemli bir \u015fart\u0131 Almanca konu\u015fabilmektir. Biz g\u00f6\u00e7men ailelerinin \u00e7ocuklar\u0131na Almancay\u0131","robots":{"index":"index","follow":"follow","max-snippet":"max-snippet:-1","max-image-preview":"max-image-preview:large","max-video-preview":"max-video-preview:-1"},"canonical":"https:\/\/www.sprache-verbindet.net\/tr\/","og_locale":"tr_TR","og_type":"article","og_title":"Startseite - Dil birle\u015ftirir","og_description":"De\u011ferli veliler, Okul ve meslek hayat\u0131nda ba\u015far\u0131l\u0131 olman\u0131n \u00f6nemli bir \u015fart\u0131 Almanca konu\u015fabilmektir. Biz g\u00f6\u00e7men ailelerinin \u00e7ocuklar\u0131na Almancay\u0131","og_url":"https:\/\/www.sprache-verbindet.net\/tr\/","og_site_name":"Dil birle\u015ftirir","article_modified_time":"2022-10-26T16:48:43+00:00","twitter_card":"summary_large_image","schema":{"@context":"https:\/\/schema.org","@graph":[{"@type":"WebPage","@id":"https:\/\/www.sprache-verbindet.net\/tr\/","url":"https:\/\/www.sprache-verbindet.net\/tr\/","name":"Startseite - Dil birle\u015ftirir","isPartOf":{"@id":"https:\/\/www.sprache-verbindet.net\/#website"},"datePublished":"2022-09-12T07:59:42+00:00","dateModified":"2022-10-26T16:48:43+00:00","description":"De\u011ferli veliler, Okul ve meslek hayat\u0131nda ba\u015far\u0131l\u0131 olman\u0131n \u00f6nemli bir \u015fart\u0131 Almanca konu\u015fabilmektir. Biz g\u00f6\u00e7men ailelerinin \u00e7ocuklar\u0131na Almancay\u0131","breadcrumb":{"@id":"https:\/\/www.sprache-verbindet.net\/tr\/#breadcrumb"},"inLanguage":"tr","potentialAction":[{"@type":"ReadAction","target":["https:\/\/www.sprache-verbindet.net\/tr\/"]}]},{"@type":"BreadcrumbList","@id":"https:\/\/www.sprache-verbindet.net\/tr\/#breadcrumb","itemListElement":[{"@type":"ListItem","position":1,"name":"Startseite","item":"https:\/\/www.sprache-verbindet.net\/tr\/"},{"@type":"ListItem","position":2,"name":"Startseite"}]},{"@type":"WebSite","@id":"https:\/\/www.sprache-verbindet.net\/#website","url":"https:\/\/www.sprache-verbindet.net\/","name":"Dil birle\u015ftirir","description":"","publisher":{"@id":"https:\/\/www.sprache-verbindet.net\/#organization"},"potentialAction":[{"@type":"SearchAction","target":{"@type":"EntryPoint","urlTemplate":"https:\/\/www.sprache-verbindet.net\/?s={search_term_string}"},"query-input":{"@type":"PropertyValueSpecification","valueRequired":true,"valueName":"search_term_string"}}],"inLanguage":"tr"},{"@type":"Organization","@id":"https:\/\/www.sprache-verbindet.net\/#organization","name":"Sprache verbindet","url":"https:\/\/www.sprache-verbindet.net\/","logo":{"@type":"ImageObject","inLanguage":"tr","@id":"https:\/\/www.sprache-verbindet.net\/#\/schema\/logo\/image\/","url":"https:\/\/www.sprache-verbindet.net\/wp-content\/uploads\/sprache-verbindet-logo.svg","contentUrl":"https:\/\/www.sprache-verbindet.net\/wp-content\/uploads\/sprache-verbindet-logo.svg","width":1094,"height":297,"caption":"Sprache verbindet"},"image":{"@id":"https:\/\/www.sprache-verbindet.net\/#\/schema\/logo\/image\/"}}]}},"_links":{"self":[{"href":"https:\/\/www.sprache-verbindet.net\/tr\/wp-json\/wp\/v2\/pages\/1399","targetHints":{"allow":["GET"]}}],"collection":[{"href":"https:\/\/www.sprache-verbindet.net\/tr\/wp-json\/wp\/v2\/pages"}],"about":[{"href":"https:\/\/www.sprache-verbindet.net\/tr\/wp-json\/wp\/v2\/types\/page"}],"author":[{"embeddable":true,"href":"https:\/\/www.sprache-verbindet.net\/tr\/wp-json\/wp\/v2\/users\/1"}],"replies":[{"embeddable":true,"href":"https:\/\/www.sprache-verbindet.net\/tr\/wp-json\/wp\/v2\/comments?post=1399"}],"version-history":[{"count":4,"href":"https:\/\/www.sprache-verbindet.net\/tr\/wp-json\/wp\/v2\/pages\/1399\/revisions"}],"predecessor-version":[{"id":1643,"href":"https:\/\/www.sprache-verbindet.net\/tr\/wp-json\/wp\/v2\/pages\/1399\/revisions\/1643"}],"wp:attachment":[{"href":"https:\/\/www.sprache-verbindet.net\/tr\/wp-json\/wp\/v2\/media?parent=1399"}],"curies":[{"name":"wp","href":"https:\/\/api.w.org\/{rel}","templated":true}]}}