{"id":1797,"date":"2022-10-07T14:44:05","date_gmt":"2022-10-07T12:44:05","guid":{"rendered":"https:\/\/www.sprache-verbindet.net\/sprachfoerderung-fuer-ihr-kind\/"},"modified":"2022-11-09T11:00:57","modified_gmt":"2022-11-09T10:00:57","slug":"sprachfoerderung-fuer-ihr-kind","status":"publish","type":"page","link":"https:\/\/www.sprache-verbindet.net\/tr\/sprachfoerderung-fuer-ihr-kind\/","title":{"rendered":"Sprachf\u00f6rderung f\u00fcr Ihr Kind"},"content":{"rendered":"<h2>Anmeldung f\u00fcr Kinder<\/h2>\n<p><strong>Ja, mein Kind soll f\u00fcr 4 Euro pro Stunde Sprachf\u00f6rderung bekommen!<\/strong><\/p>\n\n<div class=\"wpcf7 no-js\" id=\"wpcf7-f1492-o1\" lang=\"tr-TR\" dir=\"ltr\" data-wpcf7-id=\"1492\">\n<div class=\"screen-reader-response\"><p role=\"status\" aria-live=\"polite\" aria-atomic=\"true\"><\/p> <ul><\/ul><\/div>\n<form action=\"\/tr\/wp-json\/wp\/v2\/pages\/1797#wpcf7-f1492-o1\" method=\"post\" class=\"wpcf7-form init\" aria-label=\"\u0130leti\u015fim Formu\" novalidate=\"novalidate\" data-status=\"init\">\n<fieldset class=\"hidden-fields-container\"><input type=\"hidden\" name=\"_wpcf7\" value=\"1492\" \/><input type=\"hidden\" name=\"_wpcf7_version\" value=\"6.1.5\" \/><input type=\"hidden\" name=\"_wpcf7_locale\" value=\"tr_TR\" \/><input type=\"hidden\" name=\"_wpcf7_unit_tag\" value=\"wpcf7-f1492-o1\" \/><input type=\"hidden\" name=\"_wpcf7_container_post\" value=\"0\" \/><input type=\"hidden\" name=\"_wpcf7_posted_data_hash\" value=\"\" \/><input type=\"hidden\" name=\"_wpcf7cf_hidden_group_fields\" value=\"[]\" \/><input type=\"hidden\" name=\"_wpcf7cf_hidden_groups\" value=\"[]\" \/><input type=\"hidden\" name=\"_wpcf7cf_visible_groups\" value=\"[]\" \/><input type=\"hidden\" name=\"_wpcf7cf_repeaters\" value=\"[]\" \/><input type=\"hidden\" name=\"_wpcf7cf_steps\" value=\"{}\" \/><input type=\"hidden\" name=\"_wpcf7cf_options\" value=\"{&quot;form_id&quot;:1492,&quot;conditions&quot;:[],&quot;settings&quot;:{&quot;animation&quot;:&quot;yes&quot;,&quot;animation_intime&quot;:200,&quot;animation_outtime&quot;:200,&quot;conditions_ui&quot;:&quot;normal&quot;,&quot;notice_dismissed&quot;:false,&quot;notice_dismissed_update-cf7-5.8.7&quot;:true}}\" \/><input type=\"hidden\" name=\"_wpcf7dtx_version\" value=\"5.0.5\" \/>\n<\/fieldset>\n<div class=\"row\">\n\t<div class=\"col-md-6 wrap_down\">\n\t\t<p><div class=\"col-md-6 wrap_down\"><label>Projekt:* <\/label><span class=\"wpcf7-form-control-wrap empfaenger\"><select name=\"empfaenger\" class=\"wpcf7-form-control wpcf7-select rcsv-empfaenger rcsv-needs-choice\" required=\"required\"><option value=\"\">Bitte w\u00e4hlen<\/option><option value=\"&#97;&#x6c;t&#101;&#x6e;a&#x40;&#x73;&#112;&#x72;a&#99;&#x68;e&#45;&#x76;&#101;&#x72;b&#105;&#x6e;d&#101;&#x74;&#46;&#x6e;&#x65;&#116;\">Altena<\/option><option value=\"&#x6b;&#x61;&#114;l&#x73;&#x74;&#97;dt&#x2d;&#x61;&#114;n&#x73;&#x74;&#101;&#105;n&#x40;&#x73;&#112;r&#x61;&#x63;&#104;&#101;-&#x76;&#x65;&#114;b&#x69;&#x6e;&#100;&#101;t&#x2e;&#x6e;&#101;t\">Arnstein<\/option><option value=\"biel&#101;&#102;&#101;&#108;&#100;&#x40;&#x73;&#x70;&#x72;&#x61;&#x63;&#x68;e-ve&#114;&#98;&#105;&#110;&#100;&#x65;&#x74;&#x2e;&#x6e;&#x65;&#x74;\">Bielefeld<\/option><option value=\"b&#111;&#99;&#x68;&#x75;&#x6d;&#64;s&#112;&#114;&#x61;&#x63;&#x68;e&#45;&#118;&#101;&#x72;&#x62;&#x69;n&#100;&#101;&#x74;&#x2e;&#x6e;et\">Bochum<\/option><option value=\"s&#112;&#114;&#x61;&#x63;he&#45;&#118;&#x65;&#x72;bi&#110;&#100;&#x65;&#x74;&#64;r&#111;&#x74;&#x61;&#x72;y&#49;&#57;&#x30;&#x30;&#x2e;d&#101;\">Distrikt 1900<\/option><option value=\"&#x64;&#111;r&#x74;&#x6d;&#117;n&#x64;&#x40;&#115;p&#x72;&#x61;&#99;h&#x65;&#x2d;&#118;e&#x72;&#98;&#105;n&#x64;&#101;t&#x2e;&#x6e;&#101;t\">Dortmund<\/option><option value=\"&#x67;r&#x6f;&#110;&#x61;&#117;-&#x65;&#117;&#x72;&#101;g&#x69;&#111;&#x40;&#115;p&#x72;a&#x63;&#104;&#x65;&#x2d;v&#x65;&#114;&#x62;&#105;n&#x64;&#101;&#x74;&#46;n&#x65;t\">Gronau\/Euregio<\/option><option value=\"&#x67;&#x75;&#101;&#116;er&#x73;&#x6c;&#x6f;&#104;&#64;s&#x70;&#x72;&#x61;&#99;&#104;e&#x2d;&#x76;&#x65;&#114;&#98;i&#x6e;&#x64;&#x65;&#116;&#46;ne&#x74;\">G\u00fctersloh<\/option><option value=\"&#x68;&#97;&#x67;&#x65;&#110;&#x40;&#115;p&#x72;&#97;c&#x68;&#101;-&#x76;&#101;r&#x62;&#105;&#x6e;&#x64;&#101;&#x74;&#x2e;&#110;&#x65;&#116;\">Hagen<\/option><option value=\"&#104;&#97;&#x6d;&#x6d;&#64;&#115;&#x70;&#x72;&#97;&#99;&#x68;&#x65;&#45;&#118;&#x65;&#x72;&#98;&#105;&#x6e;&#x64;&#101;&#116;&#x2e;&#x6e;&#101;&#116;\">Hamm<\/option><option value=\"&#x68;e&#x6d;&#101;&#x72;&#64;s&#x70;&#114;&#x61;&#99;h&#x65;&#45;&#x76;&#101;r&#x62;i&#x6e;&#100;&#x65;&#x74;&#46;&#x6e;&#101;&#x74;\">Hemer<\/option><option value=\"her&#102;&#111;&#114;&#x64;&#x2d;&#x62;&#x75;&#x65;&#x6e;de&#64;&#115;&#112;&#114;&#97;&#x63;&#x68;&#x65;&#x2d;&#x76;&#x65;rbi&#110;&#100;&#101;&#x74;&#x2e;&#x6e;&#x65;&#x74;\">Herford\/B\u00fcnde<\/option><option value=\"reck&#108;&#105;&#110;&#103;&#104;&#x61;&#x75;&#x73;&#x65;&#x6e;&#x40;&#x73;prac&#104;&#101;&#45;&#118;&#101;&#x72;&#x62;&#x69;&#x6e;&#x64;&#x65;&#x74;&#x2e;net\">Herten<\/option><option value=\"&#x72;&#104;&#101;d&#x61;&#x5f;&#119;i&#x65;&#x64;&#101;nb&#x72;&#117;&#101;c&#x6b;&#x40;&#115;p&#x72;&#x61;&#99;&#104;e&#x2d;&#x76;&#101;r&#x62;&#x69;&#110;d&#x65;&#x74;&#46;&#110;e&#x74;\">Herzbrock-Clarholz<\/option><option value=\"&#x68;&#x6f;&#x68;&#x65;&#x6e;&#x6c;&#x69;&#x6d;&#98;&#117;&#114;&#103;&#108;&#101;&#116;math&#x65;&#x40;&#x73;&#x70;&#x72;&#x61;&#x63;&#x68;&#x65;&#45;&#118;&#101;&#114;&#98;&#105;&#110;det&#46;&#x6e;&#x65;&#x74;\">Hohenlimburg-Letmathe<\/option><option value=\"&#x69;&#x73;&#101;rl&#x6f;&#x68;&#110;&#64;s&#x70;&#x72;&#97;&#99;h&#x65;&#x2d;&#x76;&#101;rb&#x69;&#x6e;&#100;&#101;t&#x2e;&#x6e;&#101;&#116;\">Iserlohn<\/option><option value=\"&#x6b;&#97;&#114;l&#x73;&#x74;&#97;d&#x74;&#x2d;&#97;r&#x6e;&#x73;&#116;e&#x69;&#x6e;&#64;s&#x70;&#x72;&#97;c&#x68;&#x65;&#45;&#118;e&#x72;&#x62;&#105;n&#x64;&#x65;&#116;&#46;&#x6e;&#x65;&#116;\">Karlstadt<\/option><option value=\"&#111;&#x62;&#x65;r&#101;&#x73;-&#118;&#x6f;&#x6c;&#109;&#x65;&#x74;a&#108;&#x40;s&#112;&#x72;&#x61;&#99;&#x68;&#x65;-&#118;&#x65;r&#98;&#x69;&#x6e;&#100;&#x65;&#x74;&#46;&#110;&#x65;t\">Kierspe<\/option><option value=\"k&#114;&#101;&#x69;&#x73;&#x2d;&#x68;e&#105;&#110;&#115;&#x62;&#x65;&#x72;g&#64;&#115;&#112;&#x72;&#x61;&#x63;he&#45;&#118;&#x65;&#x72;&#x62;in&#100;&#101;&#x74;&#x2e;&#x6e;et\">Kreis Heinsberg<\/option><option value=\"&#114;&#x68;&#101;&#x64;&#97;&#x2d;&#119;&#x69;e&#x64;e&#x6e;b&#x72;u&#101;&#x63;&#107;&#x40;&#115;&#x70;&#114;&#x61;&#99;&#x68;e&#x2d;v&#x65;r&#x62;i&#110;&#x64;&#101;&#x74;&#46;&#x6e;&#101;&#x74;\">Langenberg<\/option><option value=\"&#x6c;&#x69;&#112;&#112;s&#x74;&#x61;&#x64;&#116;&#64;s&#x70;&#x72;&#x61;&#99;&#104;e&#x2d;&#x76;&#x65;&#114;&#98;i&#x6e;&#x64;&#x65;&#116;&#46;n&#x65;&#x74;\">Lippstadt<\/option><option value=\"lue&#100;&#101;&#110;&#115;&#x63;&#x68;&#x65;&#x69;&#x64;&#x40;&#x73;pra&#99;&#104;&#101;&#45;&#118;&#x65;&#x72;&#x62;&#x69;&#x6e;&#x64;et&#46;n&#101;&#116;\">L\u00fcdenscheid<\/option><option value=\"&#x72;&#x65;&#99;k&#x6c;&#x69;&#x6e;&#103;h&#x61;&#x75;&#x73;&#101;n&#x40;&#x73;&#x70;&#114;a&#x63;&#x68;&#x65;&#45;v&#x65;&#x72;&#x62;&#105;n&#x64;&#x65;&#x74;&#46;n&#x65;&#x74;\">Marl<\/option><option value=\"&#111;&#98;&#x65;&#x72;&#101;&#115;&#x2d;&#x76;&#111;&#108;&#x6d;&#x65;&#116;&#97;&#x6c;&#x40;&#115;&#112;&#x72;&#x61;&#99;&#104;&#x65;&#x2d;&#118;&#101;&#x72;&#x62;&#105;&#110;&#x64;&#x65;&#116;&#46;&#x6e;&#x65;&#116;\">Meinerzhagen<\/option><option value=\"m&#117;&#101;&#x6e;&#x73;&#x74;e&#114;&#64;&#x73;&#x70;&#x72;ac&#104;&#x65;&#x2d;&#x76;er&#98;&#105;&#x6e;&#x64;&#x65;t&#46;&#110;&#x65;&#x74;\">M\u00fcnster<\/option><option value=\"&#97;&#x6c;&#x74;e&#110;&#x61;&#64;&#115;&#x70;&#x72;&#97;&#x63;&#x68;e&#45;&#x76;e&#114;&#x62;&#x69;&#110;&#x64;&#x65;t&#46;&#x6e;e&#116;\">Neuenrade<\/option><option value=\"&#x72;e&#x63;&#107;l&#x69;&#110;&#x67;&#x68;a&#x75;&#115;e&#x6e;&#64;&#x73;&#112;r&#x61;&#99;h&#x65;&#45;&#x76;&#101;r&#x62;&#105;&#x6e;&#x64;e&#x74;&#46;n&#x65;&#116;\">Oer-Erkenschwick<\/option><option value=\"&#x6f;&#x65;&#x72;&#108;&#105;&#110;gh&#x61;&#x75;&#x73;&#x65;&#110;&#64;sp&#x72;&#x61;&#x63;&#x68;&#101;&#45;ve&#x72;&#x62;&#x69;&#x6e;&#100;&#101;&#116;&#46;n&#x65;&#x74;\">Oerlinghausen<\/option><option value=\"&#x70;&#97;&#x64;&#101;r&#x62;&#111;r&#x6e;&#45;&#x62;&#x75;e&#x72;&#101;n&#x40;&#115;&#x70;&#x72;a&#x63;&#104;e&#x2d;&#118;e&#x72;&#98;&#x69;&#110;d&#x65;&#116;&#46;&#x6e;&#101;&#x74;\">Paderborn\/B\u00fcren<\/option><option value=\"&#x61;&#x6c;&#x74;&#x65;&#110;&#97;&#64;sp&#x72;&#x61;&#x63;&#x68;&#101;&#45;ver&#x62;&#x69;&#x6e;&#x64;&#101;&#116;&#46;ne&#x74;\">Plettenberg<\/option><option value=\"pulhei&#109;&#64;&#115;&#112;&#114;&#97;&#99;&#x68;&#x65;&#x2d;&#x76;&#x65;&#x72;&#x62;&#x69;&#x6e;&#x64;&#x65;&#x74;&#46;net\">Pulheim<\/option><option value=\"&#x72;&#x68;&#x65;&#x64;&#x61;&#x5f;&#x77;&#x69;&#x65;&#x64;&#x65;&#x6e;&#x62;&#x72;&#x75;&#x65;&#x63;&#x6b;&#x40;&#x73;&#x70;&#x72;&#x61;&#x63;&#x68;&#x65;&#x2d;&#x76;&#x65;&#x72;&#x62;&#x69;&#x6e;&#x64;&#x65;&#x74;&#x2e;&#x6e;&#x65;&#x74;\">Rheda-Wiedenbr\u00fcck<\/option><option value=\"r&#104;&#101;&#x64;&#x61;-&#119;&#105;&#x65;&#x64;&#x65;n&#98;&#114;&#x75;&#x65;ck&#64;&#x73;&#x70;&#x72;a&#99;&#104;&#x65;&#x2d;ve&#114;&#x62;&#x69;&#x6e;d&#101;&#116;&#x2e;&#x6e;et\">Rietberg<\/option><option value=\"&#x73;&#99;h&#x77;&#x65;&#114;t&#x65;&#x40;&#115;p&#x72;&#x61;&#99;h&#x65;&#x2d;&#118;e&#x72;&#98;&#105;n&#x64;&#101;t&#x2e;&#x6e;&#101;t\">Schwerte<\/option><option value=\"re&#99;&#107;&#x6c;&#x69;&#x6e;&#x67;ha&#117;&#115;&#x65;&#x6e;&#x40;&#x73;pr&#97;&#99;&#104;&#x65;&#x2d;&#x76;&#x65;rb&#105;&#110;&#x64;&#x65;&#x74;&#x2e;ne&#116;\">Vest Recklinghausen<\/option><option value=\"&#x72;&#101;&#x63;&#x6b;&#108;&#x69;&#110;g&#x68;&#97;u&#x73;&#101;n&#x40;&#115;p&#x72;&#97;&#x63;&#x68;&#101;&#x2d;&#x76;&#101;&#x72;&#98;i&#x6e;&#100;e&#x74;&#46;n&#x65;&#116;\">Waltrop<\/option><option value=\"&#x61;&#108;t&#x65;&#110;a&#x40;&#115;p&#x72;&#97;c&#x68;&#101;-&#x76;&#101;r&#x62;&#105;n&#x64;&#101;t&#x2e;&#110;e&#x74;\">Werdohl<\/option><option value=\"&#119;&#x69;&#x74;&#116;&#x65;&#x6e;&#64;&#x73;&#x70;&#114;&#x61;&#x63;&#104;&#x65;&#x2d;&#118;&#x65;&#x72;&#98;&#x69;&#x6e;&#100;&#x65;&#x74;&#46;&#x6e;&#x65;t\">Witten<\/option><\/select><\/span><\/div>\n\t\t<\/p>\n\t<\/div>\n<\/div>\n<div class=\"row\">\n\t<div class=\"col-md-12\">\n\t\t<h4>Daten des Kindes \/ \u00c7ocu\u011fun bilgileri:\n\t\t<\/h4>\n\t<\/div>\n\t<div class=\"col-md-6\">\n\t\t<p><span id=\"wpcf7-69f2c9e07f4cb-wrapper\" class=\"wpcf7-form-control-wrap name-kind-wrap\" ><input type=\"hidden\" name=\"name-kind-time-start\" value=\"1777519072\"><input type=\"hidden\" name=\"name-kind-time-check\" value=\"4\"><label for=\"wpcf7-69f2c9e07f4cb-field\" class=\"hp-message\">Please leave this field empty.<\/label><input id=\"wpcf7-69f2c9e07f4cb-field\"  class=\"wpcf7-form-control wpcf7-text\" type=\"text\" name=\"name-kind\" value=\"\" size=\"40\" tabindex=\"-1\" autocomplete=\"new-password\" \/><\/span><label>Name \/ Soyad\u0131* <span class=\"wpcf7-form-control-wrap\" data-name=\"nachname\"><input size=\"40\" maxlength=\"400\" class=\"wpcf7-form-control wpcf7-text wpcf7-validates-as-required\" aria-required=\"true\" aria-invalid=\"false\" value=\"\" type=\"text\" name=\"nachname\" \/><\/span><\/label>\n\t\t<\/p>\n\t<\/div>\n\t<div class=\"col-md-6\">\n\t\t<p><label>Vorname \/ Ad\u0131* <span class=\"wpcf7-form-control-wrap\" data-name=\"vorname\"><input size=\"40\" maxlength=\"400\" class=\"wpcf7-form-control wpcf7-text wpcf7-validates-as-required\" aria-required=\"true\" aria-invalid=\"false\" value=\"\" type=\"text\" name=\"vorname\" \/><\/span> <\/label>\n\t\t<\/p>\n\t<\/div>\n\t<div class=\"col-md-6\">\n\t\t<p><label>Geschlecht \/ Cinsiyeti* <span class=\"wpcf7-form-control-wrap\" data-name=\"geschlecht\"><select class=\"wpcf7-form-control wpcf7-select wpcf7-validates-as-required\" aria-required=\"true\" aria-invalid=\"false\" name=\"geschlecht\"><option value=\"\">&#8212;L\u00fctfen bir se\u00e7enek se\u00e7in&#8212;<\/option><option value=\"weiblich\/Bayan\">weiblich\/Bayan<\/option><option value=\"m\u00e4nnlich\/Erkek\">m\u00e4nnlich\/Erkek<\/option><\/select><\/span><\/label>\n\t\t<\/p>\n\t<\/div>\n\t<div class=\"col-md-6\">\n\t\t<p><label>Geburtstag \/ Do\u011fum tarihi* <span class=\"wpcf7-form-control-wrap\" data-name=\"geburtstag\"><input class=\"wpcf7-form-control wpcf7-date wpcf7-validates-as-required wpcf7-validates-as-date\" aria-required=\"true\" aria-invalid=\"false\" value=\"\" type=\"date\" name=\"geburtstag\" \/><\/span><\/label>\n\t\t<\/p>\n\t<\/div>\n\t<div class=\"col-md-6\">\n\t\t<p><label>Geburtsort\/-Land \/ do\u011fum yeri \u00fclke*<span class=\"wpcf7-form-control-wrap\" data-name=\"geburtsort\"><input size=\"40\" maxlength=\"400\" class=\"wpcf7-form-control wpcf7-text wpcf7-validates-as-required\" aria-required=\"true\" aria-invalid=\"false\" value=\"\" type=\"text\" name=\"geburtsort\" \/><\/span> <\/label>\n\t\t<\/p>\n\t<\/div>\n\t<div class=\"col-md-6\">\n\t\t<p><label>Stra\u00dfe \/ Cadde\/Sokak*<span class=\"wpcf7-form-control-wrap\" data-name=\"strasse\"><input size=\"40\" maxlength=\"400\" class=\"wpcf7-form-control wpcf7-text wpcf7-validates-as-required\" aria-required=\"true\" aria-invalid=\"false\" value=\"\" type=\"text\" name=\"strasse\" \/><\/span> <\/label>\n\t\t<\/p>\n\t<\/div>\n\t<div class=\"col-md-6\">\n\t\t<p><label>PLZ \/ Posta kodu*<span class=\"wpcf7-form-control-wrap\" data-name=\"plz\"><input class=\"wpcf7-form-control wpcf7-number wpcf7-validates-as-required wpcf7-validates-as-number\" aria-required=\"true\" aria-invalid=\"false\" value=\"\" type=\"number\" name=\"plz\" \/><\/span> <\/label>\n\t\t<\/p>\n\t<\/div>\n\t<div class=\"col-md-6\">\n\t\t<p><label>Wohnort \/ \u015eehir*<span class=\"wpcf7-form-control-wrap\" data-name=\"ort\"><input size=\"40\" maxlength=\"400\" class=\"wpcf7-form-control wpcf7-text wpcf7-validates-as-required\" aria-required=\"true\" aria-invalid=\"false\" value=\"\" type=\"text\" name=\"ort\" \/><\/span> <\/label>\n\t\t<\/p>\n\t<\/div>\n\t<div class=\"col-md-6\">\n\t\t<p><label>Telefon\/Mobil<span class=\"wpcf7-form-control-wrap\" data-name=\"telefon\"><input size=\"40\" maxlength=\"400\" class=\"wpcf7-form-control wpcf7-tel wpcf7-text wpcf7-validates-as-tel\" aria-invalid=\"false\" value=\"\" type=\"tel\" name=\"telefon\" \/><\/span><\/label><span id=\"wpcf7-69f2c9e07f76d-wrapper\" class=\"wpcf7-form-control-wrap mobil-wrap\" ><input type=\"hidden\" name=\"mobil-time-start\" value=\"1777519072\"><input type=\"hidden\" name=\"mobil-time-check\" value=\"4\"><label for=\"wpcf7-69f2c9e07f76d-field\" class=\"hp-message\">Please leave this field empty.<\/label><input id=\"wpcf7-69f2c9e07f76d-field\"  class=\"wpcf7-form-control wpcf7-text\" type=\"text\" name=\"mobil\" value=\"\" size=\"40\" tabindex=\"-1\" autocomplete=\"new-password\" \/><\/span>\n\t\t<\/p>\n\t<\/div>\n\t<div class=\"col-md-6\">\n\t\t<p><label>Sprache\/Nationalit\u00e4t \/ Sprache\/Nationalit\u00e4t*<span class=\"wpcf7-form-control-wrap\" data-name=\"nationalitaet\"><input size=\"40\" maxlength=\"400\" class=\"wpcf7-form-control wpcf7-text wpcf7-validates-as-required\" aria-required=\"true\" aria-invalid=\"false\" value=\"\" type=\"text\" name=\"nationalitaet\" \/><\/span><\/label>\n\t\t<\/p>\n\t<\/div>\n\t<div class=\"col-md-6\">\n\t\t<p><label>Schule und Klasse\/Kindergarten \/ okul ve s\u0131n\u0131f\/anaokulu<span class=\"wpcf7-form-control-wrap\" data-name=\"schule\"><input size=\"40\" maxlength=\"400\" class=\"wpcf7-form-control wpcf7-text\" aria-invalid=\"false\" value=\"\" type=\"text\" name=\"schule\" \/><\/span><\/label>\n\t\t<\/p>\n\t<\/div>\n\t<div class=\"col-md-6\">\n\t\t<p><label>Lehrer\/-in \/ Erzieher\/-in \/ \u00d6\u011fretmen\/E\u011fitmen<span class=\"wpcf7-form-control-wrap\" data-name=\"lehrer\"><input size=\"40\" maxlength=\"400\" class=\"wpcf7-form-control wpcf7-text\" aria-invalid=\"false\" value=\"\" type=\"text\" name=\"lehrer\" \/><\/span><\/label>\n\t\t<\/p>\n\t<\/div>\n\t<div class=\"col-md-6\">\n\t\t<p><label>Bemerkung \/ D\u00fc\u015f\u00fcnce<span class=\"wpcf7-form-control-wrap\" data-name=\"bemerkung-f-m\"><input size=\"40\" maxlength=\"400\" class=\"wpcf7-form-control wpcf7-text\" aria-invalid=\"false\" value=\"\" type=\"text\" name=\"bemerkung-f-m\" \/><\/span><\/label>\n\t\t<\/p>\n\t<\/div>\n<\/div>\n<div class=\"row\">\n\t<div class=\"col-md-12\">\n\t\t<p>M\u00f6chten Sie f\u00fcr die Sprachf\u00f6rderung Ihres Kindes einen weiblichen oder m\u00e4nnlichen Scout? \/ \u00c7ocu\u011funuza dil deste\u011fi verecek rehberin bayan m\u0131, erkek mi olmas\u0131n\u0131 istersiniz?\n\t\t<\/p>\n\t<\/div>\n\t<div class=\"col-md-12\">\n\t\t<p><span class=\"wpcf7-form-control-wrap\" data-name=\"radio-971\"><span class=\"wpcf7-form-control wpcf7-radio\"><span class=\"wpcf7-list-item first\"><input type=\"radio\" name=\"radio-971\" value=\"weiblich\/Bayan\" \/><span class=\"wpcf7-list-item-label\">weiblich\/Bayan<\/span><\/span><span class=\"wpcf7-list-item\"><input type=\"radio\" name=\"radio-971\" value=\"m\u00e4nnlich\/Erkek\" \/><span class=\"wpcf7-list-item-label\">m\u00e4nnlich\/Erkek<\/span><\/span><span class=\"wpcf7-list-item last\"><input type=\"radio\" name=\"radio-971\" value=\"keine Angabe\/bilgi yok\" \/><span class=\"wpcf7-list-item-label\">keine Angabe\/bilgi yok<\/span><\/span><\/span><\/span>\n\t\t<\/p>\n\t<\/div>\n<\/div>\n<div class=\"row\">\n\t<div class=\"col-md-12\">\n\t\t<h4>Daten der Eltern \/ Velilerin bilgileri:\n\t\t<\/h4>\n\t<\/div>\n\t<div class=\"col-md-6\">\n\t\t<p><label>Anrede \/ Cinsiyeti* <span class=\"wpcf7-form-control-wrap\" data-name=\"anrede\"><select class=\"wpcf7-form-control wpcf7-select wpcf7-validates-as-required\" aria-required=\"true\" aria-invalid=\"false\" name=\"anrede\"><option value=\"\">&#8212;L\u00fctfen bir se\u00e7enek se\u00e7in&#8212;<\/option><option value=\"Herr\/Bay\">Herr\/Bay<\/option><option value=\"Frau\/kad\u0131n\">Frau\/kad\u0131n<\/option><\/select><\/span><\/label>\n\t\t<\/p>\n\t<\/div>\n\t<div class=\"col-md-6\">\n\t\t<p><label>Name \/ Soyad\u0131* <span class=\"wpcf7-form-control-wrap\" data-name=\"name2\"><input size=\"40\" maxlength=\"400\" class=\"wpcf7-form-control wpcf7-text wpcf7-validates-as-required\" aria-required=\"true\" aria-invalid=\"false\" value=\"\" type=\"text\" name=\"name2\" \/><\/span> <\/label>\n\t\t<\/p>\n\t<\/div>\n\t<div class=\"col-md-6\">\n\t\t<p><label>Vorname \/ Ad\u0131 * <span class=\"wpcf7-form-control-wrap\" data-name=\"vorname2\"><input size=\"40\" maxlength=\"400\" class=\"wpcf7-form-control wpcf7-text wpcf7-validates-as-required\" aria-required=\"true\" aria-invalid=\"false\" value=\"\" type=\"text\" name=\"vorname2\" \/><\/span> <\/label>\n\t\t<\/p>\n\t<\/div>\n\t<div class=\"col-md-6\">\n\t\t<p><label>Geburtsort\/-Land \/ do\u011fum yeri \u00fclke* <span class=\"wpcf7-form-control-wrap\" data-name=\"geburtsort-eltern\"><input size=\"40\" maxlength=\"400\" class=\"wpcf7-form-control wpcf7-text wpcf7-validates-as-required\" aria-required=\"true\" aria-invalid=\"false\" value=\"\" type=\"text\" name=\"geburtsort-eltern\" \/><\/span><\/label>\n\t\t<\/p>\n\t<\/div>\n\t<div class=\"col-md-6\">\n\t\t<p><label>Telefon\/Mobil<span class=\"wpcf7-form-control-wrap\" data-name=\"telefon-eltern\"><input size=\"40\" maxlength=\"400\" class=\"wpcf7-form-control wpcf7-tel wpcf7-text wpcf7-validates-as-tel\" aria-invalid=\"false\" value=\"\" type=\"tel\" name=\"telefon-eltern\" \/><\/span> <\/label>\n\t\t<\/p>\n\t<\/div>\n\t<div class=\"col-md-6\">\n\t\t<p><label>E-Mail* <span class=\"wpcf7-form-control-wrap\" data-name=\"e-mail-eltern\"><input size=\"40\" maxlength=\"400\" class=\"wpcf7-form-control wpcf7-email wpcf7-validates-as-required wpcf7-text wpcf7-validates-as-email\" aria-required=\"true\" aria-invalid=\"false\" value=\"\" type=\"email\" name=\"e-mail-eltern\" \/><\/span> <\/label>\n\t\t<\/p>\n\t<\/div>\n\t<div class=\"col-md-6\">\n\t\t<p><label>Bemerkung \/ D\u00fc\u015f\u00fcnce <span class=\"wpcf7-form-control-wrap\" data-name=\"bemerkung\"><textarea cols=\"40\" rows=\"10\" maxlength=\"2000\" class=\"wpcf7-form-control wpcf7-textarea\" aria-invalid=\"false\" name=\"bemerkung\"><\/textarea><\/span> <\/label>\n\t\t<\/p>\n\t<\/div>\n<\/div>\n<div class=\"row\">\n\t<div class=\"col-md-12\">\n\t\t<p><span class=\"wpcf7-form-control-wrap\" data-name=\"datenschutz\"><span class=\"wpcf7-form-control wpcf7-acceptance\"><span class=\"wpcf7-list-item\"><label><input type=\"checkbox\" name=\"datenschutz\" value=\"1\" aria-invalid=\"false\" \/><span class=\"wpcf7-list-item-label\">Ich habe die Datenschutzerkl\u00e4rung gelesen. \/ Gizlilik politikas\u0131n\u0131 okudum.<\/span><\/label><\/span><\/span><\/span>\n\t\t<\/p>\n\t<\/div>\n\t<div class=\"col-md-12\">\n\t\t<p><span class=\"wpcf7-form-control-wrap\" data-name=\"kontaktdaten\"><span class=\"wpcf7-form-control wpcf7-acceptance\"><span class=\"wpcf7-list-item\"><label><input type=\"checkbox\" name=\"kontaktdaten\" value=\"1\" aria-invalid=\"false\" \/><span class=\"wpcf7-list-item-label\">Ich bin damit einverstanden, dass diese Kontaktdaten zur Betreuung meines Kindes an einen Scout und Paten weitergeben werden. Deshalb stimme ich der Speicherung meiner Daten zu. \/ Verileri koruma beyan\u0131n\u0131 okudum. Bu ileti\u015fim bilgilerinin \u00e7ocu\u011fum ile ilgilenen dan\u0131\u015fman ve g\u00f6zetmene verilmesini kabul ediyorum. Bu nedenle verilerimin kaydedilmesini onayl\u0131yorum.<\/span><\/label><\/span><\/span><\/span>\n\t\t<\/p>\n\t<\/div>\n\t<div class=\"col-md-12\">\n\t\t<p><input class=\"wpcf7-form-control wpcf7-submit has-spinner\" type=\"submit\" value=\"Senden\" \/>\n\t\t<\/p>\n\t<\/div>\n<\/div><div class=\"wpcf7-response-output\" aria-hidden=\"true\"><\/div>\n<\/form>\n<\/div>\n\n","protected":false},"excerpt":{"rendered":"<p>Anmeldung f\u00fcr Kinder Ja, mein Kind soll f\u00fcr 4 Euro pro Stunde Sprachf\u00f6rderung bekommen!<\/p>\n","protected":false},"author":1,"featured_media":322,"parent":0,"menu_order":0,"comment_status":"closed","ping_status":"closed","template":"","meta":{"_acf_changed":false,"inline_featured_image":false,"footnotes":""},"class_list":["post-1797","page","type-page","status-publish","has-post-thumbnail","hentry"],"acf":[],"yoast_head":"<!-- This site is optimized with the Yoast SEO plugin v27.3 - https:\/\/yoast.com\/product\/yoast-seo-wordpress\/ -->\n<title>Sprachf\u00f6rderung f\u00fcr Ihr Kind - Dil birle\u015ftirir<\/title>\n<meta name=\"description\" content=\"Anmeldung f\u00fcr Kinder Ja, mein Kind soll f\u00fcr 4 Euro pro Stunde Sprachf\u00f6rderung bekommen!\" \/>\n<meta name=\"robots\" content=\"index, follow, max-snippet:-1, max-image-preview:large, max-video-preview:-1\" \/>\n<link rel=\"canonical\" href=\"https:\/\/www.sprache-verbindet.net\/tr\/sprachfoerderung-fuer-ihr-kind\/\" \/>\n<meta property=\"og:locale\" content=\"tr_TR\" \/>\n<meta property=\"og:type\" content=\"article\" \/>\n<meta property=\"og:title\" content=\"Sprachf\u00f6rderung f\u00fcr Ihr Kind - Dil birle\u015ftirir\" \/>\n<meta property=\"og:description\" content=\"Anmeldung f\u00fcr Kinder Ja, mein Kind soll f\u00fcr 4 Euro pro Stunde Sprachf\u00f6rderung bekommen!\" \/>\n<meta property=\"og:url\" content=\"https:\/\/www.sprache-verbindet.net\/tr\/sprachfoerderung-fuer-ihr-kind\/\" \/>\n<meta property=\"og:site_name\" content=\"Dil birle\u015ftirir\" \/>\n<meta property=\"article:modified_time\" content=\"2022-11-09T10:00:57+00:00\" \/>\n<meta property=\"og:image\" content=\"https:\/\/www.sprache-verbindet.net\/wp-content\/uploads\/iStock-487521249.jpg\" \/>\n\t<meta property=\"og:image:width\" content=\"1922\" \/>\n\t<meta property=\"og:image:height\" content=\"938\" \/>\n\t<meta property=\"og:image:type\" content=\"image\/jpeg\" \/>\n<meta name=\"twitter:card\" content=\"summary_large_image\" \/>\n<script type=\"application\/ld+json\" class=\"yoast-schema-graph\">{\"@context\":\"https:\\\/\\\/schema.org\",\"@graph\":[{\"@type\":\"WebPage\",\"@id\":\"https:\\\/\\\/www.sprache-verbindet.net\\\/tr\\\/sprachfoerderung-fuer-ihr-kind\\\/\",\"url\":\"https:\\\/\\\/www.sprache-verbindet.net\\\/tr\\\/sprachfoerderung-fuer-ihr-kind\\\/\",\"name\":\"Sprachf\u00f6rderung f\u00fcr Ihr Kind - Dil birle\u015ftirir\",\"isPartOf\":{\"@id\":\"https:\\\/\\\/www.sprache-verbindet.net\\\/#website\"},\"primaryImageOfPage\":{\"@id\":\"https:\\\/\\\/www.sprache-verbindet.net\\\/tr\\\/sprachfoerderung-fuer-ihr-kind\\\/#primaryimage\"},\"image\":{\"@id\":\"https:\\\/\\\/www.sprache-verbindet.net\\\/tr\\\/sprachfoerderung-fuer-ihr-kind\\\/#primaryimage\"},\"thumbnailUrl\":\"https:\\\/\\\/www.sprache-verbindet.net\\\/wp-content\\\/uploads\\\/Leadmotiv-Kinder-7.jpg\",\"datePublished\":\"2022-10-07T12:44:05+00:00\",\"dateModified\":\"2022-11-09T10:00:57+00:00\",\"description\":\"Anmeldung f\u00fcr Kinder Ja, mein Kind soll f\u00fcr 4 Euro pro Stunde Sprachf\u00f6rderung bekommen!\",\"breadcrumb\":{\"@id\":\"https:\\\/\\\/www.sprache-verbindet.net\\\/tr\\\/sprachfoerderung-fuer-ihr-kind\\\/#breadcrumb\"},\"inLanguage\":\"tr\",\"potentialAction\":[{\"@type\":\"ReadAction\",\"target\":[\"https:\\\/\\\/www.sprache-verbindet.net\\\/tr\\\/sprachfoerderung-fuer-ihr-kind\\\/\"]}]},{\"@type\":\"ImageObject\",\"inLanguage\":\"tr\",\"@id\":\"https:\\\/\\\/www.sprache-verbindet.net\\\/tr\\\/sprachfoerderung-fuer-ihr-kind\\\/#primaryimage\",\"url\":\"https:\\\/\\\/www.sprache-verbindet.net\\\/wp-content\\\/uploads\\\/Leadmotiv-Kinder-7.jpg\",\"contentUrl\":\"https:\\\/\\\/www.sprache-verbindet.net\\\/wp-content\\\/uploads\\\/Leadmotiv-Kinder-7.jpg\",\"width\":2400,\"height\":1242,\"caption\":\"Foto: iStock\\\/svetikd\"},{\"@type\":\"BreadcrumbList\",\"@id\":\"https:\\\/\\\/www.sprache-verbindet.net\\\/tr\\\/sprachfoerderung-fuer-ihr-kind\\\/#breadcrumb\",\"itemListElement\":[{\"@type\":\"ListItem\",\"position\":1,\"name\":\"Startseite\",\"item\":\"https:\\\/\\\/www.sprache-verbindet.net\\\/tr\\\/\"},{\"@type\":\"ListItem\",\"position\":2,\"name\":\"Sprachf\u00f6rderung f\u00fcr Ihr Kind\"}]},{\"@type\":\"WebSite\",\"@id\":\"https:\\\/\\\/www.sprache-verbindet.net\\\/#website\",\"url\":\"https:\\\/\\\/www.sprache-verbindet.net\\\/\",\"name\":\"Dil birle\u015ftirir\",\"description\":\"\",\"publisher\":{\"@id\":\"https:\\\/\\\/www.sprache-verbindet.net\\\/#organization\"},\"potentialAction\":[{\"@type\":\"SearchAction\",\"target\":{\"@type\":\"EntryPoint\",\"urlTemplate\":\"https:\\\/\\\/www.sprache-verbindet.net\\\/?s={search_term_string}\"},\"query-input\":{\"@type\":\"PropertyValueSpecification\",\"valueRequired\":true,\"valueName\":\"search_term_string\"}}],\"inLanguage\":\"tr\"},{\"@type\":\"Organization\",\"@id\":\"https:\\\/\\\/www.sprache-verbindet.net\\\/#organization\",\"name\":\"Sprache verbindet\",\"url\":\"https:\\\/\\\/www.sprache-verbindet.net\\\/\",\"logo\":{\"@type\":\"ImageObject\",\"inLanguage\":\"tr\",\"@id\":\"https:\\\/\\\/www.sprache-verbindet.net\\\/#\\\/schema\\\/logo\\\/image\\\/\",\"url\":\"https:\\\/\\\/www.sprache-verbindet.net\\\/wp-content\\\/uploads\\\/sprache-verbindet-logo.svg\",\"contentUrl\":\"https:\\\/\\\/www.sprache-verbindet.net\\\/wp-content\\\/uploads\\\/sprache-verbindet-logo.svg\",\"width\":1094,\"height\":297,\"caption\":\"Sprache verbindet\"},\"image\":{\"@id\":\"https:\\\/\\\/www.sprache-verbindet.net\\\/#\\\/schema\\\/logo\\\/image\\\/\"}}]}<\/script>\n<!-- \/ Yoast SEO plugin. -->","yoast_head_json":{"title":"Sprachf\u00f6rderung f\u00fcr Ihr Kind - Dil birle\u015ftirir","description":"Anmeldung f\u00fcr Kinder Ja, mein Kind soll f\u00fcr 4 Euro pro Stunde Sprachf\u00f6rderung bekommen!","robots":{"index":"index","follow":"follow","max-snippet":"max-snippet:-1","max-image-preview":"max-image-preview:large","max-video-preview":"max-video-preview:-1"},"canonical":"https:\/\/www.sprache-verbindet.net\/tr\/sprachfoerderung-fuer-ihr-kind\/","og_locale":"tr_TR","og_type":"article","og_title":"Sprachf\u00f6rderung f\u00fcr Ihr Kind - Dil birle\u015ftirir","og_description":"Anmeldung f\u00fcr Kinder Ja, mein Kind soll f\u00fcr 4 Euro pro Stunde Sprachf\u00f6rderung bekommen!","og_url":"https:\/\/www.sprache-verbindet.net\/tr\/sprachfoerderung-fuer-ihr-kind\/","og_site_name":"Dil birle\u015ftirir","article_modified_time":"2022-11-09T10:00:57+00:00","og_image":[{"width":1922,"height":938,"url":"https:\/\/www.sprache-verbindet.net\/wp-content\/uploads\/iStock-487521249.jpg","type":"image\/jpeg"}],"twitter_card":"summary_large_image","schema":{"@context":"https:\/\/schema.org","@graph":[{"@type":"WebPage","@id":"https:\/\/www.sprache-verbindet.net\/tr\/sprachfoerderung-fuer-ihr-kind\/","url":"https:\/\/www.sprache-verbindet.net\/tr\/sprachfoerderung-fuer-ihr-kind\/","name":"Sprachf\u00f6rderung f\u00fcr Ihr Kind - Dil birle\u015ftirir","isPartOf":{"@id":"https:\/\/www.sprache-verbindet.net\/#website"},"primaryImageOfPage":{"@id":"https:\/\/www.sprache-verbindet.net\/tr\/sprachfoerderung-fuer-ihr-kind\/#primaryimage"},"image":{"@id":"https:\/\/www.sprache-verbindet.net\/tr\/sprachfoerderung-fuer-ihr-kind\/#primaryimage"},"thumbnailUrl":"https:\/\/www.sprache-verbindet.net\/wp-content\/uploads\/Leadmotiv-Kinder-7.jpg","datePublished":"2022-10-07T12:44:05+00:00","dateModified":"2022-11-09T10:00:57+00:00","description":"Anmeldung f\u00fcr Kinder Ja, mein Kind soll f\u00fcr 4 Euro pro Stunde Sprachf\u00f6rderung bekommen!","breadcrumb":{"@id":"https:\/\/www.sprache-verbindet.net\/tr\/sprachfoerderung-fuer-ihr-kind\/#breadcrumb"},"inLanguage":"tr","potentialAction":[{"@type":"ReadAction","target":["https:\/\/www.sprache-verbindet.net\/tr\/sprachfoerderung-fuer-ihr-kind\/"]}]},{"@type":"ImageObject","inLanguage":"tr","@id":"https:\/\/www.sprache-verbindet.net\/tr\/sprachfoerderung-fuer-ihr-kind\/#primaryimage","url":"https:\/\/www.sprache-verbindet.net\/wp-content\/uploads\/Leadmotiv-Kinder-7.jpg","contentUrl":"https:\/\/www.sprache-verbindet.net\/wp-content\/uploads\/Leadmotiv-Kinder-7.jpg","width":2400,"height":1242,"caption":"Foto: iStock\/svetikd"},{"@type":"BreadcrumbList","@id":"https:\/\/www.sprache-verbindet.net\/tr\/sprachfoerderung-fuer-ihr-kind\/#breadcrumb","itemListElement":[{"@type":"ListItem","position":1,"name":"Startseite","item":"https:\/\/www.sprache-verbindet.net\/tr\/"},{"@type":"ListItem","position":2,"name":"Sprachf\u00f6rderung f\u00fcr Ihr Kind"}]},{"@type":"WebSite","@id":"https:\/\/www.sprache-verbindet.net\/#website","url":"https:\/\/www.sprache-verbindet.net\/","name":"Dil birle\u015ftirir","description":"","publisher":{"@id":"https:\/\/www.sprache-verbindet.net\/#organization"},"potentialAction":[{"@type":"SearchAction","target":{"@type":"EntryPoint","urlTemplate":"https:\/\/www.sprache-verbindet.net\/?s={search_term_string}"},"query-input":{"@type":"PropertyValueSpecification","valueRequired":true,"valueName":"search_term_string"}}],"inLanguage":"tr"},{"@type":"Organization","@id":"https:\/\/www.sprache-verbindet.net\/#organization","name":"Sprache verbindet","url":"https:\/\/www.sprache-verbindet.net\/","logo":{"@type":"ImageObject","inLanguage":"tr","@id":"https:\/\/www.sprache-verbindet.net\/#\/schema\/logo\/image\/","url":"https:\/\/www.sprache-verbindet.net\/wp-content\/uploads\/sprache-verbindet-logo.svg","contentUrl":"https:\/\/www.sprache-verbindet.net\/wp-content\/uploads\/sprache-verbindet-logo.svg","width":1094,"height":297,"caption":"Sprache verbindet"},"image":{"@id":"https:\/\/www.sprache-verbindet.net\/#\/schema\/logo\/image\/"}}]}},"_links":{"self":[{"href":"https:\/\/www.sprache-verbindet.net\/tr\/wp-json\/wp\/v2\/pages\/1797","targetHints":{"allow":["GET"]}}],"collection":[{"href":"https:\/\/www.sprache-verbindet.net\/tr\/wp-json\/wp\/v2\/pages"}],"about":[{"href":"https:\/\/www.sprache-verbindet.net\/tr\/wp-json\/wp\/v2\/types\/page"}],"author":[{"embeddable":true,"href":"https:\/\/www.sprache-verbindet.net\/tr\/wp-json\/wp\/v2\/users\/1"}],"replies":[{"embeddable":true,"href":"https:\/\/www.sprache-verbindet.net\/tr\/wp-json\/wp\/v2\/comments?post=1797"}],"version-history":[{"count":1,"href":"https:\/\/www.sprache-verbindet.net\/tr\/wp-json\/wp\/v2\/pages\/1797\/revisions"}],"predecessor-version":[{"id":1808,"href":"https:\/\/www.sprache-verbindet.net\/tr\/wp-json\/wp\/v2\/pages\/1797\/revisions\/1808"}],"wp:featuredmedia":[{"embeddable":true,"href":"https:\/\/www.sprache-verbindet.net\/tr\/wp-json\/wp\/v2\/media\/322"}],"wp:attachment":[{"href":"https:\/\/www.sprache-verbindet.net\/tr\/wp-json\/wp\/v2\/media?parent=1797"}],"curies":[{"name":"wp","href":"https:\/\/api.w.org\/{rel}","templated":true}]}}